{"id":2560,"date":"2015-01-13T12:34:08","date_gmt":"2015-01-13T11:34:08","guid":{"rendered":"http:\/\/resest.com\/?page_id=2560"},"modified":"2025-05-21T17:27:55","modified_gmt":"2025-05-21T15:27:55","slug":"localisation-hebergement-barcelone","status":"publish","type":"page","link":"https:\/\/resest.com\/fr\/localisation-hebergement-barcelone\/","title":{"rendered":"Localisation"},"content":{"rendered":"<div class=\"wpb-content-wrapper\">[vc_row][vc_column][vc_column_text css=\u00a0\u00bb\u00a0\u00bb]<img loading=\"lazy\" decoding=\"async\" class=\"alignnone size-full wp-image-2561\" src=\"https:\/\/resest.com\/wp-content\/uploads\/2015\/01\/titol_ubicacio_fr.png\" alt=\"titol_ubicacio_fr\" width=\"295\" height=\"35\" \/><\/p>\n<h1><strong>R\u00e9sidences \u00e0 Sabadell \u2013 Emplacement strat\u00e9gique et connexions rapides<\/strong><\/h1>\n<p>Choisir notre <strong>r\u00e9sidence \u00e0 Sabadell<\/strong> vous offre l&rsquo;avantage d&rsquo;un <strong>emplacement imbattable<\/strong> et d&rsquo;une excellente connexion avec l&rsquo; <strong>Universit\u00e9 autonome de Barcelone (UAB)<\/strong> \u00e0 Bellaterra et avec Barcelone. Nous sommes situ\u00e9s <strong>en face de la station Can Feu &#8211; Gr\u00e0cia de FGC<\/strong>, ce qui permet \u00e0 nos r\u00e9sidents de se d\u00e9placer rapidement et efficacement.<\/p>\n<h2><strong>Connexion rapide vers Bellaterra et Barcelone<\/strong><\/h2>\n<ul>\n<li><strong>UAB (Bellaterra) en seulement 6 minutes<\/strong> en train.<\/li>\n<li><strong>Barcelone (Plaza Catalunya) en 40 minutes<\/strong>, sans avoir besoin de transferts.<\/li>\n<\/ul>\n<h2><strong>Vie urbaine \u00e0 Sabadell<\/strong><\/h2>\n<p>Notre r\u00e9sidence est situ\u00e9e dans un quartier calme de <strong>Sabadell<\/strong>, une ville de <strong>210 000 habitants<\/strong> avec tous les services n\u00e9cessaires pour une vie \u00e9tudiante confortable. La proximit\u00e9 du centre vous permet de profiter d&rsquo;un large \u00e9ventail de magasins, de culture et de loisirs, avec les avantages d&rsquo;une grande ville, mais en \u00e9vitant certains de ses inconv\u00e9nients.<\/p>\n<h2><strong>Nombreuses options de transport<\/strong><\/h2>\n<p>Sabadell dispose d&rsquo;une grande vari\u00e9t\u00e9 de moyens de transport qui facilitent la mobilit\u00e9 :<\/p>\n<ul>\n<li><strong>23 lignes de bus urbains (TUS)<\/strong><\/li>\n<li><strong>4 stations FGC et 3 stations Renfe<\/strong><\/li>\n<li><strong>Acc\u00e8s rapide aux autoroutes et aux routes principales<\/strong><\/li>\n<\/ul>\n<h2><strong>Temps de trajet depuis la r\u00e9sidence<\/strong><\/h2>\n<p>Vous trouverez ci-dessous une liste du temps qu&rsquo;il faut pour se rendre de la r\u00e9sidence \u00e9tudiante \u00e0 Bellaterra (UAB), Barcelone et d&rsquo;autres points d&rsquo;int\u00e9r\u00eat en utilisant diff\u00e9rents moyens de transport :[\/vc_column_text][\/vc_column][\/vc_row][vc_row][vc_column width=\u00a0\u00bb2\/3&Prime;]<div class=\"vcex-image-gallery-slider-css-wrap vc_custom_1663155450683\"><div class=\"wpex-slider-preloaderimg \"><img width=\"400\" height=\"354\" src=\"https:\/\/resest.com\/wp-content\/uploads\/2015\/01\/void0-2.jpeg\" class=\"skip-lazy\" alt=\"ubicacio residencia resest\" data-no-lazy=\"1\" srcset=\"https:\/\/resest.com\/wp-content\/uploads\/2015\/01\/void0-2.jpeg 400w, https:\/\/resest.com\/wp-content\/uploads\/2015\/01\/void0-2-300x266.jpeg 300w\" sizes=\"(max-width: 400px) 100vw, 400px\" \/><\/div><div class=\"vcex-module wpex-slider slider-pro no-margin-thumbnails vcex-image-gallery-slider\" data-thumbnails=\"true\" data-thumbnail-height=\"auto\" data-auto-play-delay=\"5000\" data-animation-speed=\"600\" data-height-animation-duration=\"500\"><div class=\"wpex-slider-slides sp-slides\"><div class=\"wpex-slider-slide sp-slide\"><div class=\"wpex-slider-media\"><img width=\"400\" height=\"354\" src=\"https:\/\/resest.com\/wp-content\/uploads\/2015\/01\/void0-2.jpeg\" class=\"skip-lazy\" alt=\"ubicacio residencia resest\" data-no-lazy=\"1\" srcset=\"https:\/\/resest.com\/wp-content\/uploads\/2015\/01\/void0-2.jpeg 400w, https:\/\/resest.com\/wp-content\/uploads\/2015\/01\/void0-2-300x266.jpeg 300w\" sizes=\"(max-width: 400px) 100vw, 400px\" \/><\/div><\/div><div class=\"wpex-slider-slide sp-slide\"><div class=\"wpex-slider-media\"><img width=\"400\" height=\"354\" src=\"https:\/\/resest.com\/wp-content\/uploads\/2015\/01\/void0-3.jpeg\" class=\"skip-lazy\" alt=\"ubicacio residencia resest\" data-no-lazy=\"1\" srcset=\"https:\/\/resest.com\/wp-content\/uploads\/2015\/01\/void0-3.jpeg 400w, https:\/\/resest.com\/wp-content\/uploads\/2015\/01\/void0-3-300x266.jpeg 300w\" sizes=\"(max-width: 400px) 100vw, 400px\" \/><\/div><\/div><div class=\"wpex-slider-slide sp-slide\"><div class=\"wpex-slider-media\"><img width=\"400\" height=\"343\" src=\"https:\/\/resest.com\/wp-content\/uploads\/2015\/01\/ajuntament.jpg\" class=\"skip-lazy\" alt=\"ubicacio residencia resest\" data-no-lazy=\"1\" srcset=\"https:\/\/resest.com\/wp-content\/uploads\/2015\/01\/ajuntament.jpg 400w, https:\/\/resest.com\/wp-content\/uploads\/2015\/01\/ajuntament-300x257.jpg 300w\" sizes=\"(max-width: 400px) 100vw, 400px\" \/><\/div><\/div><div class=\"wpex-slider-slide sp-slide\"><div class=\"wpex-slider-media\"><img width=\"1200\" height=\"675\" src=\"https:\/\/resest.com\/wp-content\/uploads\/2019\/03\/FGC.jpg\" class=\"skip-lazy\" alt=\"sabadell\" data-no-lazy=\"1\" srcset=\"https:\/\/resest.com\/wp-content\/uploads\/2019\/03\/FGC.jpg 1200w, https:\/\/resest.com\/wp-content\/uploads\/2019\/03\/FGC-300x169.jpg 300w, https:\/\/resest.com\/wp-content\/uploads\/2019\/03\/FGC-768x432.jpg 768w, https:\/\/resest.com\/wp-content\/uploads\/2019\/03\/FGC-1024x576.jpg 1024w\" sizes=\"(max-width: 1200px) 100vw, 1200px\" \/><\/div><\/div><div class=\"wpex-slider-slide sp-slide\"><div class=\"wpex-slider-media\"><img width=\"400\" height=\"343\" src=\"https:\/\/resest.com\/wp-content\/uploads\/2015\/01\/rambla.jpg\" class=\"skip-lazy\" alt=\"ubicacio residencia resest\" data-no-lazy=\"1\" srcset=\"https:\/\/resest.com\/wp-content\/uploads\/2015\/01\/rambla.jpg 400w, https:\/\/resest.com\/wp-content\/uploads\/2015\/01\/rambla-300x257.jpg 300w\" sizes=\"(max-width: 400px) 100vw, 400px\" \/><\/div><\/div><div class=\"wpex-slider-slide sp-slide\"><div class=\"wpex-slider-media\"><img width=\"400\" height=\"354\" src=\"https:\/\/resest.com\/wp-content\/uploads\/2015\/01\/void0.jpeg\" class=\"skip-lazy\" alt=\"ubicacio residencia resest\" data-no-lazy=\"1\" srcset=\"https:\/\/resest.com\/wp-content\/uploads\/2015\/01\/void0.jpeg 400w, https:\/\/resest.com\/wp-content\/uploads\/2015\/01\/void0-300x266.jpeg 300w\" sizes=\"(max-width: 400px) 100vw, 400px\" \/><\/div><\/div><div class=\"wpex-slider-slide sp-slide\"><div class=\"wpex-slider-media\"><img width=\"400\" height=\"354\" src=\"https:\/\/resest.com\/wp-content\/uploads\/2015\/01\/void0-1.jpeg\" class=\"skip-lazy\" alt=\"ubicacio residencia resest\" data-no-lazy=\"1\" srcset=\"https:\/\/resest.com\/wp-content\/uploads\/2015\/01\/void0-1.jpeg 400w, https:\/\/resest.com\/wp-content\/uploads\/2015\/01\/void0-1-300x266.jpeg 300w\" sizes=\"(max-width: 400px) 100vw, 400px\" \/><\/div><\/div><\/div><div class=\"wpex-slider-thumbnails sp-nc-thumbnails wpex-grid wpex-grid-cols-5\"><img data-no-lazy=\"1\" class=\"wpex-slider-thumbnail wpex-block wpex-w-100 sp-nc-thumbnail skip-lazy\" src=\"https:\/\/resest.com\/wp-content\/uploads\/2015\/01\/void0-2-100x100.jpeg\" alt=\"ubicacio residencia resest\" srcset=\"https:\/\/resest.com\/wp-content\/uploads\/2015\/01\/void0-2-100x100.jpeg 100w, https:\/\/resest.com\/wp-content\/uploads\/2015\/01\/void0-2-150x150.jpeg 150w\" width=\"100\" height=\"100\"><img data-no-lazy=\"1\" class=\"wpex-slider-thumbnail wpex-block wpex-w-100 sp-nc-thumbnail skip-lazy\" src=\"https:\/\/resest.com\/wp-content\/uploads\/2015\/01\/void0-3-100x100.jpeg\" alt=\"ubicacio residencia resest\" srcset=\"https:\/\/resest.com\/wp-content\/uploads\/2015\/01\/void0-3-100x100.jpeg 100w, https:\/\/resest.com\/wp-content\/uploads\/2015\/01\/void0-3-150x150.jpeg 150w\" width=\"100\" height=\"100\"><img data-no-lazy=\"1\" class=\"wpex-slider-thumbnail wpex-block wpex-w-100 sp-nc-thumbnail skip-lazy\" src=\"https:\/\/resest.com\/wp-content\/uploads\/2015\/01\/ajuntament-100x100.jpg\" alt=\"ubicacio residencia resest\" srcset=\"https:\/\/resest.com\/wp-content\/uploads\/2015\/01\/ajuntament-100x100.jpg 100w, https:\/\/resest.com\/wp-content\/uploads\/2015\/01\/ajuntament-150x150.jpg 150w\" width=\"100\" height=\"100\"><img data-no-lazy=\"1\" class=\"wpex-slider-thumbnail wpex-block wpex-w-100 sp-nc-thumbnail skip-lazy\" src=\"https:\/\/resest.com\/wp-content\/uploads\/2019\/03\/FGC-100x100.jpg\" alt=\"sabadell\" srcset=\"https:\/\/resest.com\/wp-content\/uploads\/2019\/03\/FGC-100x100.jpg 100w, https:\/\/resest.com\/wp-content\/uploads\/2019\/03\/FGC-150x150.jpg 150w\" width=\"100\" height=\"100\"><img data-no-lazy=\"1\" class=\"wpex-slider-thumbnail wpex-block wpex-w-100 sp-nc-thumbnail skip-lazy\" src=\"https:\/\/resest.com\/wp-content\/uploads\/2015\/01\/rambla-100x100.jpg\" alt=\"ubicacio residencia resest\" srcset=\"https:\/\/resest.com\/wp-content\/uploads\/2015\/01\/rambla-100x100.jpg 100w, https:\/\/resest.com\/wp-content\/uploads\/2015\/01\/rambla-150x150.jpg 150w\" width=\"100\" height=\"100\"><img data-no-lazy=\"1\" class=\"wpex-slider-thumbnail wpex-block wpex-w-100 sp-nc-thumbnail skip-lazy\" src=\"https:\/\/resest.com\/wp-content\/uploads\/2015\/01\/void0-100x100.jpeg\" alt=\"ubicacio residencia resest\" srcset=\"https:\/\/resest.com\/wp-content\/uploads\/2015\/01\/void0-100x100.jpeg 100w, https:\/\/resest.com\/wp-content\/uploads\/2015\/01\/void0-150x150.jpeg 150w\" width=\"100\" height=\"100\"><img data-no-lazy=\"1\" class=\"wpex-slider-thumbnail wpex-block wpex-w-100 sp-nc-thumbnail skip-lazy\" src=\"https:\/\/resest.com\/wp-content\/uploads\/2015\/01\/void0-1-100x100.jpeg\" alt=\"ubicacio residencia resest\" srcset=\"https:\/\/resest.com\/wp-content\/uploads\/2015\/01\/void0-1-100x100.jpeg 100w, https:\/\/resest.com\/wp-content\/uploads\/2015\/01\/void0-1-150x150.jpeg 150w\" width=\"100\" height=\"100\"><\/div><\/div><\/div>[vc_gmaps link=\u00a0\u00bb#E-8_JTNDaWZyYW1lJTIwc3JjJTNEJTIyaHR0cHMlM0ElMkYlMkZ3d3cuZ29vZ2xlLmNvbSUyRm1hcHMlMkZlbWJlZCUzRnBiJTNEJTIxMW0xNCUyMTFtOCUyMTFtMyUyMTFkMTE5NDQuNjA2MTU5MjUwOTk2JTIxMmQyLjEwMTUxNSUyMTNkNDEuNTQ0MzE2JTIxM20yJTIxMWkxMDI0JTIxMmk3NjglMjE0ZjEzLjElMjEzbTMlMjExbTIlMjExczB4MCUyNTNBMHgwJTIxMnpOREhDc0RNeUp6TTFMalVpVGlBeXdyQXdOaWN3TlM0d0lrVSUyMTVlMCUyMTNtMiUyMTFzZXMlMjEyc3VzJTIxNHYxNDIyNDU3NTA5OTE0JTIyJTIwd2lkdGglM0QlMjI2MDAlMjIlMjBoZWlnaHQlM0QlMjI2MDAlMjIlMjBmcmFtZWJvcmRlciUzRCUyMjAlMjIlMjBzdHlsZSUzRCUyMmJvcmRlciUzQTAlMjIlM0UlM0MlMkZpZnJhbWUlM0U=\u00a0\u00bb][\/vc_column][vc_column width=\u00a0\u00bb1\/3&Prime;][vc_column_text el_class=\u00a0\u00bbnormal-text\u00a0\u00bb]<strong>\u00c0 pied<\/strong><br \/>\n0&prime; Gare FGC (en croisant la rue)<br \/>\n15\u2019 Gare Renfe Centre[\/vc_column_text][vc_column_text el_class=\u00a0\u00bbnormal-text\u00a0\u00bb]<strong>En voiture<\/strong><br \/>\n7\u2019 Universit\u00e9 Autonome de Barcelone (UAB)<br \/>\n34\u2019 A\u00e9roport Barcelone<br \/>\n50\u2019 A\u00e9roport G\u00e9rone[\/vc_column_text][vc_column_text el_class=\u00a0\u00bbnormal-text\u00a0\u00bb]<strong>En train<\/strong><br \/>\n2\u2019 Centre Sabadell (FGC Sabadell Pla\u00e7a Major)<br \/>\n6\u2019 Universit\u00e9 Autonome de Barcelone (UAB)<br \/>\n6&prime; Correspondance FGC-Renfe (Sabadell Nord)<br \/>\n9&prime; Universit\u00e9 Gimbernat<br \/>\n43\u2019 Place Catalunya de Barcelone (FGC)[\/vc_column_text][vc_column_text el_class=\u00a0\u00bbnormal-text\u00a0\u00bb]<strong>Train + bus<\/strong><br \/>\n18\u2019 (FGC) + 3\u2019 (Ligne 1) ESADE Sant Cugat<br \/>\n43\u2019 (FGC) + 35\u2019 (Aerobus Place Catalunya Barcelone) A\u00e9roport Barcelone[\/vc_column_text][vc_column_text el_class=\u00a0\u00bbnormal-text\u00a0\u00bb]<strong>Bus<\/strong><br \/>\n7\u2019 (TUS Ligne 8) Nouvelle zone commerciale[\/vc_column_text][\/vc_column][\/vc_row][vc_row][vc_column][vc_column_text css=\u00a0\u00bb\u00a0\u00bb]Si vous \u00eates \u00e0 la recherche de <strong>r\u00e9sidences \u00e0 Sabadell<\/strong> bien reli\u00e9es \u00e0 l&rsquo; <strong>UAB (Bellaterra), \u00e0 l&rsquo;ESDI, \u00e0 l&rsquo;Universit\u00e9 Gimbernat ou \u00e0 l&rsquo;\u00e9cole d&rsquo;aviation<\/strong>, <strong>contactez-nous pour organiser une visite<\/strong>. En attendant, vous pouvez faire une <strong>visite virtuelle<\/strong> et d\u00e9couvrir nos installations.[\/vc_column_text][\/vc_column][\/vc_row]\n<\/div>","protected":false},"excerpt":{"rendered":"<p>[vc_row][vc_column][vc_column_text css=\u00a0\u00bb\u00a0\u00bb] R\u00e9sidences \u00e0 Sabadell \u2013 Emplacement strat\u00e9gique et connexions rapides Choisir notre r\u00e9sidence \u00e0 Sabadell vous offre l&rsquo;avantage d&rsquo;un emplacement imbattable et d&rsquo;une excellente connexion avec l&rsquo; Universit\u00e9 autonome de Barcelone (UAB) \u00e0 Bellaterra et avec Barcelone. Nous sommes situ\u00e9s en face de la station Can Feu &#8211; Gr\u00e0cia de FGC, ce qui permet&hellip;<\/p>\n","protected":false},"author":3,"featured_media":0,"parent":0,"menu_order":0,"comment_status":"closed","ping_status":"closed","template":"","meta":{"footnotes":""},"class_list":["post-2560","page","type-page","status-publish","hentry","entry","no-media"],"yoast_head":"<!-- This site is optimized with the Yoast SEO plugin v26.4 - https:\/\/yoast.com\/wordpress\/plugins\/seo\/ -->\n<title>R\u00e9sidences \u00e0 Sabadell | \u00c0 l&#039;UAB et universit\u00e9s | Resest<\/title>\n<meta name=\"description\" content=\"Vous \u00eates \u00e0 la recherche d&#039;une r\u00e9sidence \u00e0 Sabadell ? Emplacement privil\u00e9gi\u00e9, \u00e0 seulement 6 minutes de l&#039;UAB (Bellaterra) et bien reli\u00e9 \u00e0 Barcelone. Pour en savoir plus, rendez-vous sur Resest !\" \/>\n<meta name=\"robots\" content=\"index, follow, max-snippet:-1, max-image-preview:large, max-video-preview:-1\" \/>\n<link rel=\"canonical\" href=\"https:\/\/resest.com\/fr\/localisation-hebergement-barcelone\/\" \/>\n<meta property=\"og:locale\" content=\"fr_FR\" \/>\n<meta property=\"og:type\" content=\"article\" \/>\n<meta property=\"og:title\" content=\"R\u00e9sidences \u00e0 Sabadell | \u00c0 l&#039;UAB et universit\u00e9s | Resest\" \/>\n<meta property=\"og:description\" content=\"Vous \u00eates \u00e0 la recherche d&#039;une r\u00e9sidence \u00e0 Sabadell ? Emplacement privil\u00e9gi\u00e9, \u00e0 seulement 6 minutes de l&#039;UAB (Bellaterra) et bien reli\u00e9 \u00e0 Barcelone. Pour en savoir plus, rendez-vous sur Resest !\" \/>\n<meta property=\"og:url\" content=\"https:\/\/resest.com\/fr\/localisation-hebergement-barcelone\/\" \/>\n<meta property=\"og:site_name\" content=\"Resid\u00e8ncia d&#039;Estudiants l&#039;Estaci\u00f3 de Sabadell | Resest\" \/>\n<meta property=\"article:modified_time\" content=\"2025-05-21T15:27:55+00:00\" \/>\n<meta property=\"og:image\" content=\"https:\/\/resest.com\/wp-content\/uploads\/2015\/01\/titol_ubicacio_fr.png\" \/>\n<meta name=\"twitter:label1\" content=\"Dur\u00e9e de lecture estim\u00e9e\" \/>\n\t<meta name=\"twitter:data1\" content=\"3 minutes\" \/>\n<script type=\"application\/ld+json\" class=\"yoast-schema-graph\">{\"@context\":\"https:\/\/schema.org\",\"@graph\":[{\"@type\":\"WebPage\",\"@id\":\"https:\/\/resest.com\/fr\/localisation-hebergement-barcelone\/\",\"url\":\"https:\/\/resest.com\/fr\/localisation-hebergement-barcelone\/\",\"name\":\"R\u00e9sidences \u00e0 Sabadell | \u00c0 l'UAB et universit\u00e9s | Resest\",\"isPartOf\":{\"@id\":\"https:\/\/resest.com\/fr\/#website\"},\"primaryImageOfPage\":{\"@id\":\"https:\/\/resest.com\/fr\/localisation-hebergement-barcelone\/#primaryimage\"},\"image\":{\"@id\":\"https:\/\/resest.com\/fr\/localisation-hebergement-barcelone\/#primaryimage\"},\"thumbnailUrl\":\"https:\/\/resest.com\/wp-content\/uploads\/2015\/01\/titol_ubicacio_fr.png\",\"datePublished\":\"2015-01-13T11:34:08+00:00\",\"dateModified\":\"2025-05-21T15:27:55+00:00\",\"description\":\"Vous \u00eates \u00e0 la recherche d'une r\u00e9sidence \u00e0 Sabadell ? Emplacement privil\u00e9gi\u00e9, \u00e0 seulement 6 minutes de l'UAB (Bellaterra) et bien reli\u00e9 \u00e0 Barcelone. Pour en savoir plus, rendez-vous sur Resest !\",\"breadcrumb\":{\"@id\":\"https:\/\/resest.com\/fr\/localisation-hebergement-barcelone\/#breadcrumb\"},\"inLanguage\":\"fr-FR\",\"potentialAction\":[{\"@type\":\"ReadAction\",\"target\":[\"https:\/\/resest.com\/fr\/localisation-hebergement-barcelone\/\"]}]},{\"@type\":\"ImageObject\",\"inLanguage\":\"fr-FR\",\"@id\":\"https:\/\/resest.com\/fr\/localisation-hebergement-barcelone\/#primaryimage\",\"url\":\"https:\/\/resest.com\/wp-content\/uploads\/2015\/01\/titol_ubicacio_fr.png\",\"contentUrl\":\"https:\/\/resest.com\/wp-content\/uploads\/2015\/01\/titol_ubicacio_fr.png\"},{\"@type\":\"BreadcrumbList\",\"@id\":\"https:\/\/resest.com\/fr\/localisation-hebergement-barcelone\/#breadcrumb\",\"itemListElement\":[{\"@type\":\"ListItem\",\"position\":1,\"name\":\"Inici\",\"item\":\"https:\/\/resest.com\/fr\/accueil\/\"},{\"@type\":\"ListItem\",\"position\":2,\"name\":\"Localisation\"}]},{\"@type\":\"WebSite\",\"@id\":\"https:\/\/resest.com\/fr\/#website\",\"url\":\"https:\/\/resest.com\/fr\/\",\"name\":\"Resid\u00e8ncia d&#039;Estudiants l&#039;Estaci\u00f3 de Sabadell | Resest\",\"description\":\"Otro sitio realizado con WordPress\",\"publisher\":{\"@id\":\"https:\/\/resest.com\/fr\/#organization\"},\"potentialAction\":[{\"@type\":\"SearchAction\",\"target\":{\"@type\":\"EntryPoint\",\"urlTemplate\":\"https:\/\/resest.com\/fr\/?s={search_term_string}\"},\"query-input\":{\"@type\":\"PropertyValueSpecification\",\"valueRequired\":true,\"valueName\":\"search_term_string\"}}],\"inLanguage\":\"fr-FR\"},{\"@type\":\"Organization\",\"@id\":\"https:\/\/resest.com\/fr\/#organization\",\"name\":\"Resid\u00e8ncia d&#039;Estudiants l&#039;Estaci\u00f3 de Sabadell | Resest\",\"url\":\"https:\/\/resest.com\/fr\/\",\"logo\":{\"@type\":\"ImageObject\",\"inLanguage\":\"fr-FR\",\"@id\":\"https:\/\/resest.com\/fr\/#\/schema\/logo\/image\/\",\"url\":\"https:\/\/resest.com\/wp-content\/uploads\/2024\/03\/Facana-1.jpg\",\"contentUrl\":\"https:\/\/resest.com\/wp-content\/uploads\/2024\/03\/Facana-1.jpg\",\"width\":1200,\"height\":1009,\"caption\":\"Resid\u00e8ncia d&#039;Estudiants l&#039;Estaci\u00f3 de Sabadell | Resest\"},\"image\":{\"@id\":\"https:\/\/resest.com\/fr\/#\/schema\/logo\/image\/\"}}]}<\/script>\n<!-- \/ Yoast SEO plugin. -->","yoast_head_json":{"title":"R\u00e9sidences \u00e0 Sabadell | \u00c0 l'UAB et universit\u00e9s | Resest","description":"Vous \u00eates \u00e0 la recherche d'une r\u00e9sidence \u00e0 Sabadell ? Emplacement privil\u00e9gi\u00e9, \u00e0 seulement 6 minutes de l'UAB (Bellaterra) et bien reli\u00e9 \u00e0 Barcelone. Pour en savoir plus, rendez-vous sur Resest !","robots":{"index":"index","follow":"follow","max-snippet":"max-snippet:-1","max-image-preview":"max-image-preview:large","max-video-preview":"max-video-preview:-1"},"canonical":"https:\/\/resest.com\/fr\/localisation-hebergement-barcelone\/","og_locale":"fr_FR","og_type":"article","og_title":"R\u00e9sidences \u00e0 Sabadell | \u00c0 l'UAB et universit\u00e9s | Resest","og_description":"Vous \u00eates \u00e0 la recherche d'une r\u00e9sidence \u00e0 Sabadell ? Emplacement privil\u00e9gi\u00e9, \u00e0 seulement 6 minutes de l'UAB (Bellaterra) et bien reli\u00e9 \u00e0 Barcelone. Pour en savoir plus, rendez-vous sur Resest !","og_url":"https:\/\/resest.com\/fr\/localisation-hebergement-barcelone\/","og_site_name":"Resid\u00e8ncia d&#039;Estudiants l&#039;Estaci\u00f3 de Sabadell | Resest","article_modified_time":"2025-05-21T15:27:55+00:00","og_image":[{"url":"https:\/\/resest.com\/wp-content\/uploads\/2015\/01\/titol_ubicacio_fr.png","type":"","width":"","height":""}],"twitter_misc":{"Dur\u00e9e de lecture estim\u00e9e":"3 minutes"},"schema":{"@context":"https:\/\/schema.org","@graph":[{"@type":"WebPage","@id":"https:\/\/resest.com\/fr\/localisation-hebergement-barcelone\/","url":"https:\/\/resest.com\/fr\/localisation-hebergement-barcelone\/","name":"R\u00e9sidences \u00e0 Sabadell | \u00c0 l'UAB et universit\u00e9s | Resest","isPartOf":{"@id":"https:\/\/resest.com\/fr\/#website"},"primaryImageOfPage":{"@id":"https:\/\/resest.com\/fr\/localisation-hebergement-barcelone\/#primaryimage"},"image":{"@id":"https:\/\/resest.com\/fr\/localisation-hebergement-barcelone\/#primaryimage"},"thumbnailUrl":"https:\/\/resest.com\/wp-content\/uploads\/2015\/01\/titol_ubicacio_fr.png","datePublished":"2015-01-13T11:34:08+00:00","dateModified":"2025-05-21T15:27:55+00:00","description":"Vous \u00eates \u00e0 la recherche d'une r\u00e9sidence \u00e0 Sabadell ? Emplacement privil\u00e9gi\u00e9, \u00e0 seulement 6 minutes de l'UAB (Bellaterra) et bien reli\u00e9 \u00e0 Barcelone. Pour en savoir plus, rendez-vous sur Resest !","breadcrumb":{"@id":"https:\/\/resest.com\/fr\/localisation-hebergement-barcelone\/#breadcrumb"},"inLanguage":"fr-FR","potentialAction":[{"@type":"ReadAction","target":["https:\/\/resest.com\/fr\/localisation-hebergement-barcelone\/"]}]},{"@type":"ImageObject","inLanguage":"fr-FR","@id":"https:\/\/resest.com\/fr\/localisation-hebergement-barcelone\/#primaryimage","url":"https:\/\/resest.com\/wp-content\/uploads\/2015\/01\/titol_ubicacio_fr.png","contentUrl":"https:\/\/resest.com\/wp-content\/uploads\/2015\/01\/titol_ubicacio_fr.png"},{"@type":"BreadcrumbList","@id":"https:\/\/resest.com\/fr\/localisation-hebergement-barcelone\/#breadcrumb","itemListElement":[{"@type":"ListItem","position":1,"name":"Inici","item":"https:\/\/resest.com\/fr\/accueil\/"},{"@type":"ListItem","position":2,"name":"Localisation"}]},{"@type":"WebSite","@id":"https:\/\/resest.com\/fr\/#website","url":"https:\/\/resest.com\/fr\/","name":"Resid\u00e8ncia d&#039;Estudiants l&#039;Estaci\u00f3 de Sabadell | Resest","description":"Otro sitio realizado con WordPress","publisher":{"@id":"https:\/\/resest.com\/fr\/#organization"},"potentialAction":[{"@type":"SearchAction","target":{"@type":"EntryPoint","urlTemplate":"https:\/\/resest.com\/fr\/?s={search_term_string}"},"query-input":{"@type":"PropertyValueSpecification","valueRequired":true,"valueName":"search_term_string"}}],"inLanguage":"fr-FR"},{"@type":"Organization","@id":"https:\/\/resest.com\/fr\/#organization","name":"Resid\u00e8ncia d&#039;Estudiants l&#039;Estaci\u00f3 de Sabadell | Resest","url":"https:\/\/resest.com\/fr\/","logo":{"@type":"ImageObject","inLanguage":"fr-FR","@id":"https:\/\/resest.com\/fr\/#\/schema\/logo\/image\/","url":"https:\/\/resest.com\/wp-content\/uploads\/2024\/03\/Facana-1.jpg","contentUrl":"https:\/\/resest.com\/wp-content\/uploads\/2024\/03\/Facana-1.jpg","width":1200,"height":1009,"caption":"Resid\u00e8ncia d&#039;Estudiants l&#039;Estaci\u00f3 de Sabadell | Resest"},"image":{"@id":"https:\/\/resest.com\/fr\/#\/schema\/logo\/image\/"}}]}},"_links":{"self":[{"href":"https:\/\/resest.com\/fr\/wp-json\/wp\/v2\/pages\/2560","targetHints":{"allow":["GET"]}}],"collection":[{"href":"https:\/\/resest.com\/fr\/wp-json\/wp\/v2\/pages"}],"about":[{"href":"https:\/\/resest.com\/fr\/wp-json\/wp\/v2\/types\/page"}],"author":[{"embeddable":true,"href":"https:\/\/resest.com\/fr\/wp-json\/wp\/v2\/users\/3"}],"replies":[{"embeddable":true,"href":"https:\/\/resest.com\/fr\/wp-json\/wp\/v2\/comments?post=2560"}],"version-history":[{"count":0,"href":"https:\/\/resest.com\/fr\/wp-json\/wp\/v2\/pages\/2560\/revisions"}],"wp:attachment":[{"href":"https:\/\/resest.com\/fr\/wp-json\/wp\/v2\/media?parent=2560"}],"curies":[{"name":"wp","href":"https:\/\/api.w.org\/{rel}","templated":true}]}}