{"id":2393,"date":"2015-01-15T09:54:18","date_gmt":"2015-01-15T08:54:18","guid":{"rendered":"http:\/\/resest.com\/?page_id=2393"},"modified":"2023-03-16T10:06:10","modified_gmt":"2023-03-16T09:06:10","slug":"solicitud-de-plaza-residencia-de-estudiantes-en-bellaterra-barcelona","status":"publish","type":"page","link":"https:\/\/resest.com\/es\/solicitud-de-plaza-residencia-de-estudiantes-en-bellaterra-barcelona\/","title":{"rendered":"Solicitud de plaza"},"content":{"rendered":"<div class=\"wpb-content-wrapper\">[vc_row][vc_column][vc_column_text]<img loading=\"lazy\" decoding=\"async\" class=\"alignnone size-full wp-image-2394\" src=\"https:\/\/resest.com\/wp-content\/uploads\/2015\/01\/plaza.png\" alt=\"plaza\" width=\"442\" height=\"35\" srcset=\"https:\/\/resest.com\/wp-content\/uploads\/2015\/01\/plaza.png 442w, https:\/\/resest.com\/wp-content\/uploads\/2015\/01\/plaza-300x24.png 300w\" sizes=\"auto, (max-width: 442px) 100vw, 442px\" \/>[\/vc_column_text][\/vc_column][\/vc_row][vc_row][vc_column width=\u00bb2\/3&#8243;][vc_raw_html]JTNDaWZyYW1lJTIwZnJhbWVib3JkZXIlM0QlMjIwJTIyJTIwc3R5bGUlM0QlMjJoZWlnaHQlM0EyMzAwcHglM0J3aWR0aCUzQTk5JTI1JTNCYm9yZGVyJTNBbm9uZSUzQiUyMiUyMHNyYyUzRCUyMmh0dHBzJTNBJTJGJTJGZm9ybXMuem9ob3B1YmxpYy5ldSUyRnJlc2VzdCUyRmZvcm0lMkZTb2xpY2l0dWRkZVBsYXphJTJGZm9ybXBlcm1hJTJGOVpWMmhWUGVScEs4WEs3NDdDTnpkSTVWZDRjY01Eb0Z1UzBMSlIyMDNnayUyMiUzRSUzQyUyRmlmcmFtZSUzRQ==[\/vc_raw_html][\/vc_column][vc_column width=\u00bb1\/3&#8243; el_class=\u00bbsmall-text\u00bb][vc_column_text]Si quer\u00e9is el Reglamento de la Residencia, s\u00f3lo hay que solicitarlo a la Administraci\u00f3n del Centro.[\/vc_column_text][vc_column_text]Para estancias m\u00e1s cortas indicarlo en observaciones.[\/vc_column_text][\/vc_column][\/vc_row][vc_row disable_element=\u00bbyes\u00bb][vc_column width=\u00bb2\/3&#8243;][vc_column_text]<em>Formulario temporalmente no disponible. Por favor cont\u00e1ctenos en\u00a0<a href=\"mailto:info@resest.com\">info@resest.com<\/a><\/em>[\/vc_column_text][\/vc_column][vc_column width=\u00bb1\/3&#8243; el_class=\u00bbsmall-text\u00bb][vc_column_text]Si dese\u00e1is compartir la habitaci\u00f3n con alguien en concreto o ten\u00e9is alguna necesidad, preferencia o duda, indicarlo en observaciones.[\/vc_column_text][vc_column_text]Si quer\u00e9is el Reglamento de la Residencia, s\u00f3lo hay que solicitarlo a la Administraci\u00f3n del Centro.[\/vc_column_text][vc_column_text]Para estancias m\u00e1s cortas indicarlo en observaciones.[\/vc_column_text][\/vc_column][\/vc_row]\n<\/div>","protected":false},"excerpt":{"rendered":"<p>[vc_row][vc_column][vc_column_text][\/vc_column_text][\/vc_column][\/vc_row][vc_row][vc_column width=\u00bb2\/3&#8243;][vc_raw_html]JTNDaWZyYW1lJTIwZnJhbWVib3JkZXIlM0QlMjIwJTIyJTIwc3R5bGUlM0QlMjJoZWlnaHQlM0EyMzAwcHglM0J3aWR0aCUzQTk5JTI1JTNCYm9yZGVyJTNBbm9uZSUzQiUyMiUyMHNyYyUzRCUyMmh0dHBzJTNBJTJGJTJGZm9ybXMuem9ob3B1YmxpYy5ldSUyRnJlc2VzdCUyRmZvcm0lMkZTb2xpY2l0dWRkZVBsYXphJTJGZm9ybXBlcm1hJTJGOVpWMmhWUGVScEs4WEs3NDdDTnpkSTVWZDRjY01Eb0Z1UzBMSlIyMDNnayUyMiUzRSUzQyUyRmlmcmFtZSUzRQ==[\/vc_raw_html][\/vc_column][vc_column width=\u00bb1\/3&#8243; el_class=\u00bbsmall-text\u00bb][vc_column_text]Si quer\u00e9is el Reglamento de la Residencia, s\u00f3lo hay que solicitarlo a la Administraci\u00f3n del Centro.[\/vc_column_text][vc_column_text]Para estancias m\u00e1s cortas indicarlo en observaciones.[\/vc_column_text][\/vc_column][\/vc_row][vc_row disable_element=\u00bbyes\u00bb][vc_column width=\u00bb2\/3&#8243;][vc_column_text]Formulario temporalmente no disponible. Por favor cont\u00e1ctenos en\u00a0info@resest.com[\/vc_column_text][\/vc_column][vc_column width=\u00bb1\/3&#8243; el_class=\u00bbsmall-text\u00bb][vc_column_text]Si dese\u00e1is compartir la habitaci\u00f3n con alguien en concreto o ten\u00e9is alguna necesidad, preferencia o duda, indicarlo en observaciones.[\/vc_column_text][vc_column_text]Si quer\u00e9is&hellip;<\/p>\n","protected":false},"author":3,"featured_media":0,"parent":0,"menu_order":0,"comment_status":"closed","ping_status":"closed","template":"","meta":{"footnotes":""},"class_list":["post-2393","page","type-page","status-publish","hentry","entry","no-media"],"yoast_head":"<!-- This site is optimized with the Yoast SEO plugin v26.4 - https:\/\/yoast.com\/wordpress\/plugins\/seo\/ -->\n<title>Solicita tu plaza en la Residencia de Estudiantes en Bellaterra | RESEST<\/title>\n<meta name=\"description\" content=\"En esta secci\u00f3n de la web de Resest podr\u00e1s solicitar mediante formulario tu plaza en la residencia de estudiantes en Bellaterra, Barcelona y Sabadell.\" \/>\n<meta name=\"robots\" content=\"index, follow, max-snippet:-1, max-image-preview:large, max-video-preview:-1\" \/>\n<link rel=\"canonical\" href=\"https:\/\/resest.com\/es\/solicitud-de-plaza-residencia-de-estudiantes-en-bellaterra-barcelona\/\" \/>\n<meta property=\"og:locale\" content=\"es_ES\" \/>\n<meta property=\"og:type\" content=\"article\" \/>\n<meta property=\"og:title\" content=\"Solicita tu plaza en la Residencia de Estudiantes en Bellaterra | RESEST\" \/>\n<meta property=\"og:description\" content=\"En esta secci\u00f3n de la web de Resest podr\u00e1s solicitar mediante formulario tu plaza en la residencia de estudiantes en Bellaterra, Barcelona y Sabadell.\" \/>\n<meta property=\"og:url\" content=\"https:\/\/resest.com\/es\/solicitud-de-plaza-residencia-de-estudiantes-en-bellaterra-barcelona\/\" \/>\n<meta property=\"og:site_name\" content=\"Resid\u00e8ncia d&#039;Estudiants l&#039;Estaci\u00f3 de Sabadell | Resest\" \/>\n<meta property=\"article:modified_time\" content=\"2023-03-16T09:06:10+00:00\" \/>\n<meta property=\"og:image\" content=\"https:\/\/resest.com\/wp-content\/uploads\/2015\/01\/plaza.png\" \/>\n<meta name=\"twitter:label1\" content=\"Tiempo de lectura\" \/>\n\t<meta name=\"twitter:data1\" content=\"1 minuto\" \/>\n<script type=\"application\/ld+json\" class=\"yoast-schema-graph\">{\"@context\":\"https:\/\/schema.org\",\"@graph\":[{\"@type\":\"WebPage\",\"@id\":\"https:\/\/resest.com\/es\/solicitud-de-plaza-residencia-de-estudiantes-en-bellaterra-barcelona\/\",\"url\":\"https:\/\/resest.com\/es\/solicitud-de-plaza-residencia-de-estudiantes-en-bellaterra-barcelona\/\",\"name\":\"Solicita tu plaza en la Residencia de Estudiantes en Bellaterra | RESEST\",\"isPartOf\":{\"@id\":\"https:\/\/resest.com\/es\/#website\"},\"primaryImageOfPage\":{\"@id\":\"https:\/\/resest.com\/es\/solicitud-de-plaza-residencia-de-estudiantes-en-bellaterra-barcelona\/#primaryimage\"},\"image\":{\"@id\":\"https:\/\/resest.com\/es\/solicitud-de-plaza-residencia-de-estudiantes-en-bellaterra-barcelona\/#primaryimage\"},\"thumbnailUrl\":\"https:\/\/resest.com\/wp-content\/uploads\/2015\/01\/plaza.png\",\"datePublished\":\"2015-01-15T08:54:18+00:00\",\"dateModified\":\"2023-03-16T09:06:10+00:00\",\"description\":\"En esta secci\u00f3n de la web de Resest podr\u00e1s solicitar mediante formulario tu plaza en la residencia de estudiantes en Bellaterra, Barcelona y Sabadell.\",\"breadcrumb\":{\"@id\":\"https:\/\/resest.com\/es\/solicitud-de-plaza-residencia-de-estudiantes-en-bellaterra-barcelona\/#breadcrumb\"},\"inLanguage\":\"es\",\"potentialAction\":[{\"@type\":\"ReadAction\",\"target\":[\"https:\/\/resest.com\/es\/solicitud-de-plaza-residencia-de-estudiantes-en-bellaterra-barcelona\/\"]}]},{\"@type\":\"ImageObject\",\"inLanguage\":\"es\",\"@id\":\"https:\/\/resest.com\/es\/solicitud-de-plaza-residencia-de-estudiantes-en-bellaterra-barcelona\/#primaryimage\",\"url\":\"https:\/\/resest.com\/wp-content\/uploads\/2015\/01\/plaza.png\",\"contentUrl\":\"https:\/\/resest.com\/wp-content\/uploads\/2015\/01\/plaza.png\"},{\"@type\":\"BreadcrumbList\",\"@id\":\"https:\/\/resest.com\/es\/solicitud-de-plaza-residencia-de-estudiantes-en-bellaterra-barcelona\/#breadcrumb\",\"itemListElement\":[{\"@type\":\"ListItem\",\"position\":1,\"name\":\"Inici\",\"item\":\"https:\/\/resest.com\/es\/\"},{\"@type\":\"ListItem\",\"position\":2,\"name\":\"Solicitud de plaza\"}]},{\"@type\":\"WebSite\",\"@id\":\"https:\/\/resest.com\/es\/#website\",\"url\":\"https:\/\/resest.com\/es\/\",\"name\":\"Resid\u00e8ncia d&#039;Estudiants l&#039;Estaci\u00f3 de Sabadell | Resest\",\"description\":\"Otro sitio realizado con WordPress\",\"publisher\":{\"@id\":\"https:\/\/resest.com\/es\/#organization\"},\"potentialAction\":[{\"@type\":\"SearchAction\",\"target\":{\"@type\":\"EntryPoint\",\"urlTemplate\":\"https:\/\/resest.com\/es\/?s={search_term_string}\"},\"query-input\":{\"@type\":\"PropertyValueSpecification\",\"valueRequired\":true,\"valueName\":\"search_term_string\"}}],\"inLanguage\":\"es\"},{\"@type\":\"Organization\",\"@id\":\"https:\/\/resest.com\/es\/#organization\",\"name\":\"Resid\u00e8ncia d&#039;Estudiants l&#039;Estaci\u00f3 de Sabadell | Resest\",\"url\":\"https:\/\/resest.com\/es\/\",\"logo\":{\"@type\":\"ImageObject\",\"inLanguage\":\"es\",\"@id\":\"https:\/\/resest.com\/es\/#\/schema\/logo\/image\/\",\"url\":\"https:\/\/resest.com\/wp-content\/uploads\/2024\/03\/Facana-1.jpg\",\"contentUrl\":\"https:\/\/resest.com\/wp-content\/uploads\/2024\/03\/Facana-1.jpg\",\"width\":1200,\"height\":1009,\"caption\":\"Resid\u00e8ncia d&#039;Estudiants l&#039;Estaci\u00f3 de Sabadell | Resest\"},\"image\":{\"@id\":\"https:\/\/resest.com\/es\/#\/schema\/logo\/image\/\"}}]}<\/script>\n<!-- \/ Yoast SEO plugin. -->","yoast_head_json":{"title":"Solicita tu plaza en la Residencia de Estudiantes en Bellaterra | RESEST","description":"En esta secci\u00f3n de la web de Resest podr\u00e1s solicitar mediante formulario tu plaza en la residencia de estudiantes en Bellaterra, Barcelona y Sabadell.","robots":{"index":"index","follow":"follow","max-snippet":"max-snippet:-1","max-image-preview":"max-image-preview:large","max-video-preview":"max-video-preview:-1"},"canonical":"https:\/\/resest.com\/es\/solicitud-de-plaza-residencia-de-estudiantes-en-bellaterra-barcelona\/","og_locale":"es_ES","og_type":"article","og_title":"Solicita tu plaza en la Residencia de Estudiantes en Bellaterra | RESEST","og_description":"En esta secci\u00f3n de la web de Resest podr\u00e1s solicitar mediante formulario tu plaza en la residencia de estudiantes en Bellaterra, Barcelona y Sabadell.","og_url":"https:\/\/resest.com\/es\/solicitud-de-plaza-residencia-de-estudiantes-en-bellaterra-barcelona\/","og_site_name":"Resid\u00e8ncia d&#039;Estudiants l&#039;Estaci\u00f3 de Sabadell | Resest","article_modified_time":"2023-03-16T09:06:10+00:00","og_image":[{"url":"https:\/\/resest.com\/wp-content\/uploads\/2015\/01\/plaza.png","type":"","width":"","height":""}],"twitter_misc":{"Tiempo de lectura":"1 minuto"},"schema":{"@context":"https:\/\/schema.org","@graph":[{"@type":"WebPage","@id":"https:\/\/resest.com\/es\/solicitud-de-plaza-residencia-de-estudiantes-en-bellaterra-barcelona\/","url":"https:\/\/resest.com\/es\/solicitud-de-plaza-residencia-de-estudiantes-en-bellaterra-barcelona\/","name":"Solicita tu plaza en la Residencia de Estudiantes en Bellaterra | RESEST","isPartOf":{"@id":"https:\/\/resest.com\/es\/#website"},"primaryImageOfPage":{"@id":"https:\/\/resest.com\/es\/solicitud-de-plaza-residencia-de-estudiantes-en-bellaterra-barcelona\/#primaryimage"},"image":{"@id":"https:\/\/resest.com\/es\/solicitud-de-plaza-residencia-de-estudiantes-en-bellaterra-barcelona\/#primaryimage"},"thumbnailUrl":"https:\/\/resest.com\/wp-content\/uploads\/2015\/01\/plaza.png","datePublished":"2015-01-15T08:54:18+00:00","dateModified":"2023-03-16T09:06:10+00:00","description":"En esta secci\u00f3n de la web de Resest podr\u00e1s solicitar mediante formulario tu plaza en la residencia de estudiantes en Bellaterra, Barcelona y Sabadell.","breadcrumb":{"@id":"https:\/\/resest.com\/es\/solicitud-de-plaza-residencia-de-estudiantes-en-bellaterra-barcelona\/#breadcrumb"},"inLanguage":"es","potentialAction":[{"@type":"ReadAction","target":["https:\/\/resest.com\/es\/solicitud-de-plaza-residencia-de-estudiantes-en-bellaterra-barcelona\/"]}]},{"@type":"ImageObject","inLanguage":"es","@id":"https:\/\/resest.com\/es\/solicitud-de-plaza-residencia-de-estudiantes-en-bellaterra-barcelona\/#primaryimage","url":"https:\/\/resest.com\/wp-content\/uploads\/2015\/01\/plaza.png","contentUrl":"https:\/\/resest.com\/wp-content\/uploads\/2015\/01\/plaza.png"},{"@type":"BreadcrumbList","@id":"https:\/\/resest.com\/es\/solicitud-de-plaza-residencia-de-estudiantes-en-bellaterra-barcelona\/#breadcrumb","itemListElement":[{"@type":"ListItem","position":1,"name":"Inici","item":"https:\/\/resest.com\/es\/"},{"@type":"ListItem","position":2,"name":"Solicitud de plaza"}]},{"@type":"WebSite","@id":"https:\/\/resest.com\/es\/#website","url":"https:\/\/resest.com\/es\/","name":"Resid\u00e8ncia d&#039;Estudiants l&#039;Estaci\u00f3 de Sabadell | Resest","description":"Otro sitio realizado con WordPress","publisher":{"@id":"https:\/\/resest.com\/es\/#organization"},"potentialAction":[{"@type":"SearchAction","target":{"@type":"EntryPoint","urlTemplate":"https:\/\/resest.com\/es\/?s={search_term_string}"},"query-input":{"@type":"PropertyValueSpecification","valueRequired":true,"valueName":"search_term_string"}}],"inLanguage":"es"},{"@type":"Organization","@id":"https:\/\/resest.com\/es\/#organization","name":"Resid\u00e8ncia d&#039;Estudiants l&#039;Estaci\u00f3 de Sabadell | Resest","url":"https:\/\/resest.com\/es\/","logo":{"@type":"ImageObject","inLanguage":"es","@id":"https:\/\/resest.com\/es\/#\/schema\/logo\/image\/","url":"https:\/\/resest.com\/wp-content\/uploads\/2024\/03\/Facana-1.jpg","contentUrl":"https:\/\/resest.com\/wp-content\/uploads\/2024\/03\/Facana-1.jpg","width":1200,"height":1009,"caption":"Resid\u00e8ncia d&#039;Estudiants l&#039;Estaci\u00f3 de Sabadell | Resest"},"image":{"@id":"https:\/\/resest.com\/es\/#\/schema\/logo\/image\/"}}]}},"_links":{"self":[{"href":"https:\/\/resest.com\/es\/wp-json\/wp\/v2\/pages\/2393","targetHints":{"allow":["GET"]}}],"collection":[{"href":"https:\/\/resest.com\/es\/wp-json\/wp\/v2\/pages"}],"about":[{"href":"https:\/\/resest.com\/es\/wp-json\/wp\/v2\/types\/page"}],"author":[{"embeddable":true,"href":"https:\/\/resest.com\/es\/wp-json\/wp\/v2\/users\/3"}],"replies":[{"embeddable":true,"href":"https:\/\/resest.com\/es\/wp-json\/wp\/v2\/comments?post=2393"}],"version-history":[{"count":1,"href":"https:\/\/resest.com\/es\/wp-json\/wp\/v2\/pages\/2393\/revisions"}],"predecessor-version":[{"id":12338,"href":"https:\/\/resest.com\/es\/wp-json\/wp\/v2\/pages\/2393\/revisions\/12338"}],"wp:attachment":[{"href":"https:\/\/resest.com\/es\/wp-json\/wp\/v2\/media?parent=2393"}],"curies":[{"name":"wp","href":"https:\/\/api.w.org\/{rel}","templated":true}]}}