{"id":2380,"date":"2015-01-13T12:35:02","date_gmt":"2015-01-13T11:35:02","guid":{"rendered":"http:\/\/resest.com\/?page_id=2380"},"modified":"2026-03-19T12:42:31","modified_gmt":"2026-03-19T11:42:31","slug":"tarifas-residencia-para-estudiantes-en-barcelona-bellaterra","status":"publish","type":"page","link":"https:\/\/resest.com\/es\/tarifas-residencia-para-estudiantes-en-barcelona-bellaterra\/","title":{"rendered":"Residencias en Sabadell \u2013 Precios y Tarifas"},"content":{"rendered":"<div class=\"wpb-content-wrapper\">[vc_row][vc_column]<style>.vcex-heading.vcex_69f0c2b058c7e{font-size:36px;text-transform:uppercase;}<\/style><h1 class=\"vcex-heading vcex-heading-plain vcex-module wpex-heading wpex-text-2xl wpex-mb-25 vcex_69f0c2b058c7e\"><span class=\"vcex-heading-inner wpex-inline-block\">Residencias en Sabadell \u2013 Precios y Tarifas<\/span><\/h1>[vc_column_text el_class=\u00bbbig-text\u00bb][\/vc_column_text][\/vc_column][\/vc_row][vc_row][vc_column width=\u00bb2\/3&#8243;][vc_column_text css=\u00bb\u00bb]<strong>\u00a0<\/strong>Si buscas <strong>residencias en Sabadell con precios accesibles<\/strong> y servicios de calidad, nuestra residencia universitaria ofrece opciones flexibles para adaptarse a tus necesidades.<\/p>\n<h2><strong>Tarifas de la Residencia Universitaria<\/strong><\/h2>\n<h3>Habitaci\u00f3n doble compartida+ \u00bd Pensi\u00f3n (5 d\u00edas):<\/h3>\n<ul>\n<li>910\u20ac persona\/ mes<\/li>\n<li>1001\u20ac IVA 10% incluido<\/li>\n<li>Incluye:\n<ul>\n<li>Cena de <strong>domingo a jueves <\/strong>(5 d\u00edas).<\/li>\n<li>Desayuno de <strong>lunes a viernes <\/strong>(5 d\u00edas).<\/li>\n<\/ul>\n<\/li>\n<\/ul>\n<h3>Habitaci\u00f3n doble compartida+ \u00bd Pensi\u00f3n (6 d\u00edas):<\/h3>\n<ul>\n<li>940\u20ac persona\/ mes<\/li>\n<li>1034\u20ac IVA 10% incluido<\/li>\n<li>Incluye:<\/li>\n<\/ul>\n<ul>\n<li style=\"list-style-type: none;\">\n<ul>\n<li>Cena de <strong>domingo a viernes <\/strong>(6 d\u00edas).<\/li>\n<li>Desayuno los <strong>7 d\u00edas de la semana.<\/strong><\/li>\n<\/ul>\n<\/li>\n<\/ul>\n<p id=\"tw-target-text\" class=\"tw-data-text tw-text-large tw-ta\" dir=\"ltr\" tabindex=\"-1\" role=\"text\" data-placeholder=\"Traducci\u00f3\" data-ved=\"2ahUKEwj_oPfN8KuTAxUPU6QEHTvFBGEQ3ewLegQIBRAW\" aria-label=\"Text tradu\u00eft: Oferta de Reserva Anticipada: 50\u20ac de descuento al mes por reservas hechas antes del 30 de Abril y por estancias de 10 meses en habitaci\u00f3n compartida!\"><strong><span class=\"Y2IQFc\" lang=\"es\" style=\"color: #ff0000;\">Oferta de Reserva Anticipada: 50\u20ac de descuento al mes en reservas realizadas antes del 30 de Abril y por estancias de 10 meses en habitaci\u00f3n compartida!<\/span><\/strong><\/p>\n<h3>Habitaci\u00f3n doble para uso individual<\/h3>\n<ul>\n<li><a href=\"https:\/\/resest.com\/es\/contactar-alojamiento-estudiantil-bellaterra-uab\/\">Consultar <\/a>disponibilidad y precios<\/li>\n<\/ul>\n<p><strong>Opciones de men\u00fa:<\/strong> Se puede solicitar <strong>men\u00fa vegetariano<\/strong> o dietas especiales por prescripci\u00f3n m\u00e9dica. Tambi\u00e9n estudiamos otras combinaciones seg\u00fan las necesidades del residente.<\/p>\n<h3><strong>Otros costos<\/strong><\/h3>\n<ul>\n<li><strong>Matr\u00edcula:<\/strong> 363 \u20ac (IVA 10% incluido)<\/li>\n<li><strong>Fianza:<\/strong> 1.500 \u20ac<\/li>\n<\/ul>\n[\/vc_column_text][vc_button title=\u00bbSolicita plaza\u00bb color=\u00bbbtn-inverse\u00bb size=\u00bbbtn-large\u00bb href=\u00bbhttps:\/\/resest.com\/es\/solicitud-de-plaza-residencia-de-estudiantes-en-bellaterra-barcelona\/\u00bb][vc_empty_space height=\u00bb25px\u00bb][vc_column_text css=\u00bb\u00bb]\n<h3><strong>Proceso de reserva de plaza:<\/strong><\/h3>\n<ol>\n<li><strong>Rellenar el <\/strong><a href=\"https:\/\/resest.com\/es\/solicitud-de-plaza-residencia-de-estudiantes-en-bellaterra-barcelona\/\"><strong>formulario de solicitud<\/strong><\/a> y adjuntar <strong>DNI o pasaporte<\/strong>.<\/li>\n<li>Recibir\u00e1s una <strong>Oferta de Reserva de Plaza<\/strong> y las <strong>Normas de R\u00e9gimen Interno.<\/strong><\/li>\n<li>Dispondr\u00e1s de un plazo para realizar el <strong>pago por transferencia bancaria<\/strong>.<\/li>\n<\/ol>\n<p>Si buscas <strong>residencias en Sabadell con precios competitivos<\/strong> y un ambiente ideal para estudiar, <strong>solicita tu plaza ahora<\/strong>.<\/p>\n<ol>\n<li style=\"list-style-type: none;\"><\/li>\n<\/ol>\n[\/vc_column_text][\/vc_column][vc_column width=\u00bb1\/3&#8243; el_class=\u00bbnormal-text\u00bb][vc_column_text]Para estancias m\u00e1s cortas en la residencia, solicitar <a title=\"Contactar\" href=\"https:\/\/resest.com\/es\/contactar-alojamiento-estudiantil-bellaterra-uab\/\"><strong>informaci\u00f3n y tarifa<\/strong><\/a>[\/vc_column_text][vc_column_text css=\u00bb\u00bb]Para solicitar plaza curso 2026\/2027, rellena <a title=\"Solicitud de plaza\" href=\"https:\/\/resest.com\/es\/solicitud-de-plaza-residencia-de-estudiantes-en-bellaterra-barcelona\/\"><strong>este formulario<\/strong><\/a>[\/vc_column_text][vc_column_text]Recuerda que este precio incluye los siguientes <a title=\"Servicios\" href=\"https:\/\/resest.com\/es\/servicios-residencia-estudiantil-en-barcelona-bellaterra\/\"><strong>servicios<\/strong><\/a>[\/vc_column_text][\/vc_column][\/vc_row]\n<\/div>","protected":false},"excerpt":{"rendered":"<p>[vc_row][vc_column][vc_column_text el_class=\u00bbbig-text\u00bb][\/vc_column_text][\/vc_column][\/vc_row][vc_row][vc_column width=\u00bb2\/3&#8243;][vc_column_text css=\u00bb\u00bb]\u00a0Si buscas residencias en Sabadell con precios accesibles y servicios de calidad, nuestra residencia universitaria ofrece opciones flexibles para adaptarse a tus necesidades. Tarifas de la Residencia Universitaria Habitaci\u00f3n doble compartida+ \u00bd Pensi\u00f3n (5 d\u00edas): 910\u20ac persona\/ mes 1001\u20ac IVA 10% incluido Incluye: Cena de domingo a jueves (5 d\u00edas). Desayuno de&hellip;<\/p>\n","protected":false},"author":3,"featured_media":0,"parent":0,"menu_order":0,"comment_status":"closed","ping_status":"closed","template":"","meta":{"footnotes":""},"class_list":["post-2380","page","type-page","status-publish","hentry","entry","no-media"],"yoast_head":"<!-- This site is optimized with the Yoast SEO plugin v26.4 - https:\/\/yoast.com\/wordpress\/plugins\/seo\/ -->\n<title>Residencias en Sabadell \u2013 Precios y Tarifas: Estudiantes | Resest<\/title>\n<meta name=\"description\" content=\"Consulta los precios de Resest, una de las mejores residencias en Sabadell. Opciones de alojamiento cerca de la UAB y Barcelona. \u00a1Inf\u00f3rmate aqu\u00ed!\" \/>\n<meta name=\"robots\" content=\"index, follow, max-snippet:-1, max-image-preview:large, max-video-preview:-1\" \/>\n<link rel=\"canonical\" href=\"https:\/\/resest.com\/es\/tarifas-residencia-para-estudiantes-en-barcelona-bellaterra\/\" \/>\n<meta property=\"og:locale\" content=\"es_ES\" \/>\n<meta property=\"og:type\" content=\"article\" \/>\n<meta property=\"og:title\" content=\"Residencias en Sabadell \u2013 Precios y Tarifas: Estudiantes | Resest\" \/>\n<meta property=\"og:description\" content=\"Consulta los precios de Resest, una de las mejores residencias en Sabadell. Opciones de alojamiento cerca de la UAB y Barcelona. \u00a1Inf\u00f3rmate aqu\u00ed!\" \/>\n<meta property=\"og:url\" content=\"https:\/\/resest.com\/es\/tarifas-residencia-para-estudiantes-en-barcelona-bellaterra\/\" \/>\n<meta property=\"og:site_name\" content=\"Resid\u00e8ncia d&#039;Estudiants l&#039;Estaci\u00f3 de Sabadell | Resest\" \/>\n<meta property=\"article:modified_time\" content=\"2026-03-19T11:42:31+00:00\" \/>\n<meta name=\"twitter:label1\" content=\"Tiempo de lectura\" \/>\n\t<meta name=\"twitter:data1\" content=\"2 minutos\" \/>\n<script type=\"application\/ld+json\" class=\"yoast-schema-graph\">{\"@context\":\"https:\/\/schema.org\",\"@graph\":[{\"@type\":\"WebPage\",\"@id\":\"https:\/\/resest.com\/es\/tarifas-residencia-para-estudiantes-en-barcelona-bellaterra\/\",\"url\":\"https:\/\/resest.com\/es\/tarifas-residencia-para-estudiantes-en-barcelona-bellaterra\/\",\"name\":\"Residencias en Sabadell \u2013 Precios y Tarifas: Estudiantes | Resest\",\"isPartOf\":{\"@id\":\"https:\/\/resest.com\/es\/#website\"},\"datePublished\":\"2015-01-13T11:35:02+00:00\",\"dateModified\":\"2026-03-19T11:42:31+00:00\",\"description\":\"Consulta los precios de Resest, una de las mejores residencias en Sabadell. Opciones de alojamiento cerca de la UAB y Barcelona. \u00a1Inf\u00f3rmate aqu\u00ed!\",\"breadcrumb\":{\"@id\":\"https:\/\/resest.com\/es\/tarifas-residencia-para-estudiantes-en-barcelona-bellaterra\/#breadcrumb\"},\"inLanguage\":\"es\",\"potentialAction\":[{\"@type\":\"ReadAction\",\"target\":[\"https:\/\/resest.com\/es\/tarifas-residencia-para-estudiantes-en-barcelona-bellaterra\/\"]}]},{\"@type\":\"BreadcrumbList\",\"@id\":\"https:\/\/resest.com\/es\/tarifas-residencia-para-estudiantes-en-barcelona-bellaterra\/#breadcrumb\",\"itemListElement\":[{\"@type\":\"ListItem\",\"position\":1,\"name\":\"Inici\",\"item\":\"https:\/\/resest.com\/es\/\"},{\"@type\":\"ListItem\",\"position\":2,\"name\":\"Precio de la Residencia Universitaria\"}]},{\"@type\":\"WebSite\",\"@id\":\"https:\/\/resest.com\/es\/#website\",\"url\":\"https:\/\/resest.com\/es\/\",\"name\":\"Resid\u00e8ncia d&#039;Estudiants l&#039;Estaci\u00f3 de Sabadell | Resest\",\"description\":\"Otro sitio realizado con WordPress\",\"publisher\":{\"@id\":\"https:\/\/resest.com\/es\/#organization\"},\"potentialAction\":[{\"@type\":\"SearchAction\",\"target\":{\"@type\":\"EntryPoint\",\"urlTemplate\":\"https:\/\/resest.com\/es\/?s={search_term_string}\"},\"query-input\":{\"@type\":\"PropertyValueSpecification\",\"valueRequired\":true,\"valueName\":\"search_term_string\"}}],\"inLanguage\":\"es\"},{\"@type\":\"Organization\",\"@id\":\"https:\/\/resest.com\/es\/#organization\",\"name\":\"Resid\u00e8ncia d&#039;Estudiants l&#039;Estaci\u00f3 de Sabadell | Resest\",\"url\":\"https:\/\/resest.com\/es\/\",\"logo\":{\"@type\":\"ImageObject\",\"inLanguage\":\"es\",\"@id\":\"https:\/\/resest.com\/es\/#\/schema\/logo\/image\/\",\"url\":\"https:\/\/resest.com\/wp-content\/uploads\/2024\/03\/Facana-1.jpg\",\"contentUrl\":\"https:\/\/resest.com\/wp-content\/uploads\/2024\/03\/Facana-1.jpg\",\"width\":1200,\"height\":1009,\"caption\":\"Resid\u00e8ncia d&#039;Estudiants l&#039;Estaci\u00f3 de Sabadell | Resest\"},\"image\":{\"@id\":\"https:\/\/resest.com\/es\/#\/schema\/logo\/image\/\"}}]}<\/script>\n<!-- \/ Yoast SEO plugin. -->","yoast_head_json":{"title":"Residencias en Sabadell \u2013 Precios y Tarifas: Estudiantes | Resest","description":"Consulta los precios de Resest, una de las mejores residencias en Sabadell. Opciones de alojamiento cerca de la UAB y Barcelona. \u00a1Inf\u00f3rmate aqu\u00ed!","robots":{"index":"index","follow":"follow","max-snippet":"max-snippet:-1","max-image-preview":"max-image-preview:large","max-video-preview":"max-video-preview:-1"},"canonical":"https:\/\/resest.com\/es\/tarifas-residencia-para-estudiantes-en-barcelona-bellaterra\/","og_locale":"es_ES","og_type":"article","og_title":"Residencias en Sabadell \u2013 Precios y Tarifas: Estudiantes | Resest","og_description":"Consulta los precios de Resest, una de las mejores residencias en Sabadell. Opciones de alojamiento cerca de la UAB y Barcelona. \u00a1Inf\u00f3rmate aqu\u00ed!","og_url":"https:\/\/resest.com\/es\/tarifas-residencia-para-estudiantes-en-barcelona-bellaterra\/","og_site_name":"Resid\u00e8ncia d&#039;Estudiants l&#039;Estaci\u00f3 de Sabadell | Resest","article_modified_time":"2026-03-19T11:42:31+00:00","twitter_misc":{"Tiempo de lectura":"2 minutos"},"schema":{"@context":"https:\/\/schema.org","@graph":[{"@type":"WebPage","@id":"https:\/\/resest.com\/es\/tarifas-residencia-para-estudiantes-en-barcelona-bellaterra\/","url":"https:\/\/resest.com\/es\/tarifas-residencia-para-estudiantes-en-barcelona-bellaterra\/","name":"Residencias en Sabadell \u2013 Precios y Tarifas: Estudiantes | Resest","isPartOf":{"@id":"https:\/\/resest.com\/es\/#website"},"datePublished":"2015-01-13T11:35:02+00:00","dateModified":"2026-03-19T11:42:31+00:00","description":"Consulta los precios de Resest, una de las mejores residencias en Sabadell. Opciones de alojamiento cerca de la UAB y Barcelona. \u00a1Inf\u00f3rmate aqu\u00ed!","breadcrumb":{"@id":"https:\/\/resest.com\/es\/tarifas-residencia-para-estudiantes-en-barcelona-bellaterra\/#breadcrumb"},"inLanguage":"es","potentialAction":[{"@type":"ReadAction","target":["https:\/\/resest.com\/es\/tarifas-residencia-para-estudiantes-en-barcelona-bellaterra\/"]}]},{"@type":"BreadcrumbList","@id":"https:\/\/resest.com\/es\/tarifas-residencia-para-estudiantes-en-barcelona-bellaterra\/#breadcrumb","itemListElement":[{"@type":"ListItem","position":1,"name":"Inici","item":"https:\/\/resest.com\/es\/"},{"@type":"ListItem","position":2,"name":"Precio de la Residencia Universitaria"}]},{"@type":"WebSite","@id":"https:\/\/resest.com\/es\/#website","url":"https:\/\/resest.com\/es\/","name":"Resid\u00e8ncia d&#039;Estudiants l&#039;Estaci\u00f3 de Sabadell | Resest","description":"Otro sitio realizado con WordPress","publisher":{"@id":"https:\/\/resest.com\/es\/#organization"},"potentialAction":[{"@type":"SearchAction","target":{"@type":"EntryPoint","urlTemplate":"https:\/\/resest.com\/es\/?s={search_term_string}"},"query-input":{"@type":"PropertyValueSpecification","valueRequired":true,"valueName":"search_term_string"}}],"inLanguage":"es"},{"@type":"Organization","@id":"https:\/\/resest.com\/es\/#organization","name":"Resid\u00e8ncia d&#039;Estudiants l&#039;Estaci\u00f3 de Sabadell | Resest","url":"https:\/\/resest.com\/es\/","logo":{"@type":"ImageObject","inLanguage":"es","@id":"https:\/\/resest.com\/es\/#\/schema\/logo\/image\/","url":"https:\/\/resest.com\/wp-content\/uploads\/2024\/03\/Facana-1.jpg","contentUrl":"https:\/\/resest.com\/wp-content\/uploads\/2024\/03\/Facana-1.jpg","width":1200,"height":1009,"caption":"Resid\u00e8ncia d&#039;Estudiants l&#039;Estaci\u00f3 de Sabadell | Resest"},"image":{"@id":"https:\/\/resest.com\/es\/#\/schema\/logo\/image\/"}}]}},"_links":{"self":[{"href":"https:\/\/resest.com\/es\/wp-json\/wp\/v2\/pages\/2380","targetHints":{"allow":["GET"]}}],"collection":[{"href":"https:\/\/resest.com\/es\/wp-json\/wp\/v2\/pages"}],"about":[{"href":"https:\/\/resest.com\/es\/wp-json\/wp\/v2\/types\/page"}],"author":[{"embeddable":true,"href":"https:\/\/resest.com\/es\/wp-json\/wp\/v2\/users\/3"}],"replies":[{"embeddable":true,"href":"https:\/\/resest.com\/es\/wp-json\/wp\/v2\/comments?post=2380"}],"version-history":[{"count":3,"href":"https:\/\/resest.com\/es\/wp-json\/wp\/v2\/pages\/2380\/revisions"}],"predecessor-version":[{"id":12392,"href":"https:\/\/resest.com\/es\/wp-json\/wp\/v2\/pages\/2380\/revisions\/12392"}],"wp:attachment":[{"href":"https:\/\/resest.com\/es\/wp-json\/wp\/v2\/media?parent=2380"}],"curies":[{"name":"wp","href":"https:\/\/api.w.org\/{rel}","templated":true}]}}