{"id":2373,"date":"2015-01-13T12:34:08","date_gmt":"2015-01-13T11:34:08","guid":{"rendered":"http:\/\/resest.com\/?page_id=2373"},"modified":"2025-05-21T14:01:14","modified_gmt":"2025-05-21T12:01:14","slug":"ubicacion-residencia-estudiantil-en-sabadell-bellaterra","status":"publish","type":"page","link":"https:\/\/resest.com\/es\/ubicacion-residencia-estudiantil-en-sabadell-bellaterra\/","title":{"rendered":"Residencias en Sabadell \u2013 Ubicaci\u00f3n Estrat\u00e9gica y Conexiones R\u00e1pidas"},"content":{"rendered":"<div class=\"wpb-content-wrapper\">[vc_row][vc_column]<style>.vcex-heading.vcex_69f0c2b0d7340{font-size:36px;text-transform:uppercase;}<\/style><h1 class=\"vcex-heading vcex-heading-plain vcex-module wpex-heading wpex-text-2xl wpex-mb-25 vcex_69f0c2b0d7340\"><span class=\"vcex-heading-inner wpex-inline-block\">Residencias en Sabadell \u2013 Ubicaci\u00f3n Estrat\u00e9gica y Conexiones R\u00e1pidas<\/span><\/h1>[vc_column_text css=\u00bb\u00bb]Elegir nuestra <strong>residencia en Sabadell<\/strong> te ofrece la ventaja de una <strong>ubicaci\u00f3n inmejorable<\/strong> y una excelente conexi\u00f3n con la <strong>Universidad Aut\u00f3noma de Barcelona (UAB)<\/strong> en Bellaterra y con Barcelona. Nos encontramos <strong>frente a la estaci\u00f3n Can Feu &#8211; Gr\u00e0cia de FGC<\/strong>, lo que permite a nuestros residentes desplazarse de manera r\u00e1pida y eficiente.<\/p>\n<h2><span data-ccp-props=\"{&quot;134233117&quot;:true,&quot;134233118&quot;:true,&quot;201341983&quot;:0,&quot;335559739&quot;:160,&quot;335559740&quot;:240}\"><strong>Conexi\u00f3n r\u00e1pida a Bellaterra y Barcelona\u00a0<\/strong> <\/span><\/h2>\n<ul>\n<li><strong>UAB (Bellaterra) en solo 6 minutos<\/strong> en tren.<\/li>\n<li><strong>Barcelona (Plaza Catalunya) en 40 minutos<\/strong>, sin necesidad de transbordos.<\/li>\n<\/ul>\n<h2><b><span data-contrast=\"none\">Vida urbana en Sabadell<\/span><\/b><span data-ccp-props=\"{&quot;201341983&quot;:0,&quot;335559739&quot;:0,&quot;335559740&quot;:240}\">\u00a0<\/span><\/h2>\n<p>Nuestra residencia se sit\u00faa en una zona tranquila de <strong>Sabadell<\/strong>, una ciudad de <strong>210,000 habitantes<\/strong> con todos los servicios necesarios para una vida estudiantil c\u00f3moda. Estar cerca del centro te permite disfrutar de una amplia oferta comercial, cultural y de ocio, con las ventajas de una gran ciudad, pero evitando algunos de sus inconvenientes.<\/p>\n<h2><b><span data-contrast=\"none\">Amplias opciones de transporte y servicios<\/span><\/b><span data-ccp-props=\"{&quot;201341983&quot;:0,&quot;335559739&quot;:0,&quot;335559740&quot;:240}\">\u00a0<\/span><\/h2>\n<p>Sabadell cuenta con una gran variedad de medios de transporte que facilitan la movilidad:<\/p>\n<ul>\n<li><strong>23 l\u00edneas de autob\u00fas urbano (TUS)<\/strong><\/li>\n<li><strong>4 estaciones de FGC y 3 de Renfe<\/strong><\/li>\n<li><strong>Acceso r\u00e1pido a autopistas y carreteras principales<\/strong><\/li>\n<\/ul>\n<h2><span class=\"TextRun Highlight MacChromeBold SCXW111693334 BCX0\" lang=\"ES-ES\" xml:lang=\"ES-ES\" data-contrast=\"none\"><span class=\"NormalTextRun SCXW111693334 BCX0\">Tiempos de trayecto a puntos de inter<\/span><span class=\"NormalTextRun SCXW111693334 BCX0\">\u00e9<\/span><span class=\"NormalTextRun SCXW111693334 BCX0\">s<\/span><\/span><span class=\"EOP SCXW111693334 BCX0\" data-ccp-props=\"{&quot;201341983&quot;:0,&quot;335559739&quot;:0,&quot;335559740&quot;:240}\">\u00a0<\/span><\/h2>\n<p>A continuaci\u00f3n, encontrar\u00e1s un listado del tiempo que se tarda en llegar de la residencia de estudiantes a Bellaterra (UAB), a Barcelona y a otros puntos de inter\u00e9s utilizando diferentes medios de transportes:[\/vc_column_text][\/vc_column][\/vc_row][vc_row][vc_column width=\u00bb2\/3&#8243;]<div class=\"vcex-image-gallery-slider-css-wrap vc_custom_1663155314940\"><div class=\"wpex-slider-preloaderimg \"><img width=\"400\" height=\"354\" src=\"https:\/\/resest.com\/wp-content\/uploads\/2015\/01\/void0-2.jpeg\" class=\"skip-lazy\" alt=\"\" data-no-lazy=\"1\" srcset=\"https:\/\/resest.com\/wp-content\/uploads\/2015\/01\/void0-2.jpeg 400w, https:\/\/resest.com\/wp-content\/uploads\/2015\/01\/void0-2-300x266.jpeg 300w\" sizes=\"(max-width: 400px) 100vw, 400px\" \/><\/div><div class=\"vcex-module wpex-slider slider-pro no-margin-thumbnails vcex-image-gallery-slider\" data-thumbnails=\"true\" data-thumbnail-height=\"auto\" data-auto-play-delay=\"5000\" data-animation-speed=\"600\" data-height-animation-duration=\"500\"><div class=\"wpex-slider-slides sp-slides\"><div class=\"wpex-slider-slide sp-slide\"><div class=\"wpex-slider-media\"><img width=\"400\" height=\"354\" src=\"https:\/\/resest.com\/wp-content\/uploads\/2015\/01\/void0-2.jpeg\" class=\"skip-lazy\" alt=\"\" data-no-lazy=\"1\" srcset=\"https:\/\/resest.com\/wp-content\/uploads\/2015\/01\/void0-2.jpeg 400w, https:\/\/resest.com\/wp-content\/uploads\/2015\/01\/void0-2-300x266.jpeg 300w\" sizes=\"(max-width: 400px) 100vw, 400px\" \/><\/div><\/div><div class=\"wpex-slider-slide sp-slide\"><div class=\"wpex-slider-media\"><img width=\"400\" height=\"354\" src=\"https:\/\/resest.com\/wp-content\/uploads\/2015\/01\/void0-3.jpeg\" class=\"skip-lazy\" alt=\"\" data-no-lazy=\"1\" srcset=\"https:\/\/resest.com\/wp-content\/uploads\/2015\/01\/void0-3.jpeg 400w, https:\/\/resest.com\/wp-content\/uploads\/2015\/01\/void0-3-300x266.jpeg 300w\" sizes=\"(max-width: 400px) 100vw, 400px\" \/><\/div><\/div><div class=\"wpex-slider-slide sp-slide\"><div class=\"wpex-slider-media\"><img width=\"400\" height=\"343\" src=\"https:\/\/resest.com\/wp-content\/uploads\/2015\/01\/ajuntament.jpg\" class=\"skip-lazy\" alt=\"\" data-no-lazy=\"1\" srcset=\"https:\/\/resest.com\/wp-content\/uploads\/2015\/01\/ajuntament.jpg 400w, https:\/\/resest.com\/wp-content\/uploads\/2015\/01\/ajuntament-300x257.jpg 300w\" sizes=\"(max-width: 400px) 100vw, 400px\" \/><\/div><\/div><div class=\"wpex-slider-slide sp-slide\"><div class=\"wpex-slider-media\"><img width=\"1200\" height=\"675\" src=\"https:\/\/resest.com\/wp-content\/uploads\/2019\/03\/FGC.jpg\" class=\"skip-lazy\" alt=\"\" data-no-lazy=\"1\" srcset=\"https:\/\/resest.com\/wp-content\/uploads\/2019\/03\/FGC.jpg 1200w, https:\/\/resest.com\/wp-content\/uploads\/2019\/03\/FGC-300x169.jpg 300w, https:\/\/resest.com\/wp-content\/uploads\/2019\/03\/FGC-768x432.jpg 768w, https:\/\/resest.com\/wp-content\/uploads\/2019\/03\/FGC-1024x576.jpg 1024w\" sizes=\"(max-width: 1200px) 100vw, 1200px\" \/><\/div><\/div><div class=\"wpex-slider-slide sp-slide\"><div class=\"wpex-slider-media\"><img width=\"400\" height=\"343\" src=\"https:\/\/resest.com\/wp-content\/uploads\/2015\/01\/rambla.jpg\" class=\"skip-lazy\" alt=\"\" data-no-lazy=\"1\" srcset=\"https:\/\/resest.com\/wp-content\/uploads\/2015\/01\/rambla.jpg 400w, https:\/\/resest.com\/wp-content\/uploads\/2015\/01\/rambla-300x257.jpg 300w\" sizes=\"(max-width: 400px) 100vw, 400px\" \/><\/div><\/div><div class=\"wpex-slider-slide sp-slide\"><div class=\"wpex-slider-media\"><img width=\"400\" height=\"354\" src=\"https:\/\/resest.com\/wp-content\/uploads\/2015\/01\/void0.jpeg\" class=\"skip-lazy\" alt=\"\" data-no-lazy=\"1\" srcset=\"https:\/\/resest.com\/wp-content\/uploads\/2015\/01\/void0.jpeg 400w, https:\/\/resest.com\/wp-content\/uploads\/2015\/01\/void0-300x266.jpeg 300w\" sizes=\"(max-width: 400px) 100vw, 400px\" \/><\/div><\/div><div class=\"wpex-slider-slide sp-slide\"><div class=\"wpex-slider-media\"><img width=\"400\" height=\"354\" src=\"https:\/\/resest.com\/wp-content\/uploads\/2015\/01\/void0-1.jpeg\" class=\"skip-lazy\" alt=\"\" data-no-lazy=\"1\" srcset=\"https:\/\/resest.com\/wp-content\/uploads\/2015\/01\/void0-1.jpeg 400w, https:\/\/resest.com\/wp-content\/uploads\/2015\/01\/void0-1-300x266.jpeg 300w\" sizes=\"(max-width: 400px) 100vw, 400px\" \/><\/div><\/div><\/div><div class=\"wpex-slider-thumbnails sp-nc-thumbnails wpex-grid wpex-grid-cols-5\"><img data-no-lazy=\"1\" class=\"wpex-slider-thumbnail wpex-block wpex-w-100 sp-nc-thumbnail skip-lazy\" src=\"https:\/\/resest.com\/wp-content\/uploads\/2015\/01\/void0-2-100x100.jpeg\" alt=\"\" srcset=\"https:\/\/resest.com\/wp-content\/uploads\/2015\/01\/void0-2-100x100.jpeg 100w, https:\/\/resest.com\/wp-content\/uploads\/2015\/01\/void0-2-150x150.jpeg 150w\" width=\"100\" height=\"100\"><img data-no-lazy=\"1\" class=\"wpex-slider-thumbnail wpex-block wpex-w-100 sp-nc-thumbnail skip-lazy\" src=\"https:\/\/resest.com\/wp-content\/uploads\/2015\/01\/void0-3-100x100.jpeg\" alt=\"\" srcset=\"https:\/\/resest.com\/wp-content\/uploads\/2015\/01\/void0-3-100x100.jpeg 100w, https:\/\/resest.com\/wp-content\/uploads\/2015\/01\/void0-3-150x150.jpeg 150w\" width=\"100\" height=\"100\"><img data-no-lazy=\"1\" class=\"wpex-slider-thumbnail wpex-block wpex-w-100 sp-nc-thumbnail skip-lazy\" src=\"https:\/\/resest.com\/wp-content\/uploads\/2015\/01\/ajuntament-100x100.jpg\" alt=\"\" srcset=\"https:\/\/resest.com\/wp-content\/uploads\/2015\/01\/ajuntament-100x100.jpg 100w, https:\/\/resest.com\/wp-content\/uploads\/2015\/01\/ajuntament-150x150.jpg 150w\" width=\"100\" height=\"100\"><img data-no-lazy=\"1\" class=\"wpex-slider-thumbnail wpex-block wpex-w-100 sp-nc-thumbnail skip-lazy\" src=\"https:\/\/resest.com\/wp-content\/uploads\/2019\/03\/FGC-100x100.jpg\" alt=\"\" srcset=\"https:\/\/resest.com\/wp-content\/uploads\/2019\/03\/FGC-100x100.jpg 100w, https:\/\/resest.com\/wp-content\/uploads\/2019\/03\/FGC-150x150.jpg 150w\" width=\"100\" height=\"100\"><img data-no-lazy=\"1\" class=\"wpex-slider-thumbnail wpex-block wpex-w-100 sp-nc-thumbnail skip-lazy\" src=\"https:\/\/resest.com\/wp-content\/uploads\/2015\/01\/rambla-100x100.jpg\" alt=\"\" srcset=\"https:\/\/resest.com\/wp-content\/uploads\/2015\/01\/rambla-100x100.jpg 100w, https:\/\/resest.com\/wp-content\/uploads\/2015\/01\/rambla-150x150.jpg 150w\" width=\"100\" height=\"100\"><img data-no-lazy=\"1\" class=\"wpex-slider-thumbnail wpex-block wpex-w-100 sp-nc-thumbnail skip-lazy\" src=\"https:\/\/resest.com\/wp-content\/uploads\/2015\/01\/void0-100x100.jpeg\" alt=\"\" srcset=\"https:\/\/resest.com\/wp-content\/uploads\/2015\/01\/void0-100x100.jpeg 100w, https:\/\/resest.com\/wp-content\/uploads\/2015\/01\/void0-150x150.jpeg 150w\" width=\"100\" height=\"100\"><img data-no-lazy=\"1\" class=\"wpex-slider-thumbnail wpex-block wpex-w-100 sp-nc-thumbnail skip-lazy\" src=\"https:\/\/resest.com\/wp-content\/uploads\/2015\/01\/void0-1-100x100.jpeg\" alt=\"\" srcset=\"https:\/\/resest.com\/wp-content\/uploads\/2015\/01\/void0-1-100x100.jpeg 100w, https:\/\/resest.com\/wp-content\/uploads\/2015\/01\/void0-1-150x150.jpeg 150w\" width=\"100\" height=\"100\"><\/div><\/div><\/div>[vc_gmaps link=\u00bb#E-8_JTNDaWZyYW1lJTIwc3JjJTNEJTIyaHR0cHMlM0ElMkYlMkZ3d3cuZ29vZ2xlLmNvbSUyRm1hcHMlMkZlbWJlZCUzRnBiJTNEJTIxMW0xNCUyMTFtOCUyMTFtMyUyMTFkMTE5NDQuNjA2MTU5MjUwOTk2JTIxMmQyLjEwMTUxNSUyMTNkNDEuNTQ0MzE2JTIxM20yJTIxMWkxMDI0JTIxMmk3NjglMjE0ZjEzLjElMjEzbTMlMjExbTIlMjExczB4MCUyNTNBMHgwJTIxMnpOREhDc0RNeUp6TTFMalVpVGlBeXdyQXdOaWN3TlM0d0lrVSUyMTVlMCUyMTNtMiUyMTFzZXMlMjEyc3VzJTIxNHYxNDIyNDU3NTA5OTE0JTIyJTIwd2lkdGglM0QlMjI2MDAlMjIlMjBoZWlnaHQlM0QlMjI2MDAlMjIlMjBmcmFtZWJvcmRlciUzRCUyMjAlMjIlMjBzdHlsZSUzRCUyMmJvcmRlciUzQTAlMjIlM0UlM0MlMkZpZnJhbWUlM0U=\u00bb][\/vc_column][vc_column width=\u00bb1\/3&#8243;][vc_column_text el_class=\u00bbnormal-text\u00bb]<strong>A pie<\/strong><br \/>\n0\u2019 Estaci\u00f3n FGC (cruzar la calle)<br \/>\n5&#8242; Centro peatonal de Sabadell<br \/>\n15\u2019 Estaci\u00f3n Renfe Centro<br \/>\n15&#8242; ESDI (Escuela Superior de Dise\u00f1o)[\/vc_column_text][vc_column_text el_class=\u00bbnormal-text\u00bb]<strong>Coche<\/strong><br \/>\n7\u2019 Universidad Aut\u00f3noma de Barcelona (UAB)<br \/>\n9&#8242; ESDI (Escuela Superior de Dise\u00f1o)<br \/>\n25&#8242; Barcelona<br \/>\n34\u2019 Aeropuerto de Barcelona<br \/>\n50\u2019 Aeropuerto de Girona[\/vc_column_text][vc_column_text el_class=\u00bbnormal-text\u00bb]<strong>Tren (FGC)<\/strong><br \/>\n2\u2019 Centro de Sabadell (FGC, Sabadell Pla\u00e7a Major)<br \/>\n6\u2019 Universidad Aut\u00f3noma de Barcelona (UAB)<br \/>\n6\u2032 Intercambiador FGC-Renfe (Sabadell Norte)<br \/>\n9\u2019 Universidad Gimbernat<br \/>\n35\u2019 Barcelona centro[\/vc_column_text][vc_column_text el_class=\u00bbnormal-text\u00bb]<strong>Tren + Bus<\/strong><br \/>\n18\u2019 (FGC) + 3\u2019 (L\u00ednea 1) Campus Esade Sant Cugat<br \/>\n43\u2019 (FGC) + 35\u2019 (Aerob\u00fas, Plaza Catalunya Barcelona) Aeropuerto de Barcelona[\/vc_column_text][vc_column_text el_class=\u00bbnormal-text\u00bb]<strong>Bus<\/strong><br \/>\n5\u2019 (TUS L\u00ednea 8) Zona comercial nueva[\/vc_column_text][\/vc_column][\/vc_row][vc_row][vc_column][vc_column_text css=\u00bb\u00bb]Si buscas <strong>residencias en Sabadell<\/strong> bien conectadas con la <strong>UAB (Bellaterra), ESDI, Universidad Gimbernat o la escuela de aviaci\u00f3n<\/strong>, <strong>contacta con nosotros para concertar una visita<\/strong>. Mientras tanto, puedes realizar un <strong>tour virtual<\/strong> y descubrir nuestras instalaciones.[\/vc_column_text][\/vc_column][\/vc_row]\n<\/div>","protected":false},"excerpt":{"rendered":"<p>[vc_row][vc_column][vc_column_text css=\u00bb\u00bb]Elegir nuestra residencia en Sabadell te ofrece la ventaja de una ubicaci\u00f3n inmejorable y una excelente conexi\u00f3n con la Universidad Aut\u00f3noma de Barcelona (UAB) en Bellaterra y con Barcelona. Nos encontramos frente a la estaci\u00f3n Can Feu &#8211; Gr\u00e0cia de FGC, lo que permite a nuestros residentes desplazarse de manera r\u00e1pida y eficiente. Conexi\u00f3n&hellip;<\/p>\n","protected":false},"author":3,"featured_media":0,"parent":0,"menu_order":0,"comment_status":"closed","ping_status":"closed","template":"","meta":{"footnotes":""},"class_list":["post-2373","page","type-page","status-publish","hentry","entry","no-media"],"yoast_head":"<!-- This site is optimized with the Yoast SEO plugin v26.4 - https:\/\/yoast.com\/wordpress\/plugins\/seo\/ -->\n<title>Residencias en Sabadell | Cerca de UAB y Universidades | Resest<\/title>\n<meta name=\"description\" content=\"\u00bfBuscas residencias en Sabadell? Ubicaci\u00f3n privilegiada, a solo 6 min de la UAB (Bellaterra) y bien conectada con Barcelona. \u00a1Inf\u00f3rmate en Resest!\" \/>\n<meta name=\"robots\" content=\"index, follow, max-snippet:-1, max-image-preview:large, max-video-preview:-1\" \/>\n<link rel=\"canonical\" href=\"https:\/\/resest.com\/es\/ubicacion-residencia-estudiantil-en-sabadell-bellaterra\/\" \/>\n<meta property=\"og:locale\" content=\"es_ES\" \/>\n<meta property=\"og:type\" content=\"article\" \/>\n<meta property=\"og:title\" content=\"Residencias en Sabadell | Cerca de UAB y Universidades | Resest\" \/>\n<meta property=\"og:description\" content=\"\u00bfBuscas residencias en Sabadell? Ubicaci\u00f3n privilegiada, a solo 6 min de la UAB (Bellaterra) y bien conectada con Barcelona. \u00a1Inf\u00f3rmate en Resest!\" \/>\n<meta property=\"og:url\" content=\"https:\/\/resest.com\/es\/ubicacion-residencia-estudiantil-en-sabadell-bellaterra\/\" \/>\n<meta property=\"og:site_name\" content=\"Resid\u00e8ncia d&#039;Estudiants l&#039;Estaci\u00f3 de Sabadell | Resest\" \/>\n<meta property=\"article:modified_time\" content=\"2025-05-21T12:01:14+00:00\" \/>\n<meta name=\"twitter:label1\" content=\"Tiempo de lectura\" \/>\n\t<meta name=\"twitter:data1\" content=\"3 minutos\" \/>\n<script type=\"application\/ld+json\" class=\"yoast-schema-graph\">{\"@context\":\"https:\/\/schema.org\",\"@graph\":[{\"@type\":\"WebPage\",\"@id\":\"https:\/\/resest.com\/es\/ubicacion-residencia-estudiantil-en-sabadell-bellaterra\/\",\"url\":\"https:\/\/resest.com\/es\/ubicacion-residencia-estudiantil-en-sabadell-bellaterra\/\",\"name\":\"Residencias en Sabadell | Cerca de UAB y Universidades | Resest\",\"isPartOf\":{\"@id\":\"https:\/\/resest.com\/es\/#website\"},\"datePublished\":\"2015-01-13T11:34:08+00:00\",\"dateModified\":\"2025-05-21T12:01:14+00:00\",\"description\":\"\u00bfBuscas residencias en Sabadell? Ubicaci\u00f3n privilegiada, a solo 6 min de la UAB (Bellaterra) y bien conectada con Barcelona. \u00a1Inf\u00f3rmate en Resest!\",\"breadcrumb\":{\"@id\":\"https:\/\/resest.com\/es\/ubicacion-residencia-estudiantil-en-sabadell-bellaterra\/#breadcrumb\"},\"inLanguage\":\"es\",\"potentialAction\":[{\"@type\":\"ReadAction\",\"target\":[\"https:\/\/resest.com\/es\/ubicacion-residencia-estudiantil-en-sabadell-bellaterra\/\"]}]},{\"@type\":\"BreadcrumbList\",\"@id\":\"https:\/\/resest.com\/es\/ubicacion-residencia-estudiantil-en-sabadell-bellaterra\/#breadcrumb\",\"itemListElement\":[{\"@type\":\"ListItem\",\"position\":1,\"name\":\"Inici\",\"item\":\"https:\/\/resest.com\/es\/\"},{\"@type\":\"ListItem\",\"position\":2,\"name\":\"Ubicaci\u00f3n de la Residencia de Estudiantes UAB\"}]},{\"@type\":\"WebSite\",\"@id\":\"https:\/\/resest.com\/es\/#website\",\"url\":\"https:\/\/resest.com\/es\/\",\"name\":\"Resid\u00e8ncia d&#039;Estudiants l&#039;Estaci\u00f3 de Sabadell | Resest\",\"description\":\"Otro sitio realizado con WordPress\",\"publisher\":{\"@id\":\"https:\/\/resest.com\/es\/#organization\"},\"potentialAction\":[{\"@type\":\"SearchAction\",\"target\":{\"@type\":\"EntryPoint\",\"urlTemplate\":\"https:\/\/resest.com\/es\/?s={search_term_string}\"},\"query-input\":{\"@type\":\"PropertyValueSpecification\",\"valueRequired\":true,\"valueName\":\"search_term_string\"}}],\"inLanguage\":\"es\"},{\"@type\":\"Organization\",\"@id\":\"https:\/\/resest.com\/es\/#organization\",\"name\":\"Resid\u00e8ncia d&#039;Estudiants l&#039;Estaci\u00f3 de Sabadell | Resest\",\"url\":\"https:\/\/resest.com\/es\/\",\"logo\":{\"@type\":\"ImageObject\",\"inLanguage\":\"es\",\"@id\":\"https:\/\/resest.com\/es\/#\/schema\/logo\/image\/\",\"url\":\"https:\/\/resest.com\/wp-content\/uploads\/2024\/03\/Facana-1.jpg\",\"contentUrl\":\"https:\/\/resest.com\/wp-content\/uploads\/2024\/03\/Facana-1.jpg\",\"width\":1200,\"height\":1009,\"caption\":\"Resid\u00e8ncia d&#039;Estudiants l&#039;Estaci\u00f3 de Sabadell | Resest\"},\"image\":{\"@id\":\"https:\/\/resest.com\/es\/#\/schema\/logo\/image\/\"}}]}<\/script>\n<!-- \/ Yoast SEO plugin. -->","yoast_head_json":{"title":"Residencias en Sabadell | Cerca de UAB y Universidades | Resest","description":"\u00bfBuscas residencias en Sabadell? Ubicaci\u00f3n privilegiada, a solo 6 min de la UAB (Bellaterra) y bien conectada con Barcelona. \u00a1Inf\u00f3rmate en Resest!","robots":{"index":"index","follow":"follow","max-snippet":"max-snippet:-1","max-image-preview":"max-image-preview:large","max-video-preview":"max-video-preview:-1"},"canonical":"https:\/\/resest.com\/es\/ubicacion-residencia-estudiantil-en-sabadell-bellaterra\/","og_locale":"es_ES","og_type":"article","og_title":"Residencias en Sabadell | Cerca de UAB y Universidades | Resest","og_description":"\u00bfBuscas residencias en Sabadell? Ubicaci\u00f3n privilegiada, a solo 6 min de la UAB (Bellaterra) y bien conectada con Barcelona. \u00a1Inf\u00f3rmate en Resest!","og_url":"https:\/\/resest.com\/es\/ubicacion-residencia-estudiantil-en-sabadell-bellaterra\/","og_site_name":"Resid\u00e8ncia d&#039;Estudiants l&#039;Estaci\u00f3 de Sabadell | Resest","article_modified_time":"2025-05-21T12:01:14+00:00","twitter_misc":{"Tiempo de lectura":"3 minutos"},"schema":{"@context":"https:\/\/schema.org","@graph":[{"@type":"WebPage","@id":"https:\/\/resest.com\/es\/ubicacion-residencia-estudiantil-en-sabadell-bellaterra\/","url":"https:\/\/resest.com\/es\/ubicacion-residencia-estudiantil-en-sabadell-bellaterra\/","name":"Residencias en Sabadell | Cerca de UAB y Universidades | Resest","isPartOf":{"@id":"https:\/\/resest.com\/es\/#website"},"datePublished":"2015-01-13T11:34:08+00:00","dateModified":"2025-05-21T12:01:14+00:00","description":"\u00bfBuscas residencias en Sabadell? Ubicaci\u00f3n privilegiada, a solo 6 min de la UAB (Bellaterra) y bien conectada con Barcelona. \u00a1Inf\u00f3rmate en Resest!","breadcrumb":{"@id":"https:\/\/resest.com\/es\/ubicacion-residencia-estudiantil-en-sabadell-bellaterra\/#breadcrumb"},"inLanguage":"es","potentialAction":[{"@type":"ReadAction","target":["https:\/\/resest.com\/es\/ubicacion-residencia-estudiantil-en-sabadell-bellaterra\/"]}]},{"@type":"BreadcrumbList","@id":"https:\/\/resest.com\/es\/ubicacion-residencia-estudiantil-en-sabadell-bellaterra\/#breadcrumb","itemListElement":[{"@type":"ListItem","position":1,"name":"Inici","item":"https:\/\/resest.com\/es\/"},{"@type":"ListItem","position":2,"name":"Ubicaci\u00f3n de la Residencia de Estudiantes UAB"}]},{"@type":"WebSite","@id":"https:\/\/resest.com\/es\/#website","url":"https:\/\/resest.com\/es\/","name":"Resid\u00e8ncia d&#039;Estudiants l&#039;Estaci\u00f3 de Sabadell | Resest","description":"Otro sitio realizado con WordPress","publisher":{"@id":"https:\/\/resest.com\/es\/#organization"},"potentialAction":[{"@type":"SearchAction","target":{"@type":"EntryPoint","urlTemplate":"https:\/\/resest.com\/es\/?s={search_term_string}"},"query-input":{"@type":"PropertyValueSpecification","valueRequired":true,"valueName":"search_term_string"}}],"inLanguage":"es"},{"@type":"Organization","@id":"https:\/\/resest.com\/es\/#organization","name":"Resid\u00e8ncia d&#039;Estudiants l&#039;Estaci\u00f3 de Sabadell | Resest","url":"https:\/\/resest.com\/es\/","logo":{"@type":"ImageObject","inLanguage":"es","@id":"https:\/\/resest.com\/es\/#\/schema\/logo\/image\/","url":"https:\/\/resest.com\/wp-content\/uploads\/2024\/03\/Facana-1.jpg","contentUrl":"https:\/\/resest.com\/wp-content\/uploads\/2024\/03\/Facana-1.jpg","width":1200,"height":1009,"caption":"Resid\u00e8ncia d&#039;Estudiants l&#039;Estaci\u00f3 de Sabadell | Resest"},"image":{"@id":"https:\/\/resest.com\/es\/#\/schema\/logo\/image\/"}}]}},"_links":{"self":[{"href":"https:\/\/resest.com\/es\/wp-json\/wp\/v2\/pages\/2373","targetHints":{"allow":["GET"]}}],"collection":[{"href":"https:\/\/resest.com\/es\/wp-json\/wp\/v2\/pages"}],"about":[{"href":"https:\/\/resest.com\/es\/wp-json\/wp\/v2\/types\/page"}],"author":[{"embeddable":true,"href":"https:\/\/resest.com\/es\/wp-json\/wp\/v2\/users\/3"}],"replies":[{"embeddable":true,"href":"https:\/\/resest.com\/es\/wp-json\/wp\/v2\/comments?post=2373"}],"version-history":[{"count":0,"href":"https:\/\/resest.com\/es\/wp-json\/wp\/v2\/pages\/2373\/revisions"}],"wp:attachment":[{"href":"https:\/\/resest.com\/es\/wp-json\/wp\/v2\/media?parent=2373"}],"curies":[{"name":"wp","href":"https:\/\/api.w.org\/{rel}","templated":true}]}}