{"id":42,"date":"2015-01-13T12:35:02","date_gmt":"2015-01-13T11:35:02","guid":{"rendered":"http:\/\/resest.com\/?page_id=42"},"modified":"2026-03-19T12:40:29","modified_gmt":"2026-03-19T11:40:29","slug":"tarifes-residencia-per-a-estudiants-a-barcelona-bellaterra","status":"publish","type":"page","link":"https:\/\/resest.com\/ca\/tarifes-residencia-per-a-estudiants-a-barcelona-bellaterra\/","title":{"rendered":"Resid\u00e8ncies a Sabadell \u2013 Preus i Tarifes"},"content":{"rendered":"<div class=\"wpb-content-wrapper\">[vc_row][vc_column]<style>.vcex-heading.vcex_69f0a94d6e5ea{font-size:36px;text-transform:uppercase;}<\/style><h1 class=\"vcex-heading vcex-heading-plain vcex-module wpex-heading wpex-text-2xl wpex-mb-25 vcex_69f0a94d6e5ea\"><span class=\"vcex-heading-inner wpex-inline-block\">Resid\u00e8ncies a Sabadell \u2013 Preus i Tarifes<\/span><\/h1>[vc_column_text][\/vc_column_text][\/vc_column][\/vc_row][vc_row][vc_column width=&#8221;2\/3&#8243;][vc_column_text css=&#8221;&#8221;]Si busques <strong>resid\u00e8ncies a Sabadell amb preus accessibles<\/strong> i serveis de qualitat, la nostra resid\u00e8ncia universit\u00e0ria ofereix opcions flexibles per adaptar-se a les teves necessitats.<\/p>\n<h2><strong>Tarifes de la Resid\u00e8ncia Universit\u00e0ria<\/strong><\/h2>\n<h3>Habitaci\u00f3 doble compartida+ 1\/2 Pensi\u00f3 (5 dies):<\/h3>\n<ul>\n<li>910 \u20ac persona\/ mes<\/li>\n<li>1001 \u20ac IVA 10% incl\u00f2s<\/li>\n<li>Inclou:<\/li>\n<\/ul>\n<ul>\n<li style=\"list-style-type: none;\">\n<ul>\n<li>Sopar de <strong>diumenge a dijous <\/strong>(5 dies).<\/li>\n<li>Esmorzar de <strong>dilluns a divendres <\/strong>(5 dies).<\/li>\n<\/ul>\n<\/li>\n<\/ul>\n<h3>Habitaci\u00f3 doble compartida+ 1\/2 Pensi\u00f3 (6 dies):<\/h3>\n<ul>\n<li>940 \u20ac persona\/ mes<\/li>\n<li>1034\u20ac IVA 10% incl\u00f2s<\/li>\n<li>Inclou:\n<ul>\n<li>Sopar de <strong>diumenge a divendres <\/strong>(6 dies).<\/li>\n<li>Esmorzar els <strong>7 dies de la setmana.<\/strong><\/li>\n<\/ul>\n<\/li>\n<\/ul>\n<p><span style=\"color: #ff0000;\"><strong>Oferta de Reserva Anticipada: 50\u20ac de descompte al mes per reserves fetes abans del 30 d&#8217;Abril i per estances de 10 mesos en habitaci\u00f3 compartida!<\/strong><\/span><!--more--><\/p>\n<ul>\n<li style=\"list-style-type: none;\">\n<ul>\n<li style=\"list-style-type: none;\"><\/li>\n<\/ul>\n<\/li>\n<\/ul>\n<h3>Habitaci\u00f3 doble per a \u00fas individual<\/h3>\n<ul>\n<li><a href=\"https:\/\/resest.com\/es\/contactar-alojamiento-estudiantil-bellaterra-uab\/\">Consultar<\/a> disponibilitat i preus<\/li>\n<\/ul>\n<p><strong>Opcions de men\u00fa:<\/strong> Es pot demanar <strong>men\u00fa vegetari\u00e0<\/strong> o dietes especials per prescripci\u00f3 m\u00e8dica. Tamb\u00e9 estudiem altres combinacions segons les necessitats del resident.<\/p>\n<h3><strong>Altres costos<\/strong><\/h3>\n<ul>\n<li><strong>Matr\u00edcula:<\/strong> 363 \u20ac (IVA 10% incl\u00f2s)<\/li>\n<li><strong>Fian\u00e7a:<\/strong> 1.500 \u20ac<\/li>\n<\/ul>\n[\/vc_column_text][vc_button title=&#8221;Sol\u00b7licita pla\u00e7a&#8221; color=&#8221;btn-inverse&#8221; size=&#8221;btn-large&#8221; href=&#8221;https:\/\/resest.com\/ca\/sollicitud-de-placa-residencia-estudiants-bellatera-barcelona\/&#8221;][vc_empty_space][vc_column_text css=&#8221;&#8221;]\n<h3 style=\"text-align: justify;\"><strong>Proc\u00e9s de reserva de pla\u00e7a:<\/strong><\/h3>\n<ol>\n<li><strong>Omplir el <\/strong><a href=\"https:\/\/resest.com\/es\/solicitud-de-plaza-residencia-de-estudiantes-en-bellaterra-barcelona\/\"><strong>formulari de sol\u00b7licitud<\/strong><\/a> i adjuntar <strong>DNI o passaport<\/strong>.<\/li>\n<li>Rebr\u00e0s una <strong>Oferta de Reserva de Pla\u00e7a<\/strong> i les <strong>Normes de R\u00e8gim Intern<\/strong>.<\/li>\n<li>Disposar\u00e0s d&#8217; un termini per realitzar el <strong>pagament per transfer\u00e8ncia banc\u00e0ria<\/strong>.<\/li>\n<\/ol>\n<p>Si busques <strong>resid\u00e8ncies a Sabadell amb preus competitius<\/strong> i un ambient ideal per estudiar, <strong>demana la teva pla\u00e7a ara<\/strong>.[\/vc_column_text][\/vc_column][vc_column width=&#8221;1\/3&#8243; el_class=&#8221;small-text&#8221;][vc_column_text el_class=&#8221;normal-text&#8221;]Per estades m\u00e9s curtes a la resid\u00e8ncia, sol\u00b7licitar <a href=\"https:\/\/resest.com\/ca\/contactar-allotjament-estudiantil-bellaterra-barcelona\/\"><strong>informaci\u00f3 i tarifa<\/strong><\/a>[\/vc_column_text][vc_column_text css=&#8221;&#8221; el_class=&#8221;normal-text&#8221;]Per a sol\u00b7licitar pla\u00e7a pel curs 2026\/2027, omple <a title=\"Sol\u00b7licitud de pla\u00e7a\" href=\"https:\/\/resest.com\/ca\/sollicitud-de-placa-residencia-estudiants-bellatera-barcelona\/\"><strong>aquest formulari<\/strong><\/a>[\/vc_column_text][vc_column_text el_class=&#8221;normal-text&#8221;]Recorda que aquest preu inclou els seg\u00fcents <a href=\"https:\/\/resest.com\/ca\/serveis-residencia-estudiantil-barcelona-bellaterra\/\"><strong>serveis<\/strong><\/a>[\/vc_column_text][\/vc_column][\/vc_row]\n<\/div>","protected":false},"excerpt":{"rendered":"<p>[vc_row][vc_column][vc_column_text][\/vc_column_text][\/vc_column][\/vc_row][vc_row][vc_column width=&#8221;2\/3&#8243;][vc_column_text css=&#8221;&#8221;]Si busques resid\u00e8ncies a Sabadell amb preus accessibles i serveis de qualitat, la nostra resid\u00e8ncia universit\u00e0ria ofereix opcions flexibles per adaptar-se a les teves necessitats. Tarifes de la Resid\u00e8ncia Universit\u00e0ria Habitaci\u00f3 doble compartida+ 1\/2 Pensi\u00f3 (5 dies): 910 \u20ac persona\/ mes 1001 \u20ac IVA 10% incl\u00f2s Inclou: Sopar de diumenge a dijous (5&hellip;<\/p>\n","protected":false},"author":3,"featured_media":0,"parent":0,"menu_order":0,"comment_status":"closed","ping_status":"closed","template":"","meta":{"footnotes":""},"class_list":["post-42","page","type-page","status-publish","hentry","entry","no-media"],"yoast_head":"<!-- This site is optimized with the Yoast SEO plugin v26.4 - https:\/\/yoast.com\/wordpress\/plugins\/seo\/ -->\n<title>Resid\u00e8ncies a Sabadell \u2013 Preus i Tarifes per a Estudiants | Resest<\/title>\n<meta name=\"description\" content=\"Consulta els preus de Resest, una de les millors resid\u00e8ncies a Sabadell. Opcions d&#039; allotjament prop de la UAB i Barcelona. Informa&#039;t aqu\u00ed!\" \/>\n<meta name=\"robots\" content=\"index, follow, max-snippet:-1, max-image-preview:large, max-video-preview:-1\" \/>\n<link rel=\"canonical\" href=\"https:\/\/resest.com\/ca\/tarifes-residencia-per-a-estudiants-a-barcelona-bellaterra\/\" \/>\n<meta property=\"og:locale\" content=\"ca_ES\" \/>\n<meta property=\"og:type\" content=\"article\" \/>\n<meta property=\"og:title\" content=\"Resid\u00e8ncies a Sabadell \u2013 Preus i Tarifes per a Estudiants | Resest\" \/>\n<meta property=\"og:description\" content=\"Consulta els preus de Resest, una de les millors resid\u00e8ncies a Sabadell. Opcions d&#039; allotjament prop de la UAB i Barcelona. Informa&#039;t aqu\u00ed!\" \/>\n<meta property=\"og:url\" content=\"https:\/\/resest.com\/ca\/tarifes-residencia-per-a-estudiants-a-barcelona-bellaterra\/\" \/>\n<meta property=\"og:site_name\" content=\"Resid\u00e8ncia d&#039;Estudiants l&#039;Estaci\u00f3 de Sabadell | Resest\" \/>\n<meta property=\"article:modified_time\" content=\"2026-03-19T11:40:29+00:00\" \/>\n<meta name=\"twitter:label1\" content=\"Est. reading time\" \/>\n\t<meta name=\"twitter:data1\" content=\"2 minutes\" \/>\n<script type=\"application\/ld+json\" class=\"yoast-schema-graph\">{\"@context\":\"https:\/\/schema.org\",\"@graph\":[{\"@type\":\"WebPage\",\"@id\":\"https:\/\/resest.com\/ca\/tarifes-residencia-per-a-estudiants-a-barcelona-bellaterra\/\",\"url\":\"https:\/\/resest.com\/ca\/tarifes-residencia-per-a-estudiants-a-barcelona-bellaterra\/\",\"name\":\"Resid\u00e8ncies a Sabadell \u2013 Preus i Tarifes per a Estudiants | Resest\",\"isPartOf\":{\"@id\":\"https:\/\/resest.com\/ca\/#website\"},\"datePublished\":\"2015-01-13T11:35:02+00:00\",\"dateModified\":\"2026-03-19T11:40:29+00:00\",\"description\":\"Consulta els preus de Resest, una de les millors resid\u00e8ncies a Sabadell. Opcions d' allotjament prop de la UAB i Barcelona. Informa't aqu\u00ed!\",\"breadcrumb\":{\"@id\":\"https:\/\/resest.com\/ca\/tarifes-residencia-per-a-estudiants-a-barcelona-bellaterra\/#breadcrumb\"},\"inLanguage\":\"ca-ES\",\"potentialAction\":[{\"@type\":\"ReadAction\",\"target\":[\"https:\/\/resest.com\/ca\/tarifes-residencia-per-a-estudiants-a-barcelona-bellaterra\/\"]}]},{\"@type\":\"BreadcrumbList\",\"@id\":\"https:\/\/resest.com\/ca\/tarifes-residencia-per-a-estudiants-a-barcelona-bellaterra\/#breadcrumb\",\"itemListElement\":[{\"@type\":\"ListItem\",\"position\":1,\"name\":\"Inici\",\"item\":\"https:\/\/resest.com\/ca\/\"},{\"@type\":\"ListItem\",\"position\":2,\"name\":\"Preu de la Residencia Universitaria\"}]},{\"@type\":\"WebSite\",\"@id\":\"https:\/\/resest.com\/ca\/#website\",\"url\":\"https:\/\/resest.com\/ca\/\",\"name\":\"Resid\u00e8ncia d&#039;Estudiants l&#039;Estaci\u00f3 de Sabadell | Resest\",\"description\":\"Prop de l\u2019Universitat Aut\u00f2noma de Barcelona (UAB)\",\"publisher\":{\"@id\":\"https:\/\/resest.com\/ca\/#organization\"},\"potentialAction\":[{\"@type\":\"SearchAction\",\"target\":{\"@type\":\"EntryPoint\",\"urlTemplate\":\"https:\/\/resest.com\/ca\/?s={search_term_string}\"},\"query-input\":{\"@type\":\"PropertyValueSpecification\",\"valueRequired\":true,\"valueName\":\"search_term_string\"}}],\"inLanguage\":\"ca-ES\"},{\"@type\":\"Organization\",\"@id\":\"https:\/\/resest.com\/ca\/#organization\",\"name\":\"Resid\u00e8ncia d&#039;Estudiants l&#039;Estaci\u00f3 de Sabadell | Resest\",\"url\":\"https:\/\/resest.com\/ca\/\",\"logo\":{\"@type\":\"ImageObject\",\"inLanguage\":\"ca-ES\",\"@id\":\"https:\/\/resest.com\/ca\/#\/schema\/logo\/image\/\",\"url\":\"https:\/\/resest.com\/wp-content\/uploads\/2024\/03\/Facana-1.jpg\",\"contentUrl\":\"https:\/\/resest.com\/wp-content\/uploads\/2024\/03\/Facana-1.jpg\",\"width\":1200,\"height\":1009,\"caption\":\"Resid\u00e8ncia d&#039;Estudiants l&#039;Estaci\u00f3 de Sabadell | Resest\"},\"image\":{\"@id\":\"https:\/\/resest.com\/ca\/#\/schema\/logo\/image\/\"}}]}<\/script>\n<!-- \/ Yoast SEO plugin. -->","yoast_head_json":{"title":"Resid\u00e8ncies a Sabadell \u2013 Preus i Tarifes per a Estudiants | Resest","description":"Consulta els preus de Resest, una de les millors resid\u00e8ncies a Sabadell. Opcions d' allotjament prop de la UAB i Barcelona. Informa't aqu\u00ed!","robots":{"index":"index","follow":"follow","max-snippet":"max-snippet:-1","max-image-preview":"max-image-preview:large","max-video-preview":"max-video-preview:-1"},"canonical":"https:\/\/resest.com\/ca\/tarifes-residencia-per-a-estudiants-a-barcelona-bellaterra\/","og_locale":"ca_ES","og_type":"article","og_title":"Resid\u00e8ncies a Sabadell \u2013 Preus i Tarifes per a Estudiants | Resest","og_description":"Consulta els preus de Resest, una de les millors resid\u00e8ncies a Sabadell. Opcions d' allotjament prop de la UAB i Barcelona. Informa't aqu\u00ed!","og_url":"https:\/\/resest.com\/ca\/tarifes-residencia-per-a-estudiants-a-barcelona-bellaterra\/","og_site_name":"Resid\u00e8ncia d&#039;Estudiants l&#039;Estaci\u00f3 de Sabadell | Resest","article_modified_time":"2026-03-19T11:40:29+00:00","twitter_misc":{"Est. reading time":"2 minutes"},"schema":{"@context":"https:\/\/schema.org","@graph":[{"@type":"WebPage","@id":"https:\/\/resest.com\/ca\/tarifes-residencia-per-a-estudiants-a-barcelona-bellaterra\/","url":"https:\/\/resest.com\/ca\/tarifes-residencia-per-a-estudiants-a-barcelona-bellaterra\/","name":"Resid\u00e8ncies a Sabadell \u2013 Preus i Tarifes per a Estudiants | Resest","isPartOf":{"@id":"https:\/\/resest.com\/ca\/#website"},"datePublished":"2015-01-13T11:35:02+00:00","dateModified":"2026-03-19T11:40:29+00:00","description":"Consulta els preus de Resest, una de les millors resid\u00e8ncies a Sabadell. Opcions d' allotjament prop de la UAB i Barcelona. Informa't aqu\u00ed!","breadcrumb":{"@id":"https:\/\/resest.com\/ca\/tarifes-residencia-per-a-estudiants-a-barcelona-bellaterra\/#breadcrumb"},"inLanguage":"ca-ES","potentialAction":[{"@type":"ReadAction","target":["https:\/\/resest.com\/ca\/tarifes-residencia-per-a-estudiants-a-barcelona-bellaterra\/"]}]},{"@type":"BreadcrumbList","@id":"https:\/\/resest.com\/ca\/tarifes-residencia-per-a-estudiants-a-barcelona-bellaterra\/#breadcrumb","itemListElement":[{"@type":"ListItem","position":1,"name":"Inici","item":"https:\/\/resest.com\/ca\/"},{"@type":"ListItem","position":2,"name":"Preu de la Residencia Universitaria"}]},{"@type":"WebSite","@id":"https:\/\/resest.com\/ca\/#website","url":"https:\/\/resest.com\/ca\/","name":"Resid\u00e8ncia d&#039;Estudiants l&#039;Estaci\u00f3 de Sabadell | Resest","description":"Prop de l\u2019Universitat Aut\u00f2noma de Barcelona (UAB)","publisher":{"@id":"https:\/\/resest.com\/ca\/#organization"},"potentialAction":[{"@type":"SearchAction","target":{"@type":"EntryPoint","urlTemplate":"https:\/\/resest.com\/ca\/?s={search_term_string}"},"query-input":{"@type":"PropertyValueSpecification","valueRequired":true,"valueName":"search_term_string"}}],"inLanguage":"ca-ES"},{"@type":"Organization","@id":"https:\/\/resest.com\/ca\/#organization","name":"Resid\u00e8ncia d&#039;Estudiants l&#039;Estaci\u00f3 de Sabadell | Resest","url":"https:\/\/resest.com\/ca\/","logo":{"@type":"ImageObject","inLanguage":"ca-ES","@id":"https:\/\/resest.com\/ca\/#\/schema\/logo\/image\/","url":"https:\/\/resest.com\/wp-content\/uploads\/2024\/03\/Facana-1.jpg","contentUrl":"https:\/\/resest.com\/wp-content\/uploads\/2024\/03\/Facana-1.jpg","width":1200,"height":1009,"caption":"Resid\u00e8ncia d&#039;Estudiants l&#039;Estaci\u00f3 de Sabadell | Resest"},"image":{"@id":"https:\/\/resest.com\/ca\/#\/schema\/logo\/image\/"}}]}},"_links":{"self":[{"href":"https:\/\/resest.com\/ca\/wp-json\/wp\/v2\/pages\/42","targetHints":{"allow":["GET"]}}],"collection":[{"href":"https:\/\/resest.com\/ca\/wp-json\/wp\/v2\/pages"}],"about":[{"href":"https:\/\/resest.com\/ca\/wp-json\/wp\/v2\/types\/page"}],"author":[{"embeddable":true,"href":"https:\/\/resest.com\/ca\/wp-json\/wp\/v2\/users\/3"}],"replies":[{"embeddable":true,"href":"https:\/\/resest.com\/ca\/wp-json\/wp\/v2\/comments?post=42"}],"version-history":[{"count":4,"href":"https:\/\/resest.com\/ca\/wp-json\/wp\/v2\/pages\/42\/revisions"}],"predecessor-version":[{"id":12391,"href":"https:\/\/resest.com\/ca\/wp-json\/wp\/v2\/pages\/42\/revisions\/12391"}],"wp:attachment":[{"href":"https:\/\/resest.com\/ca\/wp-json\/wp\/v2\/media?parent=42"}],"curies":[{"name":"wp","href":"https:\/\/api.w.org\/{rel}","templated":true}]}}