{"id":39,"date":"2015-01-13T12:34:08","date_gmt":"2015-01-13T11:34:08","guid":{"rendered":"http:\/\/resest.com\/?page_id=39"},"modified":"2025-05-21T14:47:51","modified_gmt":"2025-05-21T12:47:51","slug":"ubicacio-residencia-estudiantil-a-sabadell-barcelona","status":"publish","type":"page","link":"https:\/\/resest.com\/ca\/ubicacio-residencia-estudiantil-a-sabadell-barcelona\/","title":{"rendered":"Resid\u00e8ncies a Sabadell \u2013 Ubicaci\u00f3 Estrat\u00e8gica i Connexions R\u00e0pides"},"content":{"rendered":"<div class=\"wpb-content-wrapper\">[vc_row][vc_column]<style>.vcex-heading.vcex_69f0a934ca09c{font-size:36px;text-transform:uppercase;}<\/style><h1 class=\"vcex-heading vcex-heading-plain vcex-module wpex-heading wpex-text-2xl wpex-mb-25 vcex_69f0a934ca09c\"><span class=\"vcex-heading-inner wpex-inline-block\">Resid\u00e8ncies a Sabadell \u2013 Ubicaci\u00f3 Estrat\u00e8gica i Connexions R\u00e0pides<\/span><\/h1>[vc_column_text css=&#8221;&#8221;]Triar la nostra <strong>resid\u00e8ncia a Sabadell<\/strong> t&#8217;ofereix l&#8217;avantatge d&#8217;una <strong>ubicaci\u00f3 immillorable<\/strong> i una excel\u00b7lent connexi\u00f3 amb la <strong>Universitat Aut\u00f2noma de Barcelona (UAB)<\/strong> a Bellaterra i amb Barcelona. Ens trobem <strong>davant l&#8217;estaci\u00f3 Can Feu &#8211; Gr\u00e0cia de FGC<\/strong>, la qual cosa permet als nostres residents despla\u00e7ar-se de manera r\u00e0pida i eficient.<\/p>\n<h2>Connexi\u00f3 r\u00e0pida a Bellaterra i Barcelona<\/h2>\n<ul>\n<li><strong>UAB (Bellaterra) en nom\u00e9s 6 minuts<\/strong> en tren.<\/li>\n<li><strong>Barcelona (Pla\u00e7a Catalunya) en 40 minuts<\/strong>, sense necessitat de transbordaments.<\/li>\n<\/ul>\n<h2>Vida urbana a Sabadell<\/h2>\n<p>La nostra resid\u00e8ncia se situa en una zona tranquil\u00b7la de <strong>Sabadell<\/strong>, una ciutat de <strong>210,000 habitants<\/strong> amb tots els serveis necessaris per a una vida estudiantil c\u00f2moda. Estar a prop del centre et permet gaudir d&#8217;una \u00e0mplia oferta comercial, cultural i d&#8217;oci, amb els avantatges d&#8217;una gran ciutat, per\u00f2 evitant alguns dels seus inconvenients.<\/p>\n<h2>\u00c0mplies opcions de transport i serveis<\/h2>\n<p>Sabadell compta amb una gran varietat de mitjans de transport que faciliten la mobilitat:<\/p>\n<ul>\n<li><strong>23 l\u00ednies d&#8217;autob\u00fas urb\u00e0 (TUS)<\/strong><\/li>\n<li><strong>4 estacions de FGC i 3 de Renfe<\/strong><\/li>\n<li><strong>Acc\u00e9s r\u00e0pid a autopistes i carreteres principals<\/strong><\/li>\n<\/ul>\n<h2>Facilitats d&#8217;aparcament<\/h2>\n<p>Si poses un cotxe, podr\u00e0s trobar aparcament als carrers propers a la resid\u00e8ncia. I si prefereixes la bicicleta o patinet, disposem d&#8217;un espai per aparcar-teus dins les nostres instal\u00b7lacions.<\/p>\n<h2>Temps de trajecte a punts d&#8217; inter\u00e8s<\/h2>\n<p>A continuaci\u00f3, trobar\u00e0s un llistat del temps que es triga a arribar de la resid\u00e8ncia d&#8217;estudiants a Bellaterra (UAB), a Barcelona i a altres punts d&#8217;inter\u00e8s utilitzant diferents mitjans de transports:[\/vc_column_text][\/vc_column][\/vc_row][vc_row][vc_column width=&#8221;2\/3&#8243;]<div class=\"vcex-image-gallery-slider-css-wrap vc_custom_1663155318604\"><div class=\"wpex-slider-preloaderimg \"><img width=\"400\" height=\"354\" src=\"https:\/\/resest.com\/wp-content\/uploads\/2015\/01\/void0-2.jpeg\" class=\"skip-lazy\" alt=\"ubicacio residencia resest\" data-no-lazy=\"1\" srcset=\"https:\/\/resest.com\/wp-content\/uploads\/2015\/01\/void0-2.jpeg 400w, https:\/\/resest.com\/wp-content\/uploads\/2015\/01\/void0-2-300x266.jpeg 300w\" sizes=\"(max-width: 400px) 100vw, 400px\" \/><\/div><div class=\"vcex-module wpex-slider slider-pro no-margin-thumbnails vcex-image-gallery-slider\" data-thumbnails=\"true\" data-thumbnail-height=\"auto\" data-auto-play-delay=\"5000\" data-animation-speed=\"600\" data-height-animation-duration=\"500\"><div class=\"wpex-slider-slides sp-slides\"><div class=\"wpex-slider-slide sp-slide\"><div class=\"wpex-slider-media\"><img width=\"400\" height=\"354\" src=\"https:\/\/resest.com\/wp-content\/uploads\/2015\/01\/void0-2.jpeg\" class=\"skip-lazy\" alt=\"ubicacio residencia resest\" data-no-lazy=\"1\" srcset=\"https:\/\/resest.com\/wp-content\/uploads\/2015\/01\/void0-2.jpeg 400w, https:\/\/resest.com\/wp-content\/uploads\/2015\/01\/void0-2-300x266.jpeg 300w\" sizes=\"(max-width: 400px) 100vw, 400px\" \/><\/div><\/div><div class=\"wpex-slider-slide sp-slide\"><div class=\"wpex-slider-media\"><img width=\"400\" height=\"354\" src=\"https:\/\/resest.com\/wp-content\/uploads\/2015\/01\/void0-3.jpeg\" class=\"skip-lazy\" alt=\"ubicacio residencia resest\" data-no-lazy=\"1\" srcset=\"https:\/\/resest.com\/wp-content\/uploads\/2015\/01\/void0-3.jpeg 400w, https:\/\/resest.com\/wp-content\/uploads\/2015\/01\/void0-3-300x266.jpeg 300w\" sizes=\"(max-width: 400px) 100vw, 400px\" \/><\/div><\/div><div class=\"wpex-slider-slide sp-slide\"><div class=\"wpex-slider-media\"><img width=\"400\" height=\"343\" src=\"https:\/\/resest.com\/wp-content\/uploads\/2015\/01\/ajuntament.jpg\" class=\"skip-lazy\" alt=\"ubicacio residencia resest\" data-no-lazy=\"1\" srcset=\"https:\/\/resest.com\/wp-content\/uploads\/2015\/01\/ajuntament.jpg 400w, https:\/\/resest.com\/wp-content\/uploads\/2015\/01\/ajuntament-300x257.jpg 300w\" sizes=\"(max-width: 400px) 100vw, 400px\" \/><\/div><\/div><div class=\"wpex-slider-slide sp-slide\"><div class=\"wpex-slider-media\"><img width=\"1200\" height=\"675\" src=\"https:\/\/resest.com\/wp-content\/uploads\/2019\/03\/FGC.jpg\" class=\"skip-lazy\" alt=\"sabadell\" data-no-lazy=\"1\" srcset=\"https:\/\/resest.com\/wp-content\/uploads\/2019\/03\/FGC.jpg 1200w, https:\/\/resest.com\/wp-content\/uploads\/2019\/03\/FGC-300x169.jpg 300w, https:\/\/resest.com\/wp-content\/uploads\/2019\/03\/FGC-768x432.jpg 768w, https:\/\/resest.com\/wp-content\/uploads\/2019\/03\/FGC-1024x576.jpg 1024w\" sizes=\"(max-width: 1200px) 100vw, 1200px\" \/><\/div><\/div><div class=\"wpex-slider-slide sp-slide\"><div class=\"wpex-slider-media\"><img width=\"400\" height=\"343\" src=\"https:\/\/resest.com\/wp-content\/uploads\/2015\/01\/rambla.jpg\" class=\"skip-lazy\" alt=\"ubicacio residencia resest\" data-no-lazy=\"1\" srcset=\"https:\/\/resest.com\/wp-content\/uploads\/2015\/01\/rambla.jpg 400w, https:\/\/resest.com\/wp-content\/uploads\/2015\/01\/rambla-300x257.jpg 300w\" sizes=\"(max-width: 400px) 100vw, 400px\" \/><\/div><\/div><div class=\"wpex-slider-slide sp-slide\"><div class=\"wpex-slider-media\"><img width=\"400\" height=\"354\" src=\"https:\/\/resest.com\/wp-content\/uploads\/2015\/01\/void0.jpeg\" class=\"skip-lazy\" alt=\"ubicacio residencia resest\" data-no-lazy=\"1\" srcset=\"https:\/\/resest.com\/wp-content\/uploads\/2015\/01\/void0.jpeg 400w, https:\/\/resest.com\/wp-content\/uploads\/2015\/01\/void0-300x266.jpeg 300w\" sizes=\"(max-width: 400px) 100vw, 400px\" \/><\/div><\/div><div class=\"wpex-slider-slide sp-slide\"><div class=\"wpex-slider-media\"><img width=\"400\" height=\"354\" src=\"https:\/\/resest.com\/wp-content\/uploads\/2015\/01\/void0-1.jpeg\" class=\"skip-lazy\" alt=\"ubicacio residencia resest\" data-no-lazy=\"1\" srcset=\"https:\/\/resest.com\/wp-content\/uploads\/2015\/01\/void0-1.jpeg 400w, https:\/\/resest.com\/wp-content\/uploads\/2015\/01\/void0-1-300x266.jpeg 300w\" sizes=\"(max-width: 400px) 100vw, 400px\" \/><\/div><\/div><\/div><div class=\"wpex-slider-thumbnails sp-nc-thumbnails wpex-grid wpex-grid-cols-5\"><img data-no-lazy=\"1\" class=\"wpex-slider-thumbnail wpex-block wpex-w-100 sp-nc-thumbnail skip-lazy\" src=\"https:\/\/resest.com\/wp-content\/uploads\/2015\/01\/void0-2-100x100.jpeg\" alt=\"ubicacio residencia resest\" srcset=\"https:\/\/resest.com\/wp-content\/uploads\/2015\/01\/void0-2-100x100.jpeg 100w, https:\/\/resest.com\/wp-content\/uploads\/2015\/01\/void0-2-150x150.jpeg 150w\" width=\"100\" height=\"100\"><img data-no-lazy=\"1\" class=\"wpex-slider-thumbnail wpex-block wpex-w-100 sp-nc-thumbnail skip-lazy\" src=\"https:\/\/resest.com\/wp-content\/uploads\/2015\/01\/void0-3-100x100.jpeg\" alt=\"ubicacio residencia resest\" srcset=\"https:\/\/resest.com\/wp-content\/uploads\/2015\/01\/void0-3-100x100.jpeg 100w, https:\/\/resest.com\/wp-content\/uploads\/2015\/01\/void0-3-150x150.jpeg 150w\" width=\"100\" height=\"100\"><img data-no-lazy=\"1\" class=\"wpex-slider-thumbnail wpex-block wpex-w-100 sp-nc-thumbnail skip-lazy\" src=\"https:\/\/resest.com\/wp-content\/uploads\/2015\/01\/ajuntament-100x100.jpg\" alt=\"ubicacio residencia resest\" srcset=\"https:\/\/resest.com\/wp-content\/uploads\/2015\/01\/ajuntament-100x100.jpg 100w, https:\/\/resest.com\/wp-content\/uploads\/2015\/01\/ajuntament-150x150.jpg 150w\" width=\"100\" height=\"100\"><img data-no-lazy=\"1\" class=\"wpex-slider-thumbnail wpex-block wpex-w-100 sp-nc-thumbnail skip-lazy\" src=\"https:\/\/resest.com\/wp-content\/uploads\/2019\/03\/FGC-100x100.jpg\" alt=\"sabadell\" srcset=\"https:\/\/resest.com\/wp-content\/uploads\/2019\/03\/FGC-100x100.jpg 100w, https:\/\/resest.com\/wp-content\/uploads\/2019\/03\/FGC-150x150.jpg 150w\" width=\"100\" height=\"100\"><img data-no-lazy=\"1\" class=\"wpex-slider-thumbnail wpex-block wpex-w-100 sp-nc-thumbnail skip-lazy\" src=\"https:\/\/resest.com\/wp-content\/uploads\/2015\/01\/rambla-100x100.jpg\" alt=\"ubicacio residencia resest\" srcset=\"https:\/\/resest.com\/wp-content\/uploads\/2015\/01\/rambla-100x100.jpg 100w, https:\/\/resest.com\/wp-content\/uploads\/2015\/01\/rambla-150x150.jpg 150w\" width=\"100\" height=\"100\"><img data-no-lazy=\"1\" class=\"wpex-slider-thumbnail wpex-block wpex-w-100 sp-nc-thumbnail skip-lazy\" src=\"https:\/\/resest.com\/wp-content\/uploads\/2015\/01\/void0-100x100.jpeg\" alt=\"ubicacio residencia resest\" srcset=\"https:\/\/resest.com\/wp-content\/uploads\/2015\/01\/void0-100x100.jpeg 100w, https:\/\/resest.com\/wp-content\/uploads\/2015\/01\/void0-150x150.jpeg 150w\" width=\"100\" height=\"100\"><img data-no-lazy=\"1\" class=\"wpex-slider-thumbnail wpex-block wpex-w-100 sp-nc-thumbnail skip-lazy\" src=\"https:\/\/resest.com\/wp-content\/uploads\/2015\/01\/void0-1-100x100.jpeg\" alt=\"ubicacio residencia resest\" srcset=\"https:\/\/resest.com\/wp-content\/uploads\/2015\/01\/void0-1-100x100.jpeg 100w, https:\/\/resest.com\/wp-content\/uploads\/2015\/01\/void0-1-150x150.jpeg 150w\" width=\"100\" height=\"100\"><\/div><\/div><\/div>[vc_gmaps link=&#8221;#E-8_JTNDaWZyYW1lJTIwc3JjJTNEJTIyaHR0cHMlM0ElMkYlMkZ3d3cuZ29vZ2xlLmNvbSUyRm1hcHMlMkZlbWJlZCUzRnBiJTNEJTIxMW0xNCUyMTFtOCUyMTFtMyUyMTFkMTE5NDQuNjA2MTU5MjUwOTk2JTIxMmQyLjEwMTUxNSUyMTNkNDEuNTQ0MzE2JTIxM20yJTIxMWkxMDI0JTIxMmk3NjglMjE0ZjEzLjElMjEzbTMlMjExbTIlMjExczB4MCUyNTNBMHgwJTIxMnpOREhDc0RNeUp6TTFMalVpVGlBeXdyQXdOaWN3TlM0d0lrVSUyMTVlMCUyMTNtMiUyMTFzZXMlMjEyc3VzJTIxNHYxNDIyNDU3NTA5OTE0JTIyJTIwd2lkdGglM0QlMjI2MDAlMjIlMjBoZWlnaHQlM0QlMjI2MDAlMjIlMjBmcmFtZWJvcmRlciUzRCUyMjAlMjIlMjBzdHlsZSUzRCUyMmJvcmRlciUzQTAlMjIlM0UlM0MlMkZpZnJhbWUlM0U=&#8221;][\/vc_column][vc_column width=&#8221;1\/3&#8243; el_class=&#8221;small-text&#8221;][vc_column_text el_class=&#8221;normal-text&#8221;]<strong>A peu<\/strong><br \/>\n0\u2019 Estaci\u00f3 FGC (creuar el carrer)<br \/>\n15\u2019 Estaci\u00f3 Renfe Centre[\/vc_column_text][vc_column_text el_class=&#8221;normal-text&#8221;]<strong>Cotxe<\/strong><br \/>\n7\u2019 Universitat Aut\u00f2noma de Barcelona (UAB)<br \/>\n34\u2019 Aeroport Barcelona<br \/>\n50\u2019 Aeroport Girona[\/vc_column_text][vc_column_text el_class=&#8221;normal-text&#8221;]<strong>Tren<\/strong><br \/>\n2\u2019 Centre de Sabadell (FGC, Sabadell Pla\u00e7a Major)<br \/>\n6\u2019 Universitat Aut\u00f2noma de Barcelona (UAB)<br \/>\n6&#8242;\u00a0Intercanviador FGC-Renfe (Sabadell Nord)<br \/>\n9&#8242; Universitat Gimbernat<br \/>\n43\u2019 Pla\u00e7a Catalunya de Barcelona (FGC)[\/vc_column_text][vc_column_text el_class=&#8221;normal-text&#8221;]<strong>Tren + Bus<\/strong><br \/>\n18\u2019 (FGC) + 3\u2019 (Linea 1) Campus Esade Sant Cugat<br \/>\n43\u2019 (FGC) + 35\u2019 (Aerob\u00fas, Pla\u00e7a Catalunya Barcelona) Aeroport Barcelona[\/vc_column_text][vc_column_text el_class=&#8221;normal-text&#8221;]<strong>Bus<\/strong><br \/>\n7\u2019 (TUS Linea 8) Zona comercial nova[\/vc_column_text][\/vc_column][\/vc_row][vc_row][vc_column][vc_column_text css=&#8221;&#8221;]Si busques <strong>resid\u00e8ncies a Sabadell<\/strong> ben connectades amb la <strong>UAB (Bellaterra), ESDI, Universitat Gimbernat o l&#8217;escola d&#8217;aviaci\u00f3<\/strong>, <strong>contacta amb nosaltres per concertar una visita<\/strong>. Mentrestant, pots realitzar un <strong>tour virtual<\/strong> i descobrir les nostres instal\u00b7lacions.[\/vc_column_text][\/vc_column][\/vc_row][vc_row][vc_column][vc_raw_html]JTNDc2NyaXB0JTIwdHlwZSUzRCUyMmFwcGxpY2F0aW9uJTJGbGQlMkJqc29uJTIyJTNFJTBBJTdCJTBBJTIwJTIwJTIyJTQwY29udGV4dCUyMiUzQSUyMCUyMmh0dHBzJTNBJTJGJTJGc2NoZW1hLm9yZyUyMiUyQyUwQSUyMCUyMCUyMiU0MHR5cGUlMjIlM0ElMjAlMjJGQVFQYWdlJTIyJTJDJTBBJTIwJTIwJTIybWFpbkVudGl0eSUyMiUzQSUyMCU1QiU3QiUwQSUyMCUyMCUyMCUyMCUyMiU0MHR5cGUlMjIlM0ElMjAlMjJRdWVzdGlvbiUyMiUyQyUwQSUyMCUyMCUyMCUyMCUyMm5hbWUlMjIlM0ElMjAlMjJVYmljYWNpJUMzJUIzJTIwcmVzaWQlQzMlQThuY2lhJTIwUkVTRVNUJTIyJTJDJTBBJTIwJTIwJTIwJTIwJTIyYWNjZXB0ZWRBbnN3ZXIlMjIlM0ElMjAlN0IlMEElMjAlMjAlMjAlMjAlMjAlMjAlMjIlNDB0eXBlJTIyJTNBJTIwJTIyQW5zd2VyJTIyJTJDJTBBJTIwJTIwJTIwJTIwJTIwJTIwJTIydGV4dCUyMiUzQSUyMCUyMkFtYiUyMHVuYSUyMHViaWNhY2klQzMlQjMlMjBwcml2aWxlZ2lhZGElMkMlMjBsYSUyMFJlc2lkJUMzJUE4bmNpYSUyMGQlRTIlODAlOTlFc3R1ZGlhbnRzJTIwZXN0JUMzJUEwJTIwc2l0dWFkYSUyMGRhdmFudCUyMG1hdGVpeCUyMGRlJTIwbCVFMiU4MCU5OWVzdGFjaSVDMyVCMyUyMGRlbHMlMjBGZXJyb2NhcnJpbHMlMjBkZSUyMGxhJTIwR2VuZXJhbGl0YXQlMjBkZSUyMENhdGFsdW55YSUyMHF1ZSUyMGVubGxhY2VuJTIwU2FiYWRlbGwlMjBhbWIlMjBCYXJjZWxvbmElMkMlMjBhJTIwNiUyMG1pbnV0cyUyMGRlJTIwbGElMjBVbml2ZXJzaXRhdCUyMEF1dCVDMyVCMm5vbWElMjBkZSUyMEJhcmNlbG9uYSUyMGklMjBhJTIwNTAlMjBtZXRyZXMlMjBkZSUyMGxlcyUyMHBhcmFkZXMlMjBkZWxzJTIwYXV0b2J1c29zJTIwdXJiYW5zJTIwZGUlMjBTYWJhZGVsbC4lM0NhJTIwaHJlZiUzRCUyN2h0dHBzJTNBJTJGJTJGcmVzZXN0LmNvbSUyRmNhJTJGdWJpY2FjaW8tcmVzaWRlbmNpYS1lc3R1ZGlhbnRpbC1hLXNhYmFkZWxsLWJhcmNlbG9uYSUyRiUyNyUzRUNsaWMlMjBhcXUlQzMlQUQlM0MlMkZhJTNFJTIwcGFyYSUyMG0lQzMlQTFzJTIwaW5mb3JtYWNpJUMzJUIzbi4lM0MlMkZwJTNFJTIyJTBBJTIwJTIwJTIwJTIwJTdEJTBBJTIwJTIwJTdEJTVEJTBBJTIwJTIwJTdEJTBBJTNDJTJGc2NyaXB0JTNF[\/vc_raw_html][\/vc_column][\/vc_row]\n<\/div>","protected":false},"excerpt":{"rendered":"<p>[vc_row][vc_column][vc_column_text css=&#8221;&#8221;]Triar la nostra resid\u00e8ncia a Sabadell t&#8217;ofereix l&#8217;avantatge d&#8217;una ubicaci\u00f3 immillorable i una excel\u00b7lent connexi\u00f3 amb la Universitat Aut\u00f2noma de Barcelona (UAB) a Bellaterra i amb Barcelona. Ens trobem davant l&#8217;estaci\u00f3 Can Feu &#8211; Gr\u00e0cia de FGC, la qual cosa permet als nostres residents despla\u00e7ar-se de manera r\u00e0pida i eficient. Connexi\u00f3 r\u00e0pida a Bellaterra&hellip;<\/p>\n","protected":false},"author":3,"featured_media":0,"parent":0,"menu_order":0,"comment_status":"closed","ping_status":"closed","template":"","meta":{"footnotes":""},"class_list":["post-39","page","type-page","status-publish","hentry","entry","no-media"],"yoast_head":"<!-- This site is optimized with the Yoast SEO plugin v26.4 - https:\/\/yoast.com\/wordpress\/plugins\/seo\/ -->\n<title>Resid\u00e8ncies: Sabadell | Prop de UAB i Altres Universitats | Resest<\/title>\n<meta name=\"description\" content=\"Busques resid\u00e8ncies a Sabadell? Ubicaci\u00f3 privilegiada, a nom\u00e9s 6 min de la UAB (Bellaterra) i ben connectada amb Barcelona. Informa&#039;t a Resest!\" \/>\n<meta name=\"robots\" content=\"index, follow, max-snippet:-1, max-image-preview:large, max-video-preview:-1\" \/>\n<link rel=\"canonical\" href=\"https:\/\/resest.com\/ca\/ubicacio-residencia-estudiantil-a-sabadell-barcelona\/\" \/>\n<meta property=\"og:locale\" content=\"ca_ES\" \/>\n<meta property=\"og:type\" content=\"article\" \/>\n<meta property=\"og:title\" content=\"Resid\u00e8ncies: Sabadell | Prop de UAB i Altres Universitats | Resest\" \/>\n<meta property=\"og:description\" content=\"Busques resid\u00e8ncies a Sabadell? Ubicaci\u00f3 privilegiada, a nom\u00e9s 6 min de la UAB (Bellaterra) i ben connectada amb Barcelona. Informa&#039;t a Resest!\" \/>\n<meta property=\"og:url\" content=\"https:\/\/resest.com\/ca\/ubicacio-residencia-estudiantil-a-sabadell-barcelona\/\" \/>\n<meta property=\"og:site_name\" content=\"Resid\u00e8ncia d&#039;Estudiants l&#039;Estaci\u00f3 de Sabadell | Resest\" \/>\n<meta property=\"article:modified_time\" content=\"2025-05-21T12:47:51+00:00\" \/>\n<meta name=\"twitter:label1\" content=\"Est. reading time\" \/>\n\t<meta name=\"twitter:data1\" content=\"3 minutes\" \/>\n<script type=\"application\/ld+json\" class=\"yoast-schema-graph\">{\"@context\":\"https:\/\/schema.org\",\"@graph\":[{\"@type\":\"WebPage\",\"@id\":\"https:\/\/resest.com\/ca\/ubicacio-residencia-estudiantil-a-sabadell-barcelona\/\",\"url\":\"https:\/\/resest.com\/ca\/ubicacio-residencia-estudiantil-a-sabadell-barcelona\/\",\"name\":\"Resid\u00e8ncies: Sabadell | Prop de UAB i Altres Universitats | Resest\",\"isPartOf\":{\"@id\":\"https:\/\/resest.com\/ca\/#website\"},\"datePublished\":\"2015-01-13T11:34:08+00:00\",\"dateModified\":\"2025-05-21T12:47:51+00:00\",\"description\":\"Busques resid\u00e8ncies a Sabadell? Ubicaci\u00f3 privilegiada, a nom\u00e9s 6 min de la UAB (Bellaterra) i ben connectada amb Barcelona. Informa't a Resest!\",\"breadcrumb\":{\"@id\":\"https:\/\/resest.com\/ca\/ubicacio-residencia-estudiantil-a-sabadell-barcelona\/#breadcrumb\"},\"inLanguage\":\"ca-ES\",\"potentialAction\":[{\"@type\":\"ReadAction\",\"target\":[\"https:\/\/resest.com\/ca\/ubicacio-residencia-estudiantil-a-sabadell-barcelona\/\"]}]},{\"@type\":\"BreadcrumbList\",\"@id\":\"https:\/\/resest.com\/ca\/ubicacio-residencia-estudiantil-a-sabadell-barcelona\/#breadcrumb\",\"itemListElement\":[{\"@type\":\"ListItem\",\"position\":1,\"name\":\"Inici\",\"item\":\"https:\/\/resest.com\/ca\/\"},{\"@type\":\"ListItem\",\"position\":2,\"name\":\"Ubicaci\u00f3 de la Residencia Estudiants UAB\"}]},{\"@type\":\"WebSite\",\"@id\":\"https:\/\/resest.com\/ca\/#website\",\"url\":\"https:\/\/resest.com\/ca\/\",\"name\":\"Resid\u00e8ncia d&#039;Estudiants l&#039;Estaci\u00f3 de Sabadell | Resest\",\"description\":\"Prop de l\u2019Universitat Aut\u00f2noma de Barcelona (UAB)\",\"publisher\":{\"@id\":\"https:\/\/resest.com\/ca\/#organization\"},\"potentialAction\":[{\"@type\":\"SearchAction\",\"target\":{\"@type\":\"EntryPoint\",\"urlTemplate\":\"https:\/\/resest.com\/ca\/?s={search_term_string}\"},\"query-input\":{\"@type\":\"PropertyValueSpecification\",\"valueRequired\":true,\"valueName\":\"search_term_string\"}}],\"inLanguage\":\"ca-ES\"},{\"@type\":\"Organization\",\"@id\":\"https:\/\/resest.com\/ca\/#organization\",\"name\":\"Resid\u00e8ncia d&#039;Estudiants l&#039;Estaci\u00f3 de Sabadell | Resest\",\"url\":\"https:\/\/resest.com\/ca\/\",\"logo\":{\"@type\":\"ImageObject\",\"inLanguage\":\"ca-ES\",\"@id\":\"https:\/\/resest.com\/ca\/#\/schema\/logo\/image\/\",\"url\":\"https:\/\/resest.com\/wp-content\/uploads\/2024\/03\/Facana-1.jpg\",\"contentUrl\":\"https:\/\/resest.com\/wp-content\/uploads\/2024\/03\/Facana-1.jpg\",\"width\":1200,\"height\":1009,\"caption\":\"Resid\u00e8ncia d&#039;Estudiants l&#039;Estaci\u00f3 de Sabadell | Resest\"},\"image\":{\"@id\":\"https:\/\/resest.com\/ca\/#\/schema\/logo\/image\/\"}}]}<\/script>\n<!-- \/ Yoast SEO plugin. -->","yoast_head_json":{"title":"Resid\u00e8ncies: Sabadell | Prop de UAB i Altres Universitats | Resest","description":"Busques resid\u00e8ncies a Sabadell? Ubicaci\u00f3 privilegiada, a nom\u00e9s 6 min de la UAB (Bellaterra) i ben connectada amb Barcelona. Informa't a Resest!","robots":{"index":"index","follow":"follow","max-snippet":"max-snippet:-1","max-image-preview":"max-image-preview:large","max-video-preview":"max-video-preview:-1"},"canonical":"https:\/\/resest.com\/ca\/ubicacio-residencia-estudiantil-a-sabadell-barcelona\/","og_locale":"ca_ES","og_type":"article","og_title":"Resid\u00e8ncies: Sabadell | Prop de UAB i Altres Universitats | Resest","og_description":"Busques resid\u00e8ncies a Sabadell? Ubicaci\u00f3 privilegiada, a nom\u00e9s 6 min de la UAB (Bellaterra) i ben connectada amb Barcelona. Informa't a Resest!","og_url":"https:\/\/resest.com\/ca\/ubicacio-residencia-estudiantil-a-sabadell-barcelona\/","og_site_name":"Resid\u00e8ncia d&#039;Estudiants l&#039;Estaci\u00f3 de Sabadell | Resest","article_modified_time":"2025-05-21T12:47:51+00:00","twitter_misc":{"Est. reading time":"3 minutes"},"schema":{"@context":"https:\/\/schema.org","@graph":[{"@type":"WebPage","@id":"https:\/\/resest.com\/ca\/ubicacio-residencia-estudiantil-a-sabadell-barcelona\/","url":"https:\/\/resest.com\/ca\/ubicacio-residencia-estudiantil-a-sabadell-barcelona\/","name":"Resid\u00e8ncies: Sabadell | Prop de UAB i Altres Universitats | Resest","isPartOf":{"@id":"https:\/\/resest.com\/ca\/#website"},"datePublished":"2015-01-13T11:34:08+00:00","dateModified":"2025-05-21T12:47:51+00:00","description":"Busques resid\u00e8ncies a Sabadell? Ubicaci\u00f3 privilegiada, a nom\u00e9s 6 min de la UAB (Bellaterra) i ben connectada amb Barcelona. Informa't a Resest!","breadcrumb":{"@id":"https:\/\/resest.com\/ca\/ubicacio-residencia-estudiantil-a-sabadell-barcelona\/#breadcrumb"},"inLanguage":"ca-ES","potentialAction":[{"@type":"ReadAction","target":["https:\/\/resest.com\/ca\/ubicacio-residencia-estudiantil-a-sabadell-barcelona\/"]}]},{"@type":"BreadcrumbList","@id":"https:\/\/resest.com\/ca\/ubicacio-residencia-estudiantil-a-sabadell-barcelona\/#breadcrumb","itemListElement":[{"@type":"ListItem","position":1,"name":"Inici","item":"https:\/\/resest.com\/ca\/"},{"@type":"ListItem","position":2,"name":"Ubicaci\u00f3 de la Residencia Estudiants UAB"}]},{"@type":"WebSite","@id":"https:\/\/resest.com\/ca\/#website","url":"https:\/\/resest.com\/ca\/","name":"Resid\u00e8ncia d&#039;Estudiants l&#039;Estaci\u00f3 de Sabadell | Resest","description":"Prop de l\u2019Universitat Aut\u00f2noma de Barcelona (UAB)","publisher":{"@id":"https:\/\/resest.com\/ca\/#organization"},"potentialAction":[{"@type":"SearchAction","target":{"@type":"EntryPoint","urlTemplate":"https:\/\/resest.com\/ca\/?s={search_term_string}"},"query-input":{"@type":"PropertyValueSpecification","valueRequired":true,"valueName":"search_term_string"}}],"inLanguage":"ca-ES"},{"@type":"Organization","@id":"https:\/\/resest.com\/ca\/#organization","name":"Resid\u00e8ncia d&#039;Estudiants l&#039;Estaci\u00f3 de Sabadell | Resest","url":"https:\/\/resest.com\/ca\/","logo":{"@type":"ImageObject","inLanguage":"ca-ES","@id":"https:\/\/resest.com\/ca\/#\/schema\/logo\/image\/","url":"https:\/\/resest.com\/wp-content\/uploads\/2024\/03\/Facana-1.jpg","contentUrl":"https:\/\/resest.com\/wp-content\/uploads\/2024\/03\/Facana-1.jpg","width":1200,"height":1009,"caption":"Resid\u00e8ncia d&#039;Estudiants l&#039;Estaci\u00f3 de Sabadell | Resest"},"image":{"@id":"https:\/\/resest.com\/ca\/#\/schema\/logo\/image\/"}}]}},"_links":{"self":[{"href":"https:\/\/resest.com\/ca\/wp-json\/wp\/v2\/pages\/39","targetHints":{"allow":["GET"]}}],"collection":[{"href":"https:\/\/resest.com\/ca\/wp-json\/wp\/v2\/pages"}],"about":[{"href":"https:\/\/resest.com\/ca\/wp-json\/wp\/v2\/types\/page"}],"author":[{"embeddable":true,"href":"https:\/\/resest.com\/ca\/wp-json\/wp\/v2\/users\/3"}],"replies":[{"embeddable":true,"href":"https:\/\/resest.com\/ca\/wp-json\/wp\/v2\/comments?post=39"}],"version-history":[{"count":0,"href":"https:\/\/resest.com\/ca\/wp-json\/wp\/v2\/pages\/39\/revisions"}],"wp:attachment":[{"href":"https:\/\/resest.com\/ca\/wp-json\/wp\/v2\/media?parent=39"}],"curies":[{"name":"wp","href":"https:\/\/api.w.org\/{rel}","templated":true}]}}