{"id":30,"date":"2015-01-13T12:32:48","date_gmt":"2015-01-13T11:32:48","guid":{"rendered":"http:\/\/resest.com\/?page_id=30"},"modified":"2025-05-21T14:31:32","modified_gmt":"2025-05-21T12:31:32","slug":"habitacions-residencia-estudiantil-sabadell-barcelona","status":"publish","type":"page","link":"https:\/\/resest.com\/ca\/habitacions-residencia-estudiantil-sabadell-barcelona\/","title":{"rendered":"Habitacions a Sabadell \u2013 Resid\u00e8ncia d&#8217;estudiants Resest"},"content":{"rendered":"<div class=\"wpb-content-wrapper\">[vc_row][vc_column]<style>.vcex-heading.vcex_69f0a96d0b1a7{font-size:36px;text-transform:uppercase;}<\/style><h1 class=\"vcex-heading vcex-heading-plain vcex-module wpex-heading wpex-text-2xl wpex-mb-25 vcex_69f0a96d0b1a7\"><span class=\"vcex-heading-inner wpex-inline-block\">Habitacions a Sabadell \u2013 Resid\u00e8ncia d&#8217;estudiants Resest<\/span><\/h1>[vc_column_text css=&#8221;&#8221;]La <strong>Resid\u00e8ncia d&#8217;Estudiants L&#8217;Estaci\u00f3<\/strong> ofereix <strong>habitacions a Sabadell<\/strong> dissenyades per a la comoditat i l&#8217;estudi. Ubicada en un punt estrat\u00e8gic, a prop de la <strong>Universitat Aut\u00f2noma de Barcelona (UAB)<\/strong> i amb excel\u00b7lent connexi\u00f3 a <strong>Barcelona<\/strong>, la nostra resid\u00e8ncia compta amb <strong>18 habitacions dobles<\/strong> amb capacitat per\u00a0 a <strong>36 estudiants<\/strong>, assegurant un ambient segur, funcional i acollidor.<\/p>\n<p><strong>Ubicada a Sabadell, al costat de l&#8217;estaci\u00f3 Can Feu &#8211; Gr\u00e0cia de FGC<\/strong>, la resid\u00e8ncia permet arribar a la <strong>Universitat Aut\u00f2noma de Barcelona (UAB) en nom\u00e9s 5 minuts<\/strong>. Tamb\u00e9 compta amb parades d&#8217;autobusos properes per moure&#8217;s f\u00e0cilment per la ciutat.[\/vc_column_text][\/vc_column][\/vc_row][vc_row][vc_column width=&#8221;1\/2&#8243;]<div class=\"wpex-slider-preloaderimg \"><img width=\"800\" height=\"1200\" src=\"https:\/\/resest.com\/wp-content\/uploads\/2024\/07\/ResiEstudiants-42.jpg\" class=\"skip-lazy\" alt=\"\" data-no-lazy=\"1\" srcset=\"https:\/\/resest.com\/wp-content\/uploads\/2024\/07\/ResiEstudiants-42.jpg 800w, https:\/\/resest.com\/wp-content\/uploads\/2024\/07\/ResiEstudiants-42-200x300.jpg 200w, https:\/\/resest.com\/wp-content\/uploads\/2024\/07\/ResiEstudiants-42-683x1024.jpg 683w, https:\/\/resest.com\/wp-content\/uploads\/2024\/07\/ResiEstudiants-42-768x1152.jpg 768w\" sizes=\"(max-width: 800px) 100vw, 800px\" \/><\/div><div class=\"vcex-module wpex-slider slider-pro no-margin-thumbnails vcex-image-gallery-slider\" data-thumbnails=\"true\" data-thumbnail-height=\"auto\" data-auto-play-delay=\"5000\" data-animation-speed=\"600\" data-height-animation-duration=\"500\"><div class=\"wpex-slider-slides sp-slides\"><div class=\"wpex-slider-slide sp-slide\"><div class=\"wpex-slider-media\"><img width=\"800\" height=\"1200\" src=\"https:\/\/resest.com\/wp-content\/uploads\/2024\/07\/ResiEstudiants-42.jpg\" class=\"skip-lazy\" alt=\"\" data-no-lazy=\"1\" srcset=\"https:\/\/resest.com\/wp-content\/uploads\/2024\/07\/ResiEstudiants-42.jpg 800w, https:\/\/resest.com\/wp-content\/uploads\/2024\/07\/ResiEstudiants-42-200x300.jpg 200w, https:\/\/resest.com\/wp-content\/uploads\/2024\/07\/ResiEstudiants-42-683x1024.jpg 683w, https:\/\/resest.com\/wp-content\/uploads\/2024\/07\/ResiEstudiants-42-768x1152.jpg 768w\" sizes=\"(max-width: 800px) 100vw, 800px\" \/><\/div><\/div><div class=\"wpex-slider-slide sp-slide\"><div class=\"wpex-slider-media\"><img width=\"803\" height=\"1200\" src=\"https:\/\/resest.com\/wp-content\/uploads\/2024\/07\/ResiEstudiants-34.jpg\" class=\"skip-lazy\" alt=\"\" data-no-lazy=\"1\" srcset=\"https:\/\/resest.com\/wp-content\/uploads\/2024\/07\/ResiEstudiants-34.jpg 803w, https:\/\/resest.com\/wp-content\/uploads\/2024\/07\/ResiEstudiants-34-201x300.jpg 201w, https:\/\/resest.com\/wp-content\/uploads\/2024\/07\/ResiEstudiants-34-685x1024.jpg 685w, https:\/\/resest.com\/wp-content\/uploads\/2024\/07\/ResiEstudiants-34-768x1148.jpg 768w\" sizes=\"(max-width: 803px) 100vw, 803px\" \/><\/div><\/div><div class=\"wpex-slider-slide sp-slide\"><div class=\"wpex-slider-media\"><img width=\"1200\" height=\"800\" src=\"https:\/\/resest.com\/wp-content\/uploads\/2024\/07\/ResiEstudiants-32.jpg\" class=\"skip-lazy\" alt=\"\" data-no-lazy=\"1\" srcset=\"https:\/\/resest.com\/wp-content\/uploads\/2024\/07\/ResiEstudiants-32.jpg 1200w, https:\/\/resest.com\/wp-content\/uploads\/2024\/07\/ResiEstudiants-32-300x200.jpg 300w, https:\/\/resest.com\/wp-content\/uploads\/2024\/07\/ResiEstudiants-32-1024x683.jpg 1024w, https:\/\/resest.com\/wp-content\/uploads\/2024\/07\/ResiEstudiants-32-768x512.jpg 768w\" sizes=\"(max-width: 1200px) 100vw, 1200px\" \/><\/div><\/div><div class=\"wpex-slider-slide sp-slide\"><div class=\"wpex-slider-media\"><img width=\"1200\" height=\"800\" src=\"https:\/\/resest.com\/wp-content\/uploads\/2024\/07\/ResiEstudiants-31.jpg\" class=\"skip-lazy\" alt=\"\" data-no-lazy=\"1\" srcset=\"https:\/\/resest.com\/wp-content\/uploads\/2024\/07\/ResiEstudiants-31.jpg 1200w, https:\/\/resest.com\/wp-content\/uploads\/2024\/07\/ResiEstudiants-31-300x200.jpg 300w, https:\/\/resest.com\/wp-content\/uploads\/2024\/07\/ResiEstudiants-31-1024x683.jpg 1024w, https:\/\/resest.com\/wp-content\/uploads\/2024\/07\/ResiEstudiants-31-768x512.jpg 768w\" sizes=\"(max-width: 1200px) 100vw, 1200px\" \/><\/div><\/div><div class=\"wpex-slider-slide sp-slide\"><div class=\"wpex-slider-media\"><img width=\"1200\" height=\"800\" src=\"https:\/\/resest.com\/wp-content\/uploads\/2024\/07\/ResiEstudiants-33.jpg\" class=\"skip-lazy\" alt=\"\" data-no-lazy=\"1\" srcset=\"https:\/\/resest.com\/wp-content\/uploads\/2024\/07\/ResiEstudiants-33.jpg 1200w, https:\/\/resest.com\/wp-content\/uploads\/2024\/07\/ResiEstudiants-33-300x200.jpg 300w, https:\/\/resest.com\/wp-content\/uploads\/2024\/07\/ResiEstudiants-33-1024x683.jpg 1024w, https:\/\/resest.com\/wp-content\/uploads\/2024\/07\/ResiEstudiants-33-768x512.jpg 768w\" sizes=\"(max-width: 1200px) 100vw, 1200px\" \/><\/div><\/div><div class=\"wpex-slider-slide sp-slide\"><div class=\"wpex-slider-media\"><img width=\"1200\" height=\"801\" src=\"https:\/\/resest.com\/wp-content\/uploads\/2024\/07\/ResiEstudiants-37.jpg\" class=\"skip-lazy\" alt=\"\" data-no-lazy=\"1\" srcset=\"https:\/\/resest.com\/wp-content\/uploads\/2024\/07\/ResiEstudiants-37.jpg 1200w, https:\/\/resest.com\/wp-content\/uploads\/2024\/07\/ResiEstudiants-37-300x200.jpg 300w, https:\/\/resest.com\/wp-content\/uploads\/2024\/07\/ResiEstudiants-37-1024x684.jpg 1024w, https:\/\/resest.com\/wp-content\/uploads\/2024\/07\/ResiEstudiants-37-768x513.jpg 768w\" sizes=\"(max-width: 1200px) 100vw, 1200px\" \/><\/div><\/div><div class=\"wpex-slider-slide sp-slide\"><div class=\"wpex-slider-media\"><img width=\"1200\" height=\"799\" src=\"https:\/\/resest.com\/wp-content\/uploads\/2024\/07\/ResiEstudiants-36.jpg\" class=\"skip-lazy\" alt=\"\" data-no-lazy=\"1\" srcset=\"https:\/\/resest.com\/wp-content\/uploads\/2024\/07\/ResiEstudiants-36.jpg 1200w, https:\/\/resest.com\/wp-content\/uploads\/2024\/07\/ResiEstudiants-36-300x200.jpg 300w, https:\/\/resest.com\/wp-content\/uploads\/2024\/07\/ResiEstudiants-36-1024x682.jpg 1024w, https:\/\/resest.com\/wp-content\/uploads\/2024\/07\/ResiEstudiants-36-768x511.jpg 768w\" sizes=\"(max-width: 1200px) 100vw, 1200px\" \/><\/div><\/div><div class=\"wpex-slider-slide sp-slide\"><div class=\"wpex-slider-media\"><img width=\"1200\" height=\"800\" src=\"https:\/\/resest.com\/wp-content\/uploads\/2024\/07\/ResiEstudiants-39.jpg\" class=\"skip-lazy\" alt=\"\" data-no-lazy=\"1\" srcset=\"https:\/\/resest.com\/wp-content\/uploads\/2024\/07\/ResiEstudiants-39.jpg 1200w, https:\/\/resest.com\/wp-content\/uploads\/2024\/07\/ResiEstudiants-39-300x200.jpg 300w, https:\/\/resest.com\/wp-content\/uploads\/2024\/07\/ResiEstudiants-39-1024x683.jpg 1024w, https:\/\/resest.com\/wp-content\/uploads\/2024\/07\/ResiEstudiants-39-768x512.jpg 768w\" sizes=\"(max-width: 1200px) 100vw, 1200px\" \/><\/div><\/div><div class=\"wpex-slider-slide sp-slide\"><div class=\"wpex-slider-media\"><img width=\"1200\" height=\"800\" src=\"https:\/\/resest.com\/wp-content\/uploads\/2024\/07\/ResiEstudiantsd_Extres-2.jpg\" class=\"skip-lazy\" alt=\"\" data-no-lazy=\"1\" srcset=\"https:\/\/resest.com\/wp-content\/uploads\/2024\/07\/ResiEstudiantsd_Extres-2.jpg 1200w, https:\/\/resest.com\/wp-content\/uploads\/2024\/07\/ResiEstudiantsd_Extres-2-300x200.jpg 300w, https:\/\/resest.com\/wp-content\/uploads\/2024\/07\/ResiEstudiantsd_Extres-2-1024x683.jpg 1024w, https:\/\/resest.com\/wp-content\/uploads\/2024\/07\/ResiEstudiantsd_Extres-2-768x512.jpg 768w\" sizes=\"(max-width: 1200px) 100vw, 1200px\" \/><\/div><\/div><\/div><div class=\"wpex-slider-thumbnails sp-nc-thumbnails wpex-grid wpex-grid-cols-5\"><img data-no-lazy=\"1\" class=\"wpex-slider-thumbnail wpex-block wpex-w-100 sp-nc-thumbnail skip-lazy\" src=\"https:\/\/resest.com\/wp-content\/uploads\/2024\/07\/ResiEstudiants-42-100x100.jpg\" alt=\"\" srcset=\"https:\/\/resest.com\/wp-content\/uploads\/2024\/07\/ResiEstudiants-42-100x100.jpg 100w, https:\/\/resest.com\/wp-content\/uploads\/2024\/07\/ResiEstudiants-42-150x150.jpg 150w\" width=\"100\" height=\"100\"><img data-no-lazy=\"1\" class=\"wpex-slider-thumbnail wpex-block wpex-w-100 sp-nc-thumbnail skip-lazy\" src=\"https:\/\/resest.com\/wp-content\/uploads\/2024\/07\/ResiEstudiants-34-100x100.jpg\" alt=\"\" srcset=\"https:\/\/resest.com\/wp-content\/uploads\/2024\/07\/ResiEstudiants-34-100x100.jpg 100w, https:\/\/resest.com\/wp-content\/uploads\/2024\/07\/ResiEstudiants-34-150x150.jpg 150w\" width=\"100\" height=\"100\"><img data-no-lazy=\"1\" class=\"wpex-slider-thumbnail wpex-block wpex-w-100 sp-nc-thumbnail skip-lazy\" src=\"https:\/\/resest.com\/wp-content\/uploads\/2024\/07\/ResiEstudiants-32-100x100.jpg\" alt=\"\" srcset=\"https:\/\/resest.com\/wp-content\/uploads\/2024\/07\/ResiEstudiants-32-100x100.jpg 100w, https:\/\/resest.com\/wp-content\/uploads\/2024\/07\/ResiEstudiants-32-150x150.jpg 150w\" width=\"100\" height=\"100\"><img data-no-lazy=\"1\" class=\"wpex-slider-thumbnail wpex-block wpex-w-100 sp-nc-thumbnail skip-lazy\" src=\"https:\/\/resest.com\/wp-content\/uploads\/2024\/07\/ResiEstudiants-31-100x100.jpg\" alt=\"\" srcset=\"https:\/\/resest.com\/wp-content\/uploads\/2024\/07\/ResiEstudiants-31-100x100.jpg 100w, https:\/\/resest.com\/wp-content\/uploads\/2024\/07\/ResiEstudiants-31-150x150.jpg 150w\" width=\"100\" height=\"100\"><img data-no-lazy=\"1\" class=\"wpex-slider-thumbnail wpex-block wpex-w-100 sp-nc-thumbnail skip-lazy\" src=\"https:\/\/resest.com\/wp-content\/uploads\/2024\/07\/ResiEstudiants-33-100x100.jpg\" alt=\"\" srcset=\"https:\/\/resest.com\/wp-content\/uploads\/2024\/07\/ResiEstudiants-33-100x100.jpg 100w, https:\/\/resest.com\/wp-content\/uploads\/2024\/07\/ResiEstudiants-33-150x150.jpg 150w\" width=\"100\" height=\"100\"><img data-no-lazy=\"1\" class=\"wpex-slider-thumbnail wpex-block wpex-w-100 sp-nc-thumbnail skip-lazy\" src=\"https:\/\/resest.com\/wp-content\/uploads\/2024\/07\/ResiEstudiants-37-100x100.jpg\" alt=\"\" srcset=\"https:\/\/resest.com\/wp-content\/uploads\/2024\/07\/ResiEstudiants-37-100x100.jpg 100w, https:\/\/resest.com\/wp-content\/uploads\/2024\/07\/ResiEstudiants-37-150x150.jpg 150w\" width=\"100\" height=\"100\"><img data-no-lazy=\"1\" class=\"wpex-slider-thumbnail wpex-block wpex-w-100 sp-nc-thumbnail skip-lazy\" src=\"https:\/\/resest.com\/wp-content\/uploads\/2024\/07\/ResiEstudiants-36-100x100.jpg\" alt=\"\" srcset=\"https:\/\/resest.com\/wp-content\/uploads\/2024\/07\/ResiEstudiants-36-100x100.jpg 100w, https:\/\/resest.com\/wp-content\/uploads\/2024\/07\/ResiEstudiants-36-150x150.jpg 150w\" width=\"100\" height=\"100\"><img data-no-lazy=\"1\" class=\"wpex-slider-thumbnail wpex-block wpex-w-100 sp-nc-thumbnail skip-lazy\" src=\"https:\/\/resest.com\/wp-content\/uploads\/2024\/07\/ResiEstudiants-39-100x100.jpg\" alt=\"\" srcset=\"https:\/\/resest.com\/wp-content\/uploads\/2024\/07\/ResiEstudiants-39-100x100.jpg 100w, https:\/\/resest.com\/wp-content\/uploads\/2024\/07\/ResiEstudiants-39-150x150.jpg 150w\" width=\"100\" height=\"100\"><img data-no-lazy=\"1\" class=\"wpex-slider-thumbnail wpex-block wpex-w-100 sp-nc-thumbnail skip-lazy\" src=\"https:\/\/resest.com\/wp-content\/uploads\/2024\/07\/ResiEstudiantsd_Extres-2-100x100.jpg\" alt=\"\" srcset=\"https:\/\/resest.com\/wp-content\/uploads\/2024\/07\/ResiEstudiantsd_Extres-2-100x100.jpg 100w, https:\/\/resest.com\/wp-content\/uploads\/2024\/07\/ResiEstudiantsd_Extres-2-150x150.jpg 150w\" width=\"100\" height=\"100\"><\/div><\/div>[\/vc_column][vc_column width=&#8221;1\/2&#8243;][vc_column_text css=&#8221;&#8221; el_class=&#8221;normal-text&#8221;]\n<h2 style=\"text-align: justify;\"><strong>Habitacions \u00e0mplies i ben equipades<\/strong><\/h2>\n<p>Cada habitaci\u00f3 ha estat dissenyada per proporcionar un entorn c\u00f2mode i independent. Els equipaments b\u00e0sics inclouen:<\/p>\n<ul>\n<li><strong>Habitacions de 20m2<\/strong>, espais i dissenyades amb un enfocament minimalista i modern, totes elles amb balc\u00f3 exterior que aporta abundant llum natural, creant un ambient fresc i llumin\u00f3s per estudiar i relaxar-se.<\/li>\n<li><strong>Balc\u00f3 exterior<\/strong>, aportant llum natural i vistes enlairades, creant un ambient fresc i llumin\u00f3s per estudiar i relaxar-se.<\/li>\n<li><strong>2 llits confortables de 90 x 190\/200 cm<\/strong>, ideals per descansar despr\u00e9s d&#8217;un dia llarg d&#8217;estudis o activitats extracurriculars.<\/li>\n<li><strong>Un moble prestatgeria<\/strong> de separaci\u00f3 entre els llits, que proporciona privacitat i ajuda a crear dos espais de descans independents a cada habitaci\u00f3.<\/li>\n<li><strong>2 taules escriptori<\/strong> \u00e0mplies, equipades amb calaixos per organitzar els teus materials d&#8217;estudi, i 2 cadires ergon\u00f2miques que asseguren un espai d&#8217;estudi confortable durant llargues hores.<\/li>\n<li><strong>Prestatgeries addicionals<\/strong> per a llibres i altres materials acad\u00e8mics, la qual cosa facilita mantenir l&#8217; habitaci\u00f3 ordenada i l&#8217; acc\u00e9s als materials d&#8217; estudi.<\/li>\n<li><strong>Mini-nevera, <\/strong>ideal per emmagatzemar refrigeris i begudes, permetent tenir a m\u00e0 aliments favorits.<\/li>\n<\/ul>\n[\/vc_column_text][\/vc_column][\/vc_row][vc_row][vc_column][vc_column_text css=&#8221;&#8221;]\n<ul>\n<li>Una <strong>caixa de seguretat<\/strong> a cada habitaci\u00f3 per guardar objectes de valor, proporcionant tranquil\u00b7litat i seguretat.<\/li>\n<li><strong>2 armaris robers individuals i 2 armaris altell individuals<\/strong>, que ofereixen suficient espai d&#8217; emmagatzematge per a roba i pertinences personals.<\/li>\n<li><strong>Tel\u00e8fon<\/strong> a cada habitaci\u00f3, facilitant la comunicaci\u00f3 amb altres residents o el contacte amb l&#8217; exterior.<\/li>\n<li><strong>Acc\u00e9s a Internet i wifi<\/strong> d&#8217; alta velocitat, essencial per a la investigaci\u00f3 acad\u00e8mica i la comunicaci\u00f3 en l\u00ednia.<\/li>\n<li>Una <strong>cambra de bany privat<\/strong>, per a la higiene amb espai per guardar les teves pertinences.<\/li>\n<li><strong>Climatitzaci\u00f3 regulable<\/strong>, permetent ajustar la temperatura de l&#8217;habitaci\u00f3 a la teva prefer\u00e8ncia, garantint un ambient confortable a totes les estacions de l&#8217;any.<\/li>\n<li><strong>Cortines opaques<\/strong>, permetent controlar la llum exterior segons les necessitats de l&#8217; estudiant.<\/li>\n<li><strong>Tarifa plana per a trucades a tel\u00e8fons fixos nacionals, <\/strong>la qual cosa facilita mantenir el contacte amb la fam\u00edlia i amics costos addicionals.<\/li>\n<li><strong>Servei de neteja setmanal<\/strong> de l&#8217;habitaci\u00f3 i el bany.<\/li>\n<\/ul>\n<p>Les habitacions han estat dissenyades perqu\u00e8 els residents puguin <strong>estudiar sense interrupcions<\/strong>. La distribuci\u00f3 d&#8217;escriptoris i fonts de llum evita mol\u00e8sties entre companys. A m\u00e9s, en situacions espec\u00edfiques, algunes habitacions poden destinar-se a <strong>\u00fas individual<\/strong>, oferint major privacitat.<\/p>\n<ul>\n<li style=\"list-style-type: none;\"><\/li>\n<\/ul>\n[\/vc_column_text][vc_column_text css=&#8221;&#8221; el_class=&#8221;normal-text&#8221;]\n<h2 style=\"text-align: justify;\"><strong>Serveis addicionals i opcions personalitzades<\/strong><\/h2>\n<p>Per millorar encara m\u00e9s l&#8217; estada, els residents poden optar per <strong>serveis addicionals<\/strong> com:<\/p>\n<ul>\n<li><strong>Impressora-esc\u00e0ner particular a<\/strong> l&#8217; habitaci\u00f3, facilitant el treball acad\u00e8mic.<\/li>\n<li><strong>Canvi i subministrament setmanal de llen\u00e7ols i tovalloles<\/strong>, assegurant major comoditat.<\/li>\n<li><strong>Possibilitat de triar company\/a d&#8217;habitaci\u00f3<\/strong>, per als qui desitgin compartir estada amb alg\u00fa conegut.<\/li>\n<\/ul>\n<p>A m\u00e9s, les habitacions dobles estan dissenyades per compartir, assignant sempre companys del mateix sexe, promovent la conviv\u00e8ncia i el respecte a la privacitat.<\/p>\n<p>Si busques <strong>habitacions a Sabadell<\/strong> ben equipades, segures i amb una ubicaci\u00f3 immillorable, la <strong>Resid\u00e8ncia d&#8217;Estudiants L&#8217;Estaci\u00f3<\/strong> \u00e9s la millor opci\u00f3 per a la teva vida universit\u00e0ria.<\/p>\n<p><strong>Consulta disponibilitat i reserva la teva pla\u00e7a.<\/strong>[\/vc_column_text][vc_raw_html]JTNDc2NyaXB0JTIwdHlwZSUzRCUyMmFwcGxpY2F0aW9uJTJGbGQlMkJqc29uJTIyJTNFJTBBJTdCJTBBJTIwJTIwJTIyJTQwY29udGV4dCUyMiUzQSUyMCUyMmh0dHBzJTNBJTJGJTJGc2NoZW1hLm9yZyUyMiUyQyUwQSUyMCUyMCUyMiU0MHR5cGUlMjIlM0ElMjAlMjJGQVFQYWdlJTIyJTJDJTBBJTIwJTIwJTIybWFpbkVudGl0eSUyMiUzQSUyMCU1QiU3QiUwQSUyMCUyMCUyMCUyMCUyMiU0MHR5cGUlMjIlM0ElMjAlMjJRdWVzdGlvbiUyMiUyQyUwQSUyMCUyMCUyMCUyMCUyMm5hbWUlMjIlM0ElMjAlMjJRdWFudGVzJTIwaGFiaXRhY2lvbnMlMjBoaSUyMGhhJTIwYSUyMFJFU0VTVCUzRiUyMiUyQyUwQSUyMCUyMCUyMCUyMCUyMmFjY2VwdGVkQW5zd2VyJTIyJTNBJTIwJTdCJTBBJTIwJTIwJTIwJTIwJTIwJTIwJTIyJTQwdHlwZSUyMiUzQSUyMCUyMkFuc3dlciUyMiUyQyUwQSUyMCUyMCUyMCUyMCUyMCUyMCUyMnRleHQlMjIlM0ElMjAlMjJMYSUyMFJlc2lkJUMzJUE4bmNpYSUyMHBlciUyMGElMjBlc3R1ZGlhbnRzJTIwZGUlMjBTYWJhZGVsbCUyMCUyOEJhcmNlbG9uYSUyOSUyQyUyMGVzdCVDMyVBMCUyMGRvdGFkYSUyMGFtYiUyMDE4JTIwaGFiaXRhY2lvbnMlMjBkb2JsZXMlMkMlMjAlQzMlQTlzJTIwYSUyMGRpciUyQyUyMHF1ZSUyMHQlQzMlQTklMjBjYXBhY2l0YXQlMjBwZXIlMjBhJTIwdW4lMjB0b3RhbCUyMGRlJTIwMzYlMjBlc3R1ZGlhbnRzLiUyMFRvdGVzJTIwZWxsZXMlMjBkaXNwb3NlbiUyMGRlJTIwYmFsYyVDMyVCMyUyMGV4dGVyaW9yJTJDJTIwc2FsYSUyMGRlJTIwYmFueSUyQyUyMGNsaW1hdGl0emFjaSVDMyVCMyUyQyUyMGdyYW5zJTIwZmluZXN0cmVzJTIwcXVlJTIwZGVpeGVuJTIwcGFzc2FyJTIwbW9sdGElMjBsbHVtJTIwaSUyMGNvcnRpbmVzJTIwcXVlJTIwYmxvcXVlamVuJTIwdG90YWxtZW50JTIwZWwlMjBzb2wlMkMlMjBlbnRyZSUyMGQlRTIlODAlOTlhbHRyZXMlMkMlMjBhJTIwbSVDMyVBOXMlMjBhJTIwbSVDMyVBOXMlMjBkZSUyMHNlcnZlaSUyMGQlRTIlODAlOTlpbnRlcm5ldCUyQyUyMHRlbCVDMyVBOGZvbiUyMGklMjBuZXRlamElMjBkZSUyMGwlRTIlODAlOTloYWJpdGFjaSVDMyVCMyUyQyUyMHRvdCUyMGluY2wlQzMlQjJzJTIwZW4lMjBlbCUyMHByZXUuJTNDYSUyMGhyZWYlM0QlMjdodHRwcyUzQSUyRiUyRnJlc2VzdC5jb20lMkZjYSUyRmhhYml0YWNpb25zLXJlc2lkZW5jaWEtZXN0dWRpYW50aWwtc2FiYWRlbGwtYmFyY2Vsb25hJTJGJTI3JTNFQ2xpYyUyMGFxdSVDMyVBRCUzQyUyRmElM0UlMjBwYXJhJTIwbSVDMyVBMXMlMjBpbmZvcm1hY2klQzMlQjNuLiUzQyUyRnAlM0UlMjIlMEElMjAlMjAlMjAlMjAlN0QlMEElMjAlMjAlN0QlNUQlMEElMjAlMjAlN0QlMEElM0MlMkZzY3JpcHQlM0U=[\/vc_raw_html][\/vc_column][\/vc_row][vc_row][vc_column][\/vc_column][\/vc_row]\n<\/div>","protected":false},"excerpt":{"rendered":"<p>[vc_row][vc_column][vc_column_text css=&#8221;&#8221;]La Resid\u00e8ncia d&#8217;Estudiants L&#8217;Estaci\u00f3 ofereix habitacions a Sabadell dissenyades per a la comoditat i l&#8217;estudi. Ubicada en un punt estrat\u00e8gic, a prop de la Universitat Aut\u00f2noma de Barcelona (UAB) i amb excel\u00b7lent connexi\u00f3 a Barcelona, la nostra resid\u00e8ncia compta amb 18 habitacions dobles amb capacitat per\u00a0 a 36 estudiants, assegurant un ambient segur, funcional&hellip;<\/p>\n","protected":false},"author":3,"featured_media":0,"parent":0,"menu_order":0,"comment_status":"closed","ping_status":"closed","template":"","meta":{"footnotes":""},"class_list":["post-30","page","type-page","status-publish","hentry","entry","no-media"],"yoast_head":"<!-- This site is optimized with the Yoast SEO plugin v26.4 - https:\/\/yoast.com\/wordpress\/plugins\/seo\/ -->\n<title>Habitacions a Sabadell | Resid\u00e8ncia per a Estudiants - Resest<\/title>\n<meta name=\"description\" content=\"Descobreix les nostres habitacions a Sabadell, a prop de la UAB i Barcelona. Confort, serveis i fotos de la resid\u00e8ncia. Informa&#039;t ara!\" \/>\n<meta name=\"robots\" content=\"index, follow, max-snippet:-1, max-image-preview:large, max-video-preview:-1\" \/>\n<link rel=\"canonical\" href=\"https:\/\/resest.com\/ca\/habitacions-residencia-estudiantil-sabadell-barcelona\/\" \/>\n<meta property=\"og:locale\" content=\"ca_ES\" \/>\n<meta property=\"og:type\" content=\"article\" \/>\n<meta property=\"og:title\" content=\"Habitacions a Sabadell | Resid\u00e8ncia per a Estudiants - Resest\" \/>\n<meta property=\"og:description\" content=\"Descobreix les nostres habitacions a Sabadell, a prop de la UAB i Barcelona. Confort, serveis i fotos de la resid\u00e8ncia. Informa&#039;t ara!\" \/>\n<meta property=\"og:url\" content=\"https:\/\/resest.com\/ca\/habitacions-residencia-estudiantil-sabadell-barcelona\/\" \/>\n<meta property=\"og:site_name\" content=\"Resid\u00e8ncia d&#039;Estudiants l&#039;Estaci\u00f3 de Sabadell | Resest\" \/>\n<meta property=\"article:modified_time\" content=\"2025-05-21T12:31:32+00:00\" \/>\n<meta name=\"twitter:label1\" content=\"Est. reading time\" \/>\n\t<meta name=\"twitter:data1\" content=\"4 minutes\" \/>\n<script type=\"application\/ld+json\" class=\"yoast-schema-graph\">{\"@context\":\"https:\/\/schema.org\",\"@graph\":[{\"@type\":\"WebPage\",\"@id\":\"https:\/\/resest.com\/ca\/habitacions-residencia-estudiantil-sabadell-barcelona\/\",\"url\":\"https:\/\/resest.com\/ca\/habitacions-residencia-estudiantil-sabadell-barcelona\/\",\"name\":\"Habitacions a Sabadell | Resid\u00e8ncia per a Estudiants - Resest\",\"isPartOf\":{\"@id\":\"https:\/\/resest.com\/ca\/#website\"},\"datePublished\":\"2015-01-13T11:32:48+00:00\",\"dateModified\":\"2025-05-21T12:31:32+00:00\",\"description\":\"Descobreix les nostres habitacions a Sabadell, a prop de la UAB i Barcelona. Confort, serveis i fotos de la resid\u00e8ncia. Informa't ara!\",\"breadcrumb\":{\"@id\":\"https:\/\/resest.com\/ca\/habitacions-residencia-estudiantil-sabadell-barcelona\/#breadcrumb\"},\"inLanguage\":\"ca-ES\",\"potentialAction\":[{\"@type\":\"ReadAction\",\"target\":[\"https:\/\/resest.com\/ca\/habitacions-residencia-estudiantil-sabadell-barcelona\/\"]}]},{\"@type\":\"BreadcrumbList\",\"@id\":\"https:\/\/resest.com\/ca\/habitacions-residencia-estudiantil-sabadell-barcelona\/#breadcrumb\",\"itemListElement\":[{\"@type\":\"ListItem\",\"position\":1,\"name\":\"Inici\",\"item\":\"https:\/\/resest.com\/ca\/\"},{\"@type\":\"ListItem\",\"position\":2,\"name\":\"Habitacions a Sabadell \u2013 Resid\u00e8ncia d&#8217;estudiants Resest\"}]},{\"@type\":\"WebSite\",\"@id\":\"https:\/\/resest.com\/ca\/#website\",\"url\":\"https:\/\/resest.com\/ca\/\",\"name\":\"Resid\u00e8ncia d&#039;Estudiants l&#039;Estaci\u00f3 de Sabadell | Resest\",\"description\":\"Prop de l\u2019Universitat Aut\u00f2noma de Barcelona (UAB)\",\"publisher\":{\"@id\":\"https:\/\/resest.com\/ca\/#organization\"},\"potentialAction\":[{\"@type\":\"SearchAction\",\"target\":{\"@type\":\"EntryPoint\",\"urlTemplate\":\"https:\/\/resest.com\/ca\/?s={search_term_string}\"},\"query-input\":{\"@type\":\"PropertyValueSpecification\",\"valueRequired\":true,\"valueName\":\"search_term_string\"}}],\"inLanguage\":\"ca-ES\"},{\"@type\":\"Organization\",\"@id\":\"https:\/\/resest.com\/ca\/#organization\",\"name\":\"Resid\u00e8ncia d&#039;Estudiants l&#039;Estaci\u00f3 de Sabadell | Resest\",\"url\":\"https:\/\/resest.com\/ca\/\",\"logo\":{\"@type\":\"ImageObject\",\"inLanguage\":\"ca-ES\",\"@id\":\"https:\/\/resest.com\/ca\/#\/schema\/logo\/image\/\",\"url\":\"https:\/\/resest.com\/wp-content\/uploads\/2024\/03\/Facana-1.jpg\",\"contentUrl\":\"https:\/\/resest.com\/wp-content\/uploads\/2024\/03\/Facana-1.jpg\",\"width\":1200,\"height\":1009,\"caption\":\"Resid\u00e8ncia d&#039;Estudiants l&#039;Estaci\u00f3 de Sabadell | Resest\"},\"image\":{\"@id\":\"https:\/\/resest.com\/ca\/#\/schema\/logo\/image\/\"}}]}<\/script>\n<!-- \/ Yoast SEO plugin. -->","yoast_head_json":{"title":"Habitacions a Sabadell | Resid\u00e8ncia per a Estudiants - Resest","description":"Descobreix les nostres habitacions a Sabadell, a prop de la UAB i Barcelona. Confort, serveis i fotos de la resid\u00e8ncia. Informa't ara!","robots":{"index":"index","follow":"follow","max-snippet":"max-snippet:-1","max-image-preview":"max-image-preview:large","max-video-preview":"max-video-preview:-1"},"canonical":"https:\/\/resest.com\/ca\/habitacions-residencia-estudiantil-sabadell-barcelona\/","og_locale":"ca_ES","og_type":"article","og_title":"Habitacions a Sabadell | Resid\u00e8ncia per a Estudiants - Resest","og_description":"Descobreix les nostres habitacions a Sabadell, a prop de la UAB i Barcelona. Confort, serveis i fotos de la resid\u00e8ncia. Informa't ara!","og_url":"https:\/\/resest.com\/ca\/habitacions-residencia-estudiantil-sabadell-barcelona\/","og_site_name":"Resid\u00e8ncia d&#039;Estudiants l&#039;Estaci\u00f3 de Sabadell | Resest","article_modified_time":"2025-05-21T12:31:32+00:00","twitter_misc":{"Est. reading time":"4 minutes"},"schema":{"@context":"https:\/\/schema.org","@graph":[{"@type":"WebPage","@id":"https:\/\/resest.com\/ca\/habitacions-residencia-estudiantil-sabadell-barcelona\/","url":"https:\/\/resest.com\/ca\/habitacions-residencia-estudiantil-sabadell-barcelona\/","name":"Habitacions a Sabadell | Resid\u00e8ncia per a Estudiants - Resest","isPartOf":{"@id":"https:\/\/resest.com\/ca\/#website"},"datePublished":"2015-01-13T11:32:48+00:00","dateModified":"2025-05-21T12:31:32+00:00","description":"Descobreix les nostres habitacions a Sabadell, a prop de la UAB i Barcelona. Confort, serveis i fotos de la resid\u00e8ncia. Informa't ara!","breadcrumb":{"@id":"https:\/\/resest.com\/ca\/habitacions-residencia-estudiantil-sabadell-barcelona\/#breadcrumb"},"inLanguage":"ca-ES","potentialAction":[{"@type":"ReadAction","target":["https:\/\/resest.com\/ca\/habitacions-residencia-estudiantil-sabadell-barcelona\/"]}]},{"@type":"BreadcrumbList","@id":"https:\/\/resest.com\/ca\/habitacions-residencia-estudiantil-sabadell-barcelona\/#breadcrumb","itemListElement":[{"@type":"ListItem","position":1,"name":"Inici","item":"https:\/\/resest.com\/ca\/"},{"@type":"ListItem","position":2,"name":"Habitacions a Sabadell \u2013 Resid\u00e8ncia d&#8217;estudiants Resest"}]},{"@type":"WebSite","@id":"https:\/\/resest.com\/ca\/#website","url":"https:\/\/resest.com\/ca\/","name":"Resid\u00e8ncia d&#039;Estudiants l&#039;Estaci\u00f3 de Sabadell | Resest","description":"Prop de l\u2019Universitat Aut\u00f2noma de Barcelona (UAB)","publisher":{"@id":"https:\/\/resest.com\/ca\/#organization"},"potentialAction":[{"@type":"SearchAction","target":{"@type":"EntryPoint","urlTemplate":"https:\/\/resest.com\/ca\/?s={search_term_string}"},"query-input":{"@type":"PropertyValueSpecification","valueRequired":true,"valueName":"search_term_string"}}],"inLanguage":"ca-ES"},{"@type":"Organization","@id":"https:\/\/resest.com\/ca\/#organization","name":"Resid\u00e8ncia d&#039;Estudiants l&#039;Estaci\u00f3 de Sabadell | Resest","url":"https:\/\/resest.com\/ca\/","logo":{"@type":"ImageObject","inLanguage":"ca-ES","@id":"https:\/\/resest.com\/ca\/#\/schema\/logo\/image\/","url":"https:\/\/resest.com\/wp-content\/uploads\/2024\/03\/Facana-1.jpg","contentUrl":"https:\/\/resest.com\/wp-content\/uploads\/2024\/03\/Facana-1.jpg","width":1200,"height":1009,"caption":"Resid\u00e8ncia d&#039;Estudiants l&#039;Estaci\u00f3 de Sabadell | Resest"},"image":{"@id":"https:\/\/resest.com\/ca\/#\/schema\/logo\/image\/"}}]}},"_links":{"self":[{"href":"https:\/\/resest.com\/ca\/wp-json\/wp\/v2\/pages\/30","targetHints":{"allow":["GET"]}}],"collection":[{"href":"https:\/\/resest.com\/ca\/wp-json\/wp\/v2\/pages"}],"about":[{"href":"https:\/\/resest.com\/ca\/wp-json\/wp\/v2\/types\/page"}],"author":[{"embeddable":true,"href":"https:\/\/resest.com\/ca\/wp-json\/wp\/v2\/users\/3"}],"replies":[{"embeddable":true,"href":"https:\/\/resest.com\/ca\/wp-json\/wp\/v2\/comments?post=30"}],"version-history":[{"count":0,"href":"https:\/\/resest.com\/ca\/wp-json\/wp\/v2\/pages\/30\/revisions"}],"wp:attachment":[{"href":"https:\/\/resest.com\/ca\/wp-json\/wp\/v2\/media?parent=30"}],"curies":[{"name":"wp","href":"https:\/\/api.w.org\/{rel}","templated":true}]}}