{"id":27,"date":"2015-01-13T12:31:45","date_gmt":"2015-01-13T11:31:45","guid":{"rendered":"http:\/\/resest.com\/?page_id=27"},"modified":"2025-05-21T14:26:51","modified_gmt":"2025-05-21T12:26:51","slug":"la-residencia-estudiants-sabadell-barcelona-bellaterra","status":"publish","type":"page","link":"https:\/\/resest.com\/ca\/la-residencia-estudiants-sabadell-barcelona-bellaterra\/","title":{"rendered":"Resid\u00e8ncia Universit\u00e0ria a Sabadell"},"content":{"rendered":"<div class=\"wpb-content-wrapper\">[vc_row][vc_column]<style>.vcex-heading.vcex_69f0a94f4ee81{font-size:36px;text-transform:uppercase;}<\/style><h1 class=\"vcex-heading vcex-heading-plain vcex-module wpex-heading wpex-text-2xl wpex-mb-25 vcex_69f0a94f4ee81\"><span class=\"vcex-heading-inner wpex-inline-block\">Resid\u00e8ncia Universit\u00e0ria a Sabadell<\/span><\/h1>[\/vc_column][\/vc_row][vc_row][vc_column width=&#8221;1\/2&#8243;][vc_single_image image=&#8221;66&#8243; alignment=&#8221;center&#8221; style=&#8221;vc_box_rounded&#8221;][\/vc_column][vc_column width=&#8221;1\/2&#8243;][vc_column_text css=&#8221;&#8221;]La <strong>Resid\u00e8ncia d&#8217;Estudiants Resest<\/strong>, constru\u00efda\u00a0 el <strong>2012<\/strong>, \u00e9s un modern allotjament universitari\u00a0 a <strong>Sabadell (Barcelona)<\/strong>, equipat amb <strong>tecnologia dom\u00f2tica<\/strong> i dissenyat per oferir el m\u00e0xim confort als estudiants. Amb totes les comoditats d&#8217;una <strong>resid\u00e8ncia universit\u00e0ria de primer nivell<\/strong>, \u00e9s la millor opci\u00f3 per viure un ambient acollidor mentre et concentres en els teus estudis i fas nous amics.[\/vc_column_text][\/vc_column][\/vc_row][vc_row][vc_column][vc_column_text css=&#8221;&#8221;]\n<h2 style=\"text-align: justify;\"><strong>Connexi\u00f3 excel\u00b7lent amb Barcelona, Sabadell i la UAB<\/strong><\/h2>\n<p>La nostra <strong>resid\u00e8ncia universit\u00e0ria a Sabadell<\/strong> compta amb una ubicaci\u00f3 estrat\u00e8gica, <strong>just davant l&#8217;estaci\u00f3 Can Feu &#8211; Gr\u00e0cia dels FGC<\/strong>, cosa que permet una connexi\u00f3 r\u00e0pida amb <strong>Barcelona<\/strong>. A m\u00e9s, estem a nom\u00e9s <strong>6 minuts en tren de la Universitat Aut\u00f2noma de Barcelona (UAB)<\/strong> i a <strong>50 metres de les principals parades d&#8217;autobusos urbans<\/strong>, facilitant la mobilitat a tota la ciutat.[\/vc_column_text][\/vc_column][\/vc_row][vc_row content_placement=&#8221;middle&#8221;][vc_column width=&#8221;1\/2&#8243;][vc_column_text css=&#8221;&#8221;]\n<h2 style=\"text-align: justify;\"><strong>Disseny centrat en la independ\u00e8ncia i la seguretat dels estudiants<\/strong><\/h2>\n<p>El disseny de <strong>Resest prioritza<\/strong> la independ\u00e8ncia i seguretat dels estudiants, oferint acc\u00e9s controlat mitjan\u00e7ant <strong>sistemes dom\u00f2tics<\/strong>. La nostra capacitat m\u00e0xima de <strong>36 estudiants en 18 habitacions dobles<\/strong> crea un entorn tranquil per a l&#8217;estudi, sense perdre l&#8217;oportunitat de socialitzar i fer noves amistats.[\/vc_column_text][\/vc_column][vc_column width=&#8221;1\/2&#8243;][vc_single_image image=&#8221;74&#8243; alignment=&#8221;center&#8221; style=&#8221;vc_box_rounded&#8221;][\/vc_column][\/vc_row][vc_row][vc_column][vc_column_text css=&#8221;&#8221;]\n<h2 style=\"text-align: justify;\"><strong>Serveis personalitzats i espais comuns<\/strong><\/h2>\n<ul>\n<li><strong>Recepci\u00f3 disponible durant el dia<\/strong> per a atenci\u00f3 personalitzada<\/li>\n<li><strong>Zones d&#8217; estudi i espais comuns<\/strong> dissenyats per a la concentraci\u00f3<\/li>\n<li><strong>Habitacions equipades<\/strong> amb totes les comoditats per a un entorn acollidor<\/li>\n<li><strong>Ambient tranquil i segur<\/strong>, ideal per a la vida universit\u00e0ria<\/li>\n<\/ul>\n<p>Si busques una <strong>resid\u00e8ncia universit\u00e0ria a Sabadell<\/strong> amb <strong>ubicaci\u00f3 privilegiada<\/strong>, <strong>connexi\u00f3 r\u00e0pida amb la UAB i Barcelona<\/strong>, i un ambient c\u00f2mode i modern, <strong>Resest \u00e9s la teva millor opci\u00f3<\/strong>.<\/p>\n<p><strong>Contacta&#8217;ns per a m\u00e9s informaci\u00f3 i reserva la teva pla\u00e7a!<\/strong>[\/vc_column_text][\/vc_column][\/vc_row][vc_row][vc_column][vc_raw_html]JTNDc2NyaXB0JTIwdHlwZSUzRCUyMmFwcGxpY2F0aW9uJTJGbGQlMkJqc29uJTIyJTNFJTBBJTdCJTBBJTIwJTIwJTIyJTQwY29udGV4dCUyMiUzQSUyMCUyMmh0dHBzJTNBJTJGJTJGc2NoZW1hLm9yZyUyMiUyQyUwQSUyMCUyMCUyMiU0MHR5cGUlMjIlM0ElMjAlMjJGQVFQYWdlJTIyJTJDJTBBJTIwJTIwJTIybWFpbkVudGl0eSUyMiUzQSUyMCU1QiU3QiUwQSUyMCUyMCUyMCUyMCUyMiU0MHR5cGUlMjIlM0ElMjAlMjJRdWVzdGlvbiUyMiUyQyUwQSUyMCUyMCUyMCUyMCUyMm5hbWUlMjIlM0ElMjAlMjJPbiUyMGVzdCVDMyVBMCUyMHViaWNhZGElMjBsYSUyMFJlc2lkJUMzJUE4bmNpYSUyMGQlMjdFc3R1ZGlhbnRzJTIwYSUyMFNhYmFkZWxsJTNGJTIyJTJDJTBBJTIwJTIwJTIwJTIwJTIyYWNjZXB0ZWRBbnN3ZXIlMjIlM0ElMjAlN0IlMEElMjAlMjAlMjAlMjAlMjAlMjAlMjIlNDB0eXBlJTIyJTNBJTIwJTIyQW5zd2VyJTIyJTJDJTBBJTIwJTIwJTIwJTIwJTIwJTIwJTIydGV4dCUyMiUzQSUyMCUyMkFtYiUyMHVuYSUyMHNpdHVhY2klQzMlQjMlMjBpbW1pbGxvcmFibGUlMkMlMjBsYSUyMFJlc2lkJUMzJUE4bmNpYSUyMHBlciUyMEVzdHVkaWFudHMlMjBhJTIwU2FiYWRlbGwlMjAlMjhCYXJjZWxvbmElMjklMjBlc3QlQzMlQTAlMjBzaXR1YWRhJTIwZGF2YW50JTIwbWF0ZWl4JTIwZGUlMjBsJUUyJTgwJTk5ZXN0YWNpJUMzJUIzJTIwJUUyJTgwJTlDQ2FuJTIwRmV1LUdyJUMzJUEwY2lhJUUyJTgwJTlEJTIwZGVscyUyMEZlcnJvY2FycmlscyUyMGRlJTIwbGElMjBHZW5lcmFsaXRhdCUyMGRlJTIwQ2F0YWx1bnlhJTIwJTI4RkdDJTI5JTJDJTIwcXVlJTIwZW5sbGFjZW4lMjBTYWJhZGVsbCUyMGFtYiUyMGxhJTIwY2l1dGF0JTIwY29tdGFsJTJDJTIwYSUyMDYlMjBtaW51dHMlMjBkZSUyMGxhJTIwVW5pdmVyc2l0YXQlMjBBdXQlQzMlQjJub21hJTIwZGUlMjBCYXJjZWxvbmElMjAlMjhVQUIlMjklMkMlMjBpJTIwYSUyMDUwJTIwbWV0cmVzJTIwZGVscyUyMGF1dG9idXNvcyUyMHVyYmFucyUyMGRlJTIwU2FiYWRlbGwuJTNDYSUyMGhyZWYlM0QlMjdodHRwcyUzQSUyRiUyRnJlc2VzdC5jb20lMkZjYSUyRmxhLXJlc2lkZW5jaWEtZXN0dWRpYW50cy1zYWJhZGVsbC1iYXJjZWxvbmEtYmVsbGF0ZXJyYSUyRiUyNyUzRUNsaWMlMjBhcXUlQzMlQUQlM0MlMkZhJTNFJTIwcGFyYSUyMG0lQzMlQTFzJTIwaW5mb3JtYWNpJUMzJUIzbi4lM0MlMkZwJTNFJTIyJTBBJTIwJTIwJTIwJTIwJTdEJTBBJTIwJTIwJTdEJTVEJTBBJTIwJTIwJTdEJTBBJTNDJTJGc2NyaXB0JTNF[\/vc_raw_html][\/vc_column][\/vc_row][vc_row][vc_column][\/vc_column][\/vc_row]\n<\/div>","protected":false},"excerpt":{"rendered":"<p>[vc_row][vc_column][\/vc_column][\/vc_row][vc_row][vc_column width=&#8221;1\/2&#8243;][vc_single_image image=&#8221;66&#8243; alignment=&#8221;center&#8221; style=&#8221;vc_box_rounded&#8221;][\/vc_column][vc_column width=&#8221;1\/2&#8243;][vc_column_text css=&#8221;&#8221;]La Resid\u00e8ncia d&#8217;Estudiants Resest, constru\u00efda\u00a0 el 2012, \u00e9s un modern allotjament universitari\u00a0 a Sabadell (Barcelona), equipat amb tecnologia dom\u00f2tica i dissenyat per oferir el m\u00e0xim confort als estudiants. Amb totes les comoditats d&#8217;una resid\u00e8ncia universit\u00e0ria de primer nivell, \u00e9s la millor opci\u00f3 per viure un ambient acollidor mentre et&hellip;<\/p>\n","protected":false},"author":3,"featured_media":0,"parent":0,"menu_order":0,"comment_status":"closed","ping_status":"closed","template":"","meta":{"footnotes":""},"class_list":["post-27","page","type-page","status-publish","hentry","entry","no-media"],"yoast_head":"<!-- This site is optimized with the Yoast SEO plugin v26.4 - https:\/\/yoast.com\/wordpress\/plugins\/seo\/ -->\n<title>Resid\u00e8ncia Universit\u00e0ria a Sabadell | Resest<\/title>\n<meta name=\"description\" content=\"Resest \u00e9s una resid\u00e8ncia universit\u00e0ria a Sabadell ben ubicada i amb tots els serveis. Prop de la UAB i amb f\u00e0cil acc\u00e9s a Barcelona. Informa&#039;t!\" \/>\n<meta name=\"robots\" content=\"index, follow, max-snippet:-1, max-image-preview:large, max-video-preview:-1\" \/>\n<link rel=\"canonical\" href=\"https:\/\/resest.com\/ca\/la-residencia-estudiants-sabadell-barcelona-bellaterra\/\" \/>\n<meta property=\"og:locale\" content=\"ca_ES\" \/>\n<meta property=\"og:type\" content=\"article\" \/>\n<meta property=\"og:title\" content=\"Resid\u00e8ncia Universit\u00e0ria a Sabadell | Resest\" \/>\n<meta property=\"og:description\" content=\"Resest \u00e9s una resid\u00e8ncia universit\u00e0ria a Sabadell ben ubicada i amb tots els serveis. Prop de la UAB i amb f\u00e0cil acc\u00e9s a Barcelona. Informa&#039;t!\" \/>\n<meta property=\"og:url\" content=\"https:\/\/resest.com\/ca\/la-residencia-estudiants-sabadell-barcelona-bellaterra\/\" \/>\n<meta property=\"og:site_name\" content=\"Resid\u00e8ncia d&#039;Estudiants l&#039;Estaci\u00f3 de Sabadell | Resest\" \/>\n<meta property=\"article:modified_time\" content=\"2025-05-21T12:26:51+00:00\" \/>\n<meta name=\"twitter:label1\" content=\"Est. reading time\" \/>\n\t<meta name=\"twitter:data1\" content=\"2 minutes\" \/>\n<script type=\"application\/ld+json\" class=\"yoast-schema-graph\">{\"@context\":\"https:\/\/schema.org\",\"@graph\":[{\"@type\":\"WebPage\",\"@id\":\"https:\/\/resest.com\/ca\/la-residencia-estudiants-sabadell-barcelona-bellaterra\/\",\"url\":\"https:\/\/resest.com\/ca\/la-residencia-estudiants-sabadell-barcelona-bellaterra\/\",\"name\":\"Resid\u00e8ncia Universit\u00e0ria a Sabadell | Resest\",\"isPartOf\":{\"@id\":\"https:\/\/resest.com\/ca\/#website\"},\"datePublished\":\"2015-01-13T11:31:45+00:00\",\"dateModified\":\"2025-05-21T12:26:51+00:00\",\"description\":\"Resest \u00e9s una resid\u00e8ncia universit\u00e0ria a Sabadell ben ubicada i amb tots els serveis. Prop de la UAB i amb f\u00e0cil acc\u00e9s a Barcelona. Informa't!\",\"breadcrumb\":{\"@id\":\"https:\/\/resest.com\/ca\/la-residencia-estudiants-sabadell-barcelona-bellaterra\/#breadcrumb\"},\"inLanguage\":\"ca-ES\",\"potentialAction\":[{\"@type\":\"ReadAction\",\"target\":[\"https:\/\/resest.com\/ca\/la-residencia-estudiants-sabadell-barcelona-bellaterra\/\"]}]},{\"@type\":\"BreadcrumbList\",\"@id\":\"https:\/\/resest.com\/ca\/la-residencia-estudiants-sabadell-barcelona-bellaterra\/#breadcrumb\",\"itemListElement\":[{\"@type\":\"ListItem\",\"position\":1,\"name\":\"Inici\",\"item\":\"https:\/\/resest.com\/ca\/\"},{\"@type\":\"ListItem\",\"position\":2,\"name\":\"Resid\u00e8ncies per estudiants a Sabadell\"}]},{\"@type\":\"WebSite\",\"@id\":\"https:\/\/resest.com\/ca\/#website\",\"url\":\"https:\/\/resest.com\/ca\/\",\"name\":\"Resid\u00e8ncia d&#039;Estudiants l&#039;Estaci\u00f3 de Sabadell | Resest\",\"description\":\"Prop de l\u2019Universitat Aut\u00f2noma de Barcelona (UAB)\",\"publisher\":{\"@id\":\"https:\/\/resest.com\/ca\/#organization\"},\"potentialAction\":[{\"@type\":\"SearchAction\",\"target\":{\"@type\":\"EntryPoint\",\"urlTemplate\":\"https:\/\/resest.com\/ca\/?s={search_term_string}\"},\"query-input\":{\"@type\":\"PropertyValueSpecification\",\"valueRequired\":true,\"valueName\":\"search_term_string\"}}],\"inLanguage\":\"ca-ES\"},{\"@type\":\"Organization\",\"@id\":\"https:\/\/resest.com\/ca\/#organization\",\"name\":\"Resid\u00e8ncia d&#039;Estudiants l&#039;Estaci\u00f3 de Sabadell | Resest\",\"url\":\"https:\/\/resest.com\/ca\/\",\"logo\":{\"@type\":\"ImageObject\",\"inLanguage\":\"ca-ES\",\"@id\":\"https:\/\/resest.com\/ca\/#\/schema\/logo\/image\/\",\"url\":\"https:\/\/resest.com\/wp-content\/uploads\/2024\/03\/Facana-1.jpg\",\"contentUrl\":\"https:\/\/resest.com\/wp-content\/uploads\/2024\/03\/Facana-1.jpg\",\"width\":1200,\"height\":1009,\"caption\":\"Resid\u00e8ncia d&#039;Estudiants l&#039;Estaci\u00f3 de Sabadell | Resest\"},\"image\":{\"@id\":\"https:\/\/resest.com\/ca\/#\/schema\/logo\/image\/\"}}]}<\/script>\n<!-- \/ Yoast SEO plugin. -->","yoast_head_json":{"title":"Resid\u00e8ncia Universit\u00e0ria a Sabadell | Resest","description":"Resest \u00e9s una resid\u00e8ncia universit\u00e0ria a Sabadell ben ubicada i amb tots els serveis. Prop de la UAB i amb f\u00e0cil acc\u00e9s a Barcelona. Informa't!","robots":{"index":"index","follow":"follow","max-snippet":"max-snippet:-1","max-image-preview":"max-image-preview:large","max-video-preview":"max-video-preview:-1"},"canonical":"https:\/\/resest.com\/ca\/la-residencia-estudiants-sabadell-barcelona-bellaterra\/","og_locale":"ca_ES","og_type":"article","og_title":"Resid\u00e8ncia Universit\u00e0ria a Sabadell | Resest","og_description":"Resest \u00e9s una resid\u00e8ncia universit\u00e0ria a Sabadell ben ubicada i amb tots els serveis. Prop de la UAB i amb f\u00e0cil acc\u00e9s a Barcelona. Informa't!","og_url":"https:\/\/resest.com\/ca\/la-residencia-estudiants-sabadell-barcelona-bellaterra\/","og_site_name":"Resid\u00e8ncia d&#039;Estudiants l&#039;Estaci\u00f3 de Sabadell | Resest","article_modified_time":"2025-05-21T12:26:51+00:00","twitter_misc":{"Est. reading time":"2 minutes"},"schema":{"@context":"https:\/\/schema.org","@graph":[{"@type":"WebPage","@id":"https:\/\/resest.com\/ca\/la-residencia-estudiants-sabadell-barcelona-bellaterra\/","url":"https:\/\/resest.com\/ca\/la-residencia-estudiants-sabadell-barcelona-bellaterra\/","name":"Resid\u00e8ncia Universit\u00e0ria a Sabadell | Resest","isPartOf":{"@id":"https:\/\/resest.com\/ca\/#website"},"datePublished":"2015-01-13T11:31:45+00:00","dateModified":"2025-05-21T12:26:51+00:00","description":"Resest \u00e9s una resid\u00e8ncia universit\u00e0ria a Sabadell ben ubicada i amb tots els serveis. Prop de la UAB i amb f\u00e0cil acc\u00e9s a Barcelona. Informa't!","breadcrumb":{"@id":"https:\/\/resest.com\/ca\/la-residencia-estudiants-sabadell-barcelona-bellaterra\/#breadcrumb"},"inLanguage":"ca-ES","potentialAction":[{"@type":"ReadAction","target":["https:\/\/resest.com\/ca\/la-residencia-estudiants-sabadell-barcelona-bellaterra\/"]}]},{"@type":"BreadcrumbList","@id":"https:\/\/resest.com\/ca\/la-residencia-estudiants-sabadell-barcelona-bellaterra\/#breadcrumb","itemListElement":[{"@type":"ListItem","position":1,"name":"Inici","item":"https:\/\/resest.com\/ca\/"},{"@type":"ListItem","position":2,"name":"Resid\u00e8ncies per estudiants a Sabadell"}]},{"@type":"WebSite","@id":"https:\/\/resest.com\/ca\/#website","url":"https:\/\/resest.com\/ca\/","name":"Resid\u00e8ncia d&#039;Estudiants l&#039;Estaci\u00f3 de Sabadell | Resest","description":"Prop de l\u2019Universitat Aut\u00f2noma de Barcelona (UAB)","publisher":{"@id":"https:\/\/resest.com\/ca\/#organization"},"potentialAction":[{"@type":"SearchAction","target":{"@type":"EntryPoint","urlTemplate":"https:\/\/resest.com\/ca\/?s={search_term_string}"},"query-input":{"@type":"PropertyValueSpecification","valueRequired":true,"valueName":"search_term_string"}}],"inLanguage":"ca-ES"},{"@type":"Organization","@id":"https:\/\/resest.com\/ca\/#organization","name":"Resid\u00e8ncia d&#039;Estudiants l&#039;Estaci\u00f3 de Sabadell | Resest","url":"https:\/\/resest.com\/ca\/","logo":{"@type":"ImageObject","inLanguage":"ca-ES","@id":"https:\/\/resest.com\/ca\/#\/schema\/logo\/image\/","url":"https:\/\/resest.com\/wp-content\/uploads\/2024\/03\/Facana-1.jpg","contentUrl":"https:\/\/resest.com\/wp-content\/uploads\/2024\/03\/Facana-1.jpg","width":1200,"height":1009,"caption":"Resid\u00e8ncia d&#039;Estudiants l&#039;Estaci\u00f3 de Sabadell | Resest"},"image":{"@id":"https:\/\/resest.com\/ca\/#\/schema\/logo\/image\/"}}]}},"_links":{"self":[{"href":"https:\/\/resest.com\/ca\/wp-json\/wp\/v2\/pages\/27","targetHints":{"allow":["GET"]}}],"collection":[{"href":"https:\/\/resest.com\/ca\/wp-json\/wp\/v2\/pages"}],"about":[{"href":"https:\/\/resest.com\/ca\/wp-json\/wp\/v2\/types\/page"}],"author":[{"embeddable":true,"href":"https:\/\/resest.com\/ca\/wp-json\/wp\/v2\/users\/3"}],"replies":[{"embeddable":true,"href":"https:\/\/resest.com\/ca\/wp-json\/wp\/v2\/comments?post=27"}],"version-history":[{"count":0,"href":"https:\/\/resest.com\/ca\/wp-json\/wp\/v2\/pages\/27\/revisions"}],"wp:attachment":[{"href":"https:\/\/resest.com\/ca\/wp-json\/wp\/v2\/media?parent=27"}],"curies":[{"name":"wp","href":"https:\/\/api.w.org\/{rel}","templated":true}]}}