{"id":2694,"date":"2015-01-27T12:56:13","date_gmt":"2015-01-27T11:56:13","guid":{"rendered":"http:\/\/resest.com\/?page_id=2694"},"modified":"2022-12-01T19:29:15","modified_gmt":"2022-12-01T18:29:15","slug":"nota-legal-cast","status":"publish","type":"page","link":"https:\/\/resest.com\/ca\/nota-legal-cast\/","title":{"rendered":"Nota legal (cast)"},"content":{"rendered":"<p class=\"p3\">En cumplimiento de la Ley 34\/2002 de Servicios de la Sociedad de la Informaci\u00f3n y de Comercio Electr\u00f3nico de Espa\u00f1a, le informamos que esta p\u00e1gina Web es propiedad de <b>GERDREI, S.L. <\/b> , en adelante<span class=\"Apple-converted-space\">\u00a0 <\/span><b>GERDREI, S.L. <\/b> , con domicilio en <b>Ctra Molins de Rei, 4<\/b>, con C.I.F. n\u00ba B64171051 e inscrita<span class=\"Apple-converted-space\">\u00a0 <\/span>en el Registro <span class=\"Apple-converted-space\">\u00a0 <\/span>Mercantil <span class=\"Apple-converted-space\">\u00a0 <\/span>de Barcelona con los siguientes datos: Tomo 38513, Hoja B329293, Inscripci\u00f3n n\u00ba 1\u00aa.<\/p>\n<p class=\"p3\">Para cualquier consulta o propuesta, cont\u00e1ctenos en el e-mail en <span class=\"s2\">info@resest.com<\/span> , o en el tel\u00e9fono 937261348.<\/p>\n<p class=\"p3\">Esta p\u00e1gina Web se rige por la normativa exclusivamente aplicable en Espa\u00f1a,<span class=\"Apple-converted-space\">\u00a0 <\/span>quedando sometida a ella, tanto nacionales como extranjeros que utilicen esta Web.<\/p>\n<p class=\"p3\">El acceso a nuestra p\u00e1gina Web por parte del USUARIO es gratuito y est\u00e1 condicionado<span class=\"Apple-converted-space\">\u00a0 <\/span>a la previa lectura y aceptaci\u00f3n integra, expresa y sin reservas de las presentes <b>CONDICIONES GENERALES DE USO <\/b>vigentes en el momento del acceso, que rogamos lea detenidamente. El USUARIO en el momento que utiliza nuestro portal, sus contenidos o servicios, <b>acepta y se somete expresamente a las condiciones generales de uso del mismo<\/b>. Si el usuario no estuviere de acuerdo con las presentes condiciones de uso, deber\u00e1 abstenerse de utilizar este portal y operar por medio del mismo.<\/p>\n<p class=\"p3\">En cualquier momento podremos modificar la presentaci\u00f3n y configuraci\u00f3n de nuestra Web,<span class=\"Apple-converted-space\">\u00a0 <\/span>ampliar o reducir servicios, e incluso suprimirla de la Red, as\u00ed como los servicios y contenidos prestados, todo ello de forma unilateral y sin previo aviso.<\/p>\n<p class=\"p5\"><b>A. PROPIEDAD INTELECTUAL<\/b><\/p>\n<p class=\"p3\">Todos los contenidos, textos, im\u00e1genes, y c\u00f3digos fuente son propiedad de <b>GERDREI, S.L. <\/b>o de terceros a los que se han adquirido sus derechos de explotaci\u00f3n, y est\u00e1n protegidos por los derechos de Propiedad Intelectual e Industrial.<\/p>\n<p class=\"p5\">El usuario \u00fanicamente tiene derecho a un uso privado de los mismos, sin \u00e1nimo de lucro, y necesita autorizaci\u00f3n expresa de <b>GERDREI, S.L. <\/b>y\/o el titular de los derechos para modificarlos, reproducirlos, explotarlos, distribuirlos o cualquier derecho perteneciente a su titular.<\/p>\n<p class=\"p3\">El establecimiento de enlaces a nuestro portal no confiere ning\u00fan derecho sobre el mismo, y se autoriza exclusivamente a permitir el acceso a nuestra web, quedando prohibida en otras p\u00e1ginas la reproducci\u00f3n total o parcial de las im\u00e1genes y contenidos de nuestro portal. Asimismo, el simple hecho de establecer un enlace a nuestra p\u00e1gina web no da derecho a otorgarse la categor\u00eda de colaborador o socio de <b>GERDREI, S.L.<\/b><\/p>\n<p class=\"p3\">Est\u00e1 absolutamente prohibida la imitaci\u00f3n ya sea total o parcial de nuestro portal.<\/p>\n<p class=\"p3\"><b>B. CONDICIONES DE ACCESO<\/b><\/p>\n<p class=\"p6\">El acceso a nuestra p\u00e1gina Web es gratuito y no exige previa suscripci\u00f3n o registro. No obstante, <b>GERDREI, S.L. <\/b>se reserva el derecho de ofrecer servicios que requieran el registro previo del usuario. En todo caso, estos servicios quedar\u00e1n debidamente identificados en la Web, con f\u00e1ciles indicaciones para su registro.<\/p>\n<p class=\"p6\">El usuario debe acceder a nuestra p\u00e1gina Web conforme a la buena fe, las normas de orden p\u00fablico, a las presentes Condiciones Generales de uso. El acceso a nuestro sitio Web se realiza bajo la propia y exclusiva responsabilidad del usuario, que responder\u00e1 en todo caso de los da\u00f1os y perjuicios que pueda causar a terceros o a nosotros mismos.<\/p>\n<p class=\"p3\">El usuario tiene expresamente prohibido la utilizaci\u00f3n y obtenci\u00f3n de los servicios y contenidos ofrecidos en la presente p\u00e1gina web, por procedimientos distintos a los estipulados en las presentes condiciones de uso, y en su caso en las condiciones particulares que regulen la adquisici\u00f3n de determinados servicios.<\/p>\n<p class=\"p3\">Teniendo en cuenta la imposibilidad de control respecto a<span class=\"Apple-converted-space\">\u00a0 <\/span>la informaci\u00f3n, contenidos y servicios que contengan otras websites a los que se pueda acceder a trav\u00e9s de los enlaces que nuestra p\u00e1gina web pone a su disposici\u00f3n, le comunicamos que <b>GERDREI, S.L., <\/b>queda eximida de cualquier responsabilidad por los da\u00f1os y perjuicios de toda clase que pudiesen derivar por la utilizaci\u00f3n de esas p\u00e1ginas web ajenas a nuestra empresa por parte del usuario.<\/p>\n<p class=\"p3\"><b>GERDREI, S.L. <\/b>se reserva el derecho de ejercitar las acciones legales oportunas contra aquellos USUARIOS que vulneren las presentes condiciones generales de uso, aceptando el USUARIO que la no iniciaci\u00f3n de estas acciones no constituye una renuncia formal a los mismas, permaneciendo \u00e9stas vigentes hasta los plazos de prescripci\u00f3n de las infracciones.<\/p>\n<p><strong>C. POLITICA DE CONFIDENCIALIDAD Y PROTECCI\u00d3N DE DATOS<\/strong><\/p>\n<p><strong>GERDREI, S.L.<\/strong>\u00a0est\u00e1 comprometida con la debida diligencia y cumplimiento de la normativa de Protecci\u00f3n de Datos.<\/p>\n<p>A continuaci\u00f3n, se expone la informaci\u00f3n detallada sobre la pol\u00edtica de confidencialidad y Protecci\u00f3n de Datos de car\u00e1cter personal en cumplimiento de lo dispuesto en el art\u00edculo 13 del Reglamento (UE) 2016\/679 del Parlamento Europeo y del Consejo, de 27 de abril de 2016, relativo a la protecci\u00f3n de las personas f\u00edsicas en lo que respecta al tratamiento de datos personales y a la libre circulaci\u00f3n de estos datos (<strong>Reglamento General de Protecci\u00f3n de Datos o RGPD<\/strong>) y el art\u00edculo 11 de la Ley Org\u00e1nica 3\/2018, de Protecci\u00f3n de Datos Personales y Garant\u00eda de los Derechos Digitales (<strong>LOPD GDD<\/strong>).<\/p>\n<p>Datos del Responsable del Tratamiento y de contacto del Responsable \/ Delegado de Protecci\u00f3n de Datos (RPD \/ DPD):<\/p>\n<ul>\n<li><strong>Identidad:<\/strong><\/li>\n<li><strong>Direcci\u00f3n \/ C. P:<\/strong><\/li>\n<li><strong>Tel\u00e9fono<\/strong>:<\/li>\n<li><strong>E-mail:<\/strong><\/li>\n<li><strong>Datos de contacto del RPD \/ DPD:<\/strong><\/li>\n<li><strong>Canal:<\/strong><\/li>\n<\/ul>\n<p><strong>Finalidades del tratamiento<\/strong><\/p>\n<p>La Entidad tratar\u00e1 la informaci\u00f3n que nos proporcionan las personas interesadas con las siguientes finalidades:<\/p>\n<ul>\n<li><strong>Gestionar <\/strong>su atenci\u00f3n, visita y reuni\u00f3n en nuestras instalaciones.<\/li>\n<li>Gestionar la prestaci\u00f3n y realizaci\u00f3n de los <strong>servicios y productos<\/strong><\/li>\n<li><strong>Gestionar cualquier tipo de solicitud, sugerencia o petici\u00f3n<\/strong> sobre nuestros servicios profesionales que nos formulen las personas interesadas.<\/li>\n<li><strong>Comunicaciones informativas y comerciales<\/strong>: tratamiento de sus datos con la finalidad de informarle sobre actividades, art\u00edculos de inter\u00e9s e informaci\u00f3n general relacionados con nuestra actividad y los servicios \/ productos contratados.<\/li>\n<li><strong>Gestionar datos aportados por los candidatos a un puesto de trabajo <\/strong>a trav\u00e9s del Curr\u00edculum Vitae (CV) u otro medio con la finalidad de proceso de selecci\u00f3n y reclutamiento.<\/li>\n<li>Garantizar la seguridad de las oficinas, instalaciones y personas a trav\u00e9s de <strong>controles de acceso, sistemas de videovigilancia<\/strong> y otros sistemas de control\/identificaci\u00f3n de acceso.<\/li>\n<li><strong>Cumplir con las disposiciones legales<\/strong> que se aplican a la Entidad y a sus actividades <strong>en materia sanitaria y de prevenci\u00f3n de riesgos laborales.<\/strong><\/li>\n<li><strong>Gestionar y controlar el funcionamiento de los mecanismos, pol\u00edticas y protocolos internos<\/strong> establecidos por la Entidad <strong>con fines de cumplimiento normativo y de gesti\u00f3n de los canales de denuncias a tal efecto.<\/strong><\/li>\n<li><strong>Todos aquellos tratamientos que nos resulten de aplicaci\u00f3n para el debido cumplimiento de las normativas<\/strong> y requerimientos oficiales \/ sectoriales <strong>a los que est\u00e9 sujeta nuestra actividad.<\/strong><\/li>\n<\/ul>\n<p>Para el buen fin y desarrollo de su atenci\u00f3n y gesti\u00f3n de las finalidades anteriores, el tratamiento de sus datos para los fines que correspondan de los anteriormente mencionados se llevar\u00e1 a cabo bajo el m\u00e1s estricto cumplimiento de la normativa de Protecci\u00f3n de Datos y la Pol\u00edtica que le estamos detallando. En cualquier momento podr\u00e1 ejercitar sus derechos (ver apartado espec\u00edfico).<\/p>\n<p><strong>Criterios de conservaci\u00f3n de los datos<\/strong><\/p>\n<ul>\n<li><strong>Gesti\u00f3n de servicios \/ productos contratados con la Entidad<\/strong>: los datos de car\u00e1cter personal aportados en los contratos, ofertas y\/o propuestas de servicios, as\u00ed como los del resto de personas cuya intervenci\u00f3n sea necesaria, ser\u00e1n conservados durante el tiempo que est\u00e9n vigentes los servicios contratados. Al finalizar la prestaci\u00f3n del servicio\/s contratado\/s, los datos de car\u00e1cter personal ser\u00e1n conservados en los supuestos que se pudieran derivar responsabilidades con la Entidad y\/o en cumplimiento de otros marcos normativos que le sean de aplicaci\u00f3n a la Entidad o de una norma con rango de ley que exija a la conservaci\u00f3n de estos. Los datos de car\u00e1cter personal se mantendr\u00e1n de forma que permitan la identificaci\u00f3n y el ejercicio de los Derechos de los afectados y, bajo las medidas t\u00e9cnicas jur\u00eddicas y organizativas que resulten necesarias para garantizar la confidencialidad e integridad de estos.<\/li>\n<li><strong>Gesti\u00f3n Curr\u00edculum Vitae<\/strong>: la Entidad, como norma, conserva su Curr\u00edculum Vitae por el plazo m\u00e1ximo de un a\u00f1o; concluido dicho plazo, se proceder\u00e1 autom\u00e1ticamente a su destrucci\u00f3n, en cumplimiento del principio de calidad del dato.<\/li>\n<li><strong>Gesti\u00f3n de Contratos de Trabajo:<\/strong> los datos de car\u00e1cter personal ser\u00e1n conservados, en todo caso, durante el tiempo que est\u00e9 vigente la relaci\u00f3n laboral y, al finalizar la misma, en los supuestos que se pudieran derivar responsabilidades entre las partes y cuando lo requiera una norma con rango de ley.<\/li>\n<li><strong>Otros:<\/strong> el resto de los datos e informaci\u00f3n aportada por el usuario por cualquier medio, ser\u00e1n conservado durante el tiempo que sea necesario para cumplir la finalidad para la que fueron recabados.<\/li>\n<\/ul>\n<p><strong>Legitimaci\u00f3n<\/strong><\/p>\n<p>La base legal que habilita a la Entidad para poder tratar los datos de car\u00e1cter personal de los usuarios, clientes, clientes potenciales en virtud de los siguientes t\u00edtulos:<\/p>\n<ul>\n<li>El consentimiento de las personas interesadas para la tramitaci\u00f3n y gesti\u00f3n de cualquier solicitud de informaci\u00f3n o consulta sobre nuestros servicios y productos.<\/li>\n<li>El consentimiento prestado por los candidatos a puesto de trabajo con fines de selecci\u00f3n y reclutamiento.<\/li>\n<li>El marco de prestaci\u00f3n y\/o contrataci\u00f3n de servicios \/ productos con la Entidad.<\/li>\n<li>El inter\u00e9s leg\u00edtimo para remitirle comunicaciones informativas, comerciales y\/u ofertas promocionales relacionadas con la actividad de la Entidad y los servicios \/ productos contratados a trav\u00e9s de correo electr\u00f3nico o cualquier otro medio.<\/li>\n<li>El cumplimiento de obligaciones legales y los procedimientos internos de cumplimiento normativo.<\/li>\n<li>El inter\u00e9s leg\u00edtimo para garantizar la seguridad de las oficinas, instalaciones y personas.<\/li>\n<\/ul>\n<p><strong>Destinatarios<\/strong><\/p>\n<p>No se ceden datos de car\u00e1cter personal a terceros, salvo disposici\u00f3n legal.<\/p>\n<p><strong>Procedencia<\/strong><\/p>\n<p>Los datos de car\u00e1cter personal se obtienen directamente de las personas interesadas y de nuestros colaboradores. Las categor\u00edas de datos de car\u00e1cter personal que nos proporcionan son:<\/p>\n<ul>\n<li>Datos de identificaci\u00f3n.<\/li>\n<li>Direcciones postales o electr\u00f3nicas.<\/li>\n<li>Datos facilitados y\/o consentidos por los propios interesados relacionados y necesarios para la gesti\u00f3n y realizaci\u00f3n del servicio \/ producto solicitado.<\/li>\n<\/ul>\n<p><strong>Derechos<\/strong><\/p>\n<p><strong>Derecho de Acceso, Rectificaci\u00f3n y Supresi\u00f3n:<\/strong> las personas interesadas tienen derecho a obtener confirmaci\u00f3n sobre si en la Entidad estamos tratando datos personales que les conciernan, o no. Las personas interesadas tienen derecho a acceder a sus datos personales, as\u00ed como a solicitar la rectificaci\u00f3n de los datos inexactos o solicitar su supresi\u00f3n cuando, entre otros motivos, los datos ya no sean necesarios para los fines que fueron recogidos.<\/p>\n<p><strong>Derecho a la Limitaci\u00f3n y Oposici\u00f3n:<\/strong> en determinadas circunstancias, los interesados podr\u00e1n solicitar la limitaci\u00f3n del tratamiento de sus datos, en cuyo caso \u00fanicamente los conservaremos para el ejercicio o la defensa de reclamaciones. En determinadas circunstancias y, por motivos relacionados con su situaci\u00f3n particular, los interesados podr\u00e1n oponerse al tratamiento de sus datos. La Entidad dejar\u00e1 de tratar los datos en este supuesto, salvo por motivos leg\u00edtimos imperiosos, o para el ejercicio o la defensa de posibles reclamaciones.<\/p>\n<p><strong>Derecho a revocar el consentimiento prestado:<\/strong> los interesados tienen derecho a retirar su consentimiento en cualquier momento, salvo en caso de tratamientos de datos personales previstos en la normativa de Protecci\u00f3n de Datos o necesarios para la prestaci\u00f3n del servicio contratado, que no requieren de dicho consentimiento. No obstante, esta retirada no tiene efectos retroactivos, por lo que no afectar\u00e1 a la licitud del tratamiento basado en un consentimiento otorgado previamente.<\/p>\n<p>Dichos derechos podr\u00e1n ser ejercitados en nuestro Canal (ver apartado espec\u00edfico).<\/p>\n<p><strong>Medidas de Seguridad y Control<\/strong><\/p>\n<p><strong>General<\/strong><\/p>\n<p>En cumplimiento de la normativa de protecci\u00f3n de datos, la Entidad tratar\u00e1 los datos de car\u00e1cter personal aplicando las medidas t\u00e9cnicas, jur\u00eddicas, organizativas y de seguridad adecuadas, a efectos de garantizar la confidencialidad e integridad de la informaci\u00f3n que gestiona de acuerdo con lo establecido en la normativa vigente.<\/p>\n<p>Agradecemos que ponga en conocimiento del Responsable \/ Delegado de Protecci\u00f3n de Datos mediante los datos de contacto \/ Canal establecidos en la presente Pol\u00edtica de Privacidad, cualquier riesgo de seguridad, de los que tenga indicios o conocimiento, que pueda llegar a comprometer la integridad y confidencialidad de los datos de car\u00e1cter personal y\/o de informaci\u00f3n confidencial, a fin de poder adoptar las medidas necesarias para evitar su tratamiento no autorizado, p\u00e9rdida, destrucci\u00f3n o da\u00f1o accidental.<\/p>\n<p><strong>Ciberseguridad<\/strong><\/p>\n<p>Como concepto espec\u00edfico y complementario a lo anterior, la Entidad aplica medidas de ciberseguridad para prevenir y gestionar los posibles ataques y fraudes por parte de ciberdelincuentes que atentan contra la privacidad y protecci\u00f3n de los datos que nuestra Entidad trata y accede en el \u00e1mbito de sus actividades y operaciones.<\/p>\n<p>En este sentido, queremos alertar que ante posibles situaciones de riesgo por comunicaciones cuyo contenido y\/o formato generen dudas de autenticidad, recomendamos omitir las mismas y contactar con el Responsable \/ Delegado de Protecci\u00f3n de Datos a trav\u00e9s de los datos de contacto indicados en la presente Pol\u00edtica de Privacidad.<\/p>\n<p>Asimismo, cualquier solicitud que reciba con origen de nuestra Entidad sobre cambios de formas de pago, solicitud de datos o personas de contacto o de informaci\u00f3n confidencial (no p\u00fablica), datos bancarios y\/o de tarjetas de cr\u00e9dito y\/o otros datos oficiales, no debe ser atendida sin la confirmaci\u00f3n directa de nuestra Entidad por otro medio alternativo. Agradecemos y necesitamos de su colaboraci\u00f3n con la comunicaci\u00f3n y denuncia de cualquier notificaci\u00f3n en relaci\u00f3n a este tipo de solicitudes y otras posibles situaciones de riesgo de ciberataques en las que pueda ser utilizada nuestra Entidad, as\u00ed como por cualquier posible riesgo de seguridad que pudieran tener conocimiento.<\/p>\n<p><strong>Canal<\/strong><\/p>\n<p>La Entidad ha implementado un Canal, contemplando el m\u00e1s alto compromiso, rigor y profesionalidad en materia de seguridad, experiencia, independencia y conocimiento en el tratamiento de las comunicaciones recibidas.<\/p>\n<p>El Canal, que incluye el uso en el \u00e1mbito de Protecci\u00f3n de Datos, se ha instrumentado a trav\u00e9s de una plataforma web, desarrollada y gestionada por un experto externo independiente, para aportarles y garantizarles nuestros compromisos anteriores.<\/p>\n<p>A trav\u00e9s del Canal, <strong>podr\u00e1 comunicar y tramitar<\/strong> el ejercicio de sus <strong>Derechos<\/strong> (ver apartado anterior) y comunicar cualquier indicio o conocimiento que tuviera de <strong>posibles violaciones (brechas) de seguridad, ciberataques<\/strong> y\/o de <strong>posibles incumplimientos o irregularidades sobre la normativa de Protecci\u00f3n de Datos y la presente Pol\u00edtica<\/strong> de la Entidad.<\/p>\n<p>Los datos de acceso al Canal se detallan al inicio de la presente Pol\u00edtica.<\/p>\n<p><strong>Autoridad de control <\/strong><\/p>\n<p>En caso de divergencias con la Entidad en relaci\u00f3n con el tratamiento de sus datos, tiene derecho a presentar una reclamaci\u00f3n ante la Autoridad de Control de Protecci\u00f3n de Datos correspondiente. En Espa\u00f1a, dicha Autoridad es la Agencia Espa\u00f1ola de Protecci\u00f3n de Datos (<a href=\"http:\/\/www.aepd.es\/\">www.aepd.es<\/a>).<\/p>\n<p><strong>Atenci\u00f3n y soporte <\/strong><\/p>\n<p>Las personas interesadas podr\u00e1n comunicar a la Entidad cualquier duda sobre el tratamiento de sus datos de car\u00e1cter personal o interpretaci\u00f3n de nuestra Pol\u00edtica, contactando con el Responsable \/ Delegado de Protecci\u00f3n de Datos (RPD \/ DPD) en la direcci\u00f3n indicada al inicio de la presente Pol\u00edtica.<\/p>\n<p class=\"p11\"><b>D. RESPONSABILIDADES<\/b><\/p>\n<p class=\"p11\">Al poner a disposici\u00f3n del usuario esta p\u00e1gina Web queremos ofrecerle toda una serie de contenidos y servicios de calidad, utilizando la m\u00e1xima diligencia en la prestaci\u00f3n de los mismos as\u00ed como en los medios tecnol\u00f3gicos utilizados. No obstante, no responderemos de la presencia de virus y otros elementos que de alg\u00fan modo puedan da\u00f1ar el sistema inform\u00e1tico del usuario.<\/p>\n<p class=\"p11\">El USUARIO tiene prohibido cualquier tipo de acci\u00f3n sobre nuestro portal que origine una excesiva sobrecarga de funcionamiento a nuestros sistemas inform\u00e1ticos, as\u00ed como la introducci\u00f3n de virus, o instalaci\u00f3n de robots, o software que altere el normal funcionamiento de nuestra web, o en definitiva pueda causar da\u00f1os a nuestros sistemas inform\u00e1ticos.<\/p>\n<p class=\"p3\">El usuario asume toda la responsabilidad derivada del uso de nuestra p\u00e1gina web, siendo el \u00fanico responsable de todo efecto directo o indirecto que sobre la p\u00e1gina web se derive, incluyendo, de forma enunciativa y no limitativa, todo resultado econ\u00f3mico, t\u00e9cnico y\/o jur\u00eddico adverso, as\u00ed como la defraudaci\u00f3n de las expectativas generadas por nuestro portal, oblig\u00e1ndose el usuario a mantener indemne a <b>GERDREI, S.L. <\/b>por cualesquiera reclamaciones derivadas, directa o indirectamente de tales hechos.<\/p>\n<p class=\"p3\"><b>GERDREI, S.L. <\/b>queda exonerado de responsabilidad por cualquier reclamaci\u00f3n respecto a los derechos de propiedad intelectual de los art\u00edculos e im\u00e1genes publicadas en su portal, as\u00ed como, no garantiza la exactitud, veracidad y vigencia de los contenidos de esta p\u00e1gina web, ya sean propios, de terceros, o enlazables a otras web sites, quedando totalmente exonerada de cualquier responsabilidad derivada del uso de los mismos.<\/p>\n<p class=\"p3\"><b>GERDREI, S.L. <\/b>queda exonerada de cualquier responsabilidad derivada de cualquier reclamaci\u00f3n, incluido el pago de honorarios a abogados,<span class=\"Apple-converted-space\">\u00a0 <\/span>por las<span class=\"Apple-converted-space\">\u00a0 <\/span>demandas y reclamaciones originadas por terceros por el incumplimiento por parte del USUARIO de nuestras condiciones de uso, acceso y pol\u00edtica de privacidad, o cualesquiera otra reclamaci\u00f3n por el incumplimiento de la legislaci\u00f3n vigente.<\/p>\n<p class=\"p3\">El USUARIO reconoce que ha entendido toda la informaci\u00f3n respecto a las condiciones de uso de nuestro portal, y reconoce que son suficientes para la exclusi\u00f3n del error en las mismas, y por lo tanto, las acepta integra y expresamente.<\/p>\n<p class=\"p3\">El USUARIO es plenamente consciente de que la mera navegaci\u00f3n por la presente p\u00e1gina web, as\u00ed como la utilizaci\u00f3n de sus servicios, implica la aceptaci\u00f3n de las presentes condiciones de uso.<\/p>\n<p class=\"p5\">Todo lo referente a<span class=\"Apple-converted-space\">\u00a0 <\/span>nuestra p\u00e1gina web, se rige exclusivamente por las leyes espa\u00f1olas. En el caso de que se produzca cualquier tipo de discrepancia o diferencia entre las partes en relaci\u00f3n con la interpretaci\u00f3n y contenido de la presente p\u00e1gina web, todas las partes se someten, con renuncia expresa a cualquier otro fuero, a los Juzgados y Tribunales de la provincia de la ciudad donde se encuentra la sede central, arriba indicada.<\/p>\n<p class=\"p11\">Para cualquier cuesti\u00f3n respecto a las Condiciones de Uso de nuestra p\u00e1gina web puede ponerse en contacto con nosotros en los datos arriba indicados, o con nuestros asesores BONET consulting: <span class=\"s2\">www.bonetconsulting.com\/servicioslssi.html<\/span><\/p>\n","protected":false},"excerpt":{"rendered":"<p>En cumplimiento de la Ley 34\/2002 de Servicios de la Sociedad de la Informaci\u00f3n y de Comercio Electr\u00f3nico de Espa\u00f1a, le informamos que esta p\u00e1gina Web es propiedad de GERDREI, S.L. , en adelante\u00a0 GERDREI, S.L. , con domicilio en Ctra Molins de Rei, 4, con C.I.F. n\u00ba B64171051 e inscrita\u00a0 en el Registro \u00a0&hellip;<\/p>\n","protected":false},"author":1,"featured_media":0,"parent":0,"menu_order":0,"comment_status":"open","ping_status":"open","template":"","meta":{"footnotes":""},"class_list":["post-2694","page","type-page","status-publish","hentry","entry","no-media"],"yoast_head":"<!-- This site is optimized with the Yoast SEO plugin v26.4 - https:\/\/yoast.com\/wordpress\/plugins\/seo\/ -->\n<title>Nota legal (cast) - Resid\u00e8ncia d&#039;Estudiants l&#039;Estaci\u00f3 de Sabadell | Resest<\/title>\n<meta name=\"robots\" content=\"noindex, nofollow\" \/>\n<meta property=\"og:locale\" content=\"ca_ES\" \/>\n<meta property=\"og:type\" content=\"article\" \/>\n<meta property=\"og:title\" content=\"Nota legal (cast) - Resid\u00e8ncia d&#039;Estudiants l&#039;Estaci\u00f3 de Sabadell | Resest\" \/>\n<meta property=\"og:description\" content=\"En cumplimiento de la Ley 34\/2002 de Servicios de la Sociedad de la Informaci\u00f3n y de Comercio Electr\u00f3nico de Espa\u00f1a, le informamos que esta p\u00e1gina Web es propiedad de GERDREI, S.L. , en adelante\u00a0 GERDREI, S.L. , con domicilio en Ctra Molins de Rei, 4, con C.I.F. n\u00ba B64171051 e inscrita\u00a0 en el Registro \u00a0&hellip;\" \/>\n<meta property=\"og:url\" content=\"https:\/\/resest.com\/ca\/nota-legal-cast\/\" \/>\n<meta property=\"og:site_name\" content=\"Resid\u00e8ncia d&#039;Estudiants l&#039;Estaci\u00f3 de Sabadell | Resest\" \/>\n<meta property=\"article:modified_time\" content=\"2022-12-01T18:29:15+00:00\" \/>\n<meta name=\"twitter:label1\" content=\"Est. reading time\" \/>\n\t<meta name=\"twitter:data1\" content=\"16 minutes\" \/>\n<script type=\"application\/ld+json\" class=\"yoast-schema-graph\">{\"@context\":\"https:\/\/schema.org\",\"@graph\":[{\"@type\":\"WebPage\",\"@id\":\"https:\/\/resest.com\/ca\/nota-legal-cast\/\",\"url\":\"https:\/\/resest.com\/ca\/nota-legal-cast\/\",\"name\":\"Nota legal (cast) - Resid\u00e8ncia d&#039;Estudiants l&#039;Estaci\u00f3 de Sabadell | Resest\",\"isPartOf\":{\"@id\":\"https:\/\/resest.com\/ca\/#website\"},\"datePublished\":\"2015-01-27T11:56:13+00:00\",\"dateModified\":\"2022-12-01T18:29:15+00:00\",\"breadcrumb\":{\"@id\":\"https:\/\/resest.com\/ca\/nota-legal-cast\/#breadcrumb\"},\"inLanguage\":\"ca-ES\",\"potentialAction\":[{\"@type\":\"ReadAction\",\"target\":[\"https:\/\/resest.com\/ca\/nota-legal-cast\/\"]}]},{\"@type\":\"BreadcrumbList\",\"@id\":\"https:\/\/resest.com\/ca\/nota-legal-cast\/#breadcrumb\",\"itemListElement\":[{\"@type\":\"ListItem\",\"position\":1,\"name\":\"Inici\",\"item\":\"https:\/\/resest.com\/ca\/\"},{\"@type\":\"ListItem\",\"position\":2,\"name\":\"Nota legal (cast)\"}]},{\"@type\":\"WebSite\",\"@id\":\"https:\/\/resest.com\/ca\/#website\",\"url\":\"https:\/\/resest.com\/ca\/\",\"name\":\"Resid\u00e8ncia d&#039;Estudiants l&#039;Estaci\u00f3 de Sabadell | Resest\",\"description\":\"Prop de l\u2019Universitat Aut\u00f2noma de Barcelona (UAB)\",\"publisher\":{\"@id\":\"https:\/\/resest.com\/ca\/#organization\"},\"potentialAction\":[{\"@type\":\"SearchAction\",\"target\":{\"@type\":\"EntryPoint\",\"urlTemplate\":\"https:\/\/resest.com\/ca\/?s={search_term_string}\"},\"query-input\":{\"@type\":\"PropertyValueSpecification\",\"valueRequired\":true,\"valueName\":\"search_term_string\"}}],\"inLanguage\":\"ca-ES\"},{\"@type\":\"Organization\",\"@id\":\"https:\/\/resest.com\/ca\/#organization\",\"name\":\"Resid\u00e8ncia d&#039;Estudiants l&#039;Estaci\u00f3 de Sabadell | Resest\",\"url\":\"https:\/\/resest.com\/ca\/\",\"logo\":{\"@type\":\"ImageObject\",\"inLanguage\":\"ca-ES\",\"@id\":\"https:\/\/resest.com\/ca\/#\/schema\/logo\/image\/\",\"url\":\"https:\/\/resest.com\/wp-content\/uploads\/2024\/03\/Facana-1.jpg\",\"contentUrl\":\"https:\/\/resest.com\/wp-content\/uploads\/2024\/03\/Facana-1.jpg\",\"width\":1200,\"height\":1009,\"caption\":\"Resid\u00e8ncia d&#039;Estudiants l&#039;Estaci\u00f3 de Sabadell | Resest\"},\"image\":{\"@id\":\"https:\/\/resest.com\/ca\/#\/schema\/logo\/image\/\"}}]}<\/script>\n<!-- \/ Yoast SEO plugin. -->","yoast_head_json":{"title":"Nota legal (cast) - Resid\u00e8ncia d&#039;Estudiants l&#039;Estaci\u00f3 de Sabadell | Resest","robots":{"index":"noindex","follow":"nofollow"},"og_locale":"ca_ES","og_type":"article","og_title":"Nota legal (cast) - Resid\u00e8ncia d&#039;Estudiants l&#039;Estaci\u00f3 de Sabadell | Resest","og_description":"En cumplimiento de la Ley 34\/2002 de Servicios de la Sociedad de la Informaci\u00f3n y de Comercio Electr\u00f3nico de Espa\u00f1a, le informamos que esta p\u00e1gina Web es propiedad de GERDREI, S.L. , en adelante\u00a0 GERDREI, S.L. , con domicilio en Ctra Molins de Rei, 4, con C.I.F. n\u00ba B64171051 e inscrita\u00a0 en el Registro \u00a0&hellip;","og_url":"https:\/\/resest.com\/ca\/nota-legal-cast\/","og_site_name":"Resid\u00e8ncia d&#039;Estudiants l&#039;Estaci\u00f3 de Sabadell | Resest","article_modified_time":"2022-12-01T18:29:15+00:00","twitter_misc":{"Est. reading time":"16 minutes"},"schema":{"@context":"https:\/\/schema.org","@graph":[{"@type":"WebPage","@id":"https:\/\/resest.com\/ca\/nota-legal-cast\/","url":"https:\/\/resest.com\/ca\/nota-legal-cast\/","name":"Nota legal (cast) - Resid\u00e8ncia d&#039;Estudiants l&#039;Estaci\u00f3 de Sabadell | Resest","isPartOf":{"@id":"https:\/\/resest.com\/ca\/#website"},"datePublished":"2015-01-27T11:56:13+00:00","dateModified":"2022-12-01T18:29:15+00:00","breadcrumb":{"@id":"https:\/\/resest.com\/ca\/nota-legal-cast\/#breadcrumb"},"inLanguage":"ca-ES","potentialAction":[{"@type":"ReadAction","target":["https:\/\/resest.com\/ca\/nota-legal-cast\/"]}]},{"@type":"BreadcrumbList","@id":"https:\/\/resest.com\/ca\/nota-legal-cast\/#breadcrumb","itemListElement":[{"@type":"ListItem","position":1,"name":"Inici","item":"https:\/\/resest.com\/ca\/"},{"@type":"ListItem","position":2,"name":"Nota legal (cast)"}]},{"@type":"WebSite","@id":"https:\/\/resest.com\/ca\/#website","url":"https:\/\/resest.com\/ca\/","name":"Resid\u00e8ncia d&#039;Estudiants l&#039;Estaci\u00f3 de Sabadell | Resest","description":"Prop de l\u2019Universitat Aut\u00f2noma de Barcelona (UAB)","publisher":{"@id":"https:\/\/resest.com\/ca\/#organization"},"potentialAction":[{"@type":"SearchAction","target":{"@type":"EntryPoint","urlTemplate":"https:\/\/resest.com\/ca\/?s={search_term_string}"},"query-input":{"@type":"PropertyValueSpecification","valueRequired":true,"valueName":"search_term_string"}}],"inLanguage":"ca-ES"},{"@type":"Organization","@id":"https:\/\/resest.com\/ca\/#organization","name":"Resid\u00e8ncia d&#039;Estudiants l&#039;Estaci\u00f3 de Sabadell | Resest","url":"https:\/\/resest.com\/ca\/","logo":{"@type":"ImageObject","inLanguage":"ca-ES","@id":"https:\/\/resest.com\/ca\/#\/schema\/logo\/image\/","url":"https:\/\/resest.com\/wp-content\/uploads\/2024\/03\/Facana-1.jpg","contentUrl":"https:\/\/resest.com\/wp-content\/uploads\/2024\/03\/Facana-1.jpg","width":1200,"height":1009,"caption":"Resid\u00e8ncia d&#039;Estudiants l&#039;Estaci\u00f3 de Sabadell | Resest"},"image":{"@id":"https:\/\/resest.com\/ca\/#\/schema\/logo\/image\/"}}]}},"_links":{"self":[{"href":"https:\/\/resest.com\/ca\/wp-json\/wp\/v2\/pages\/2694","targetHints":{"allow":["GET"]}}],"collection":[{"href":"https:\/\/resest.com\/ca\/wp-json\/wp\/v2\/pages"}],"about":[{"href":"https:\/\/resest.com\/ca\/wp-json\/wp\/v2\/types\/page"}],"author":[{"embeddable":true,"href":"https:\/\/resest.com\/ca\/wp-json\/wp\/v2\/users\/1"}],"replies":[{"embeddable":true,"href":"https:\/\/resest.com\/ca\/wp-json\/wp\/v2\/comments?post=2694"}],"version-history":[{"count":0,"href":"https:\/\/resest.com\/ca\/wp-json\/wp\/v2\/pages\/2694\/revisions"}],"wp:attachment":[{"href":"https:\/\/resest.com\/ca\/wp-json\/wp\/v2\/media?parent=2694"}],"curies":[{"name":"wp","href":"https:\/\/api.w.org\/{rel}","templated":true}]}}