{"id":166,"date":"2015-01-15T09:54:18","date_gmt":"2015-01-15T08:54:18","guid":{"rendered":"http:\/\/resest.com\/?page_id=166"},"modified":"2023-03-16T10:05:47","modified_gmt":"2023-03-16T09:05:47","slug":"sollicitud-de-placa-residencia-estudiants-bellatera-barcelona","status":"publish","type":"page","link":"https:\/\/resest.com\/ca\/sollicitud-de-placa-residencia-estudiants-bellatera-barcelona\/","title":{"rendered":"Sol\u00b7licitud de pla\u00e7a"},"content":{"rendered":"<div class=\"wpb-content-wrapper\">[vc_row][vc_column][vc_single_image image=&#8221;171&#8243;][\/vc_column][\/vc_row][vc_row][vc_column width=&#8221;2\/3&#8243;][vc_raw_html]JTNDaWZyYW1lJTIwZnJhbWVib3JkZXIlM0QlMjIwJTIyJTIwc3R5bGUlM0QlMjJoZWlnaHQlM0EyMzAwcHglM0J3aWR0aCUzQTk5JTI1JTNCYm9yZGVyJTNBbm9uZSUzQiUyMiUyMHNyYyUzRCUyMmh0dHBzJTNBJTJGJTJGZm9ybXMuem9ob3B1YmxpYy5ldSUyRnJlc2VzdCUyRmZvcm0lMkZTb2xpY2l0dWRkZVBsYXphJTJGZm9ybXBlcm1hJTJGOVpWMmhWUGVScEs4WEs3NDdDTnpkSTVWZDRjY01Eb0Z1UzBMSlIyMDNnayUyMiUzRSUzQyUyRmlmcmFtZSUzRQ==[\/vc_raw_html][\/vc_column][vc_column width=&#8221;1\/3&#8243; el_class=&#8221;small-text&#8221;][vc_column_text]Si desitgeu compartir l\u2019habitaci\u00f3 amb alg\u00fa en concret o teniu alguna necessitat, prefer\u00e8ncia o dubte, indiqueu-ho a observacions.[\/vc_column_text][vc_column_text]Si voleu el Reglament de la Resid\u00e8ncia, nom\u00e9s cal que ho demaneu a l\u2019Administraci\u00f3 del propi centre.[\/vc_column_text][vc_column_text]Per a estades m\u00e9s curtes indiqueu-ho a observacions.[\/vc_column_text][\/vc_column][\/vc_row][vc_row disable_element=&#8221;yes&#8221;][vc_column width=&#8221;2\/3&#8243;][vc_column_text]<em>Formulari temporalment no disponible. Podeu contactar-nos a\u00a0<a href=\"mailto:info@resest.com\">info@resest.com<\/a><\/em>[\/vc_column_text][\/vc_column][vc_column width=&#8221;1\/3&#8243; el_class=&#8221;small-text&#8221;][vc_column_text]Si desitgeu compartir l\u2019habitaci\u00f3 amb alg\u00fa en concret o teniu alguna necessitat, prefer\u00e8ncia o dubte, indiqueu-ho a observacions.[\/vc_column_text][vc_column_text]Si voleu el Reglament de la Resid\u00e8ncia, nom\u00e9s cal que ho demaneu a l\u2019Administraci\u00f3 del propi centre.[\/vc_column_text][vc_column_text]Per a estades m\u00e9s curtes indiqueu-ho a observacions.[\/vc_column_text][\/vc_column][\/vc_row]\n<\/div>","protected":false},"excerpt":{"rendered":"<p>[vc_row][vc_column][vc_single_image image=&#8221;171&#8243;][\/vc_column][\/vc_row][vc_row][vc_column width=&#8221;2\/3&#8243;][vc_raw_html]JTNDaWZyYW1lJTIwZnJhbWVib3JkZXIlM0QlMjIwJTIyJTIwc3R5bGUlM0QlMjJoZWlnaHQlM0EyMzAwcHglM0J3aWR0aCUzQTk5JTI1JTNCYm9yZGVyJTNBbm9uZSUzQiUyMiUyMHNyYyUzRCUyMmh0dHBzJTNBJTJGJTJGZm9ybXMuem9ob3B1YmxpYy5ldSUyRnJlc2VzdCUyRmZvcm0lMkZTb2xpY2l0dWRkZVBsYXphJTJGZm9ybXBlcm1hJTJGOVpWMmhWUGVScEs4WEs3NDdDTnpkSTVWZDRjY01Eb0Z1UzBMSlIyMDNnayUyMiUzRSUzQyUyRmlmcmFtZSUzRQ==[\/vc_raw_html][\/vc_column][vc_column width=&#8221;1\/3&#8243; el_class=&#8221;small-text&#8221;][vc_column_text]Si desitgeu compartir l\u2019habitaci\u00f3 amb alg\u00fa en concret o teniu alguna necessitat, prefer\u00e8ncia o dubte, indiqueu-ho a observacions.[\/vc_column_text][vc_column_text]Si voleu el Reglament de la Resid\u00e8ncia, nom\u00e9s cal que ho demaneu a l\u2019Administraci\u00f3 del propi centre.[\/vc_column_text][vc_column_text]Per a estades m\u00e9s curtes indiqueu-ho a observacions.[\/vc_column_text][\/vc_column][\/vc_row][vc_row disable_element=&#8221;yes&#8221;][vc_column width=&#8221;2\/3&#8243;][vc_column_text]Formulari temporalment no disponible. Podeu contactar-nos a\u00a0info@resest.com[\/vc_column_text][\/vc_column][vc_column width=&#8221;1\/3&#8243; el_class=&#8221;small-text&#8221;][vc_column_text]Si&hellip;<\/p>\n","protected":false},"author":3,"featured_media":0,"parent":0,"menu_order":0,"comment_status":"closed","ping_status":"closed","template":"","meta":{"footnotes":""},"class_list":["post-166","page","type-page","status-publish","hentry","entry","no-media"],"yoast_head":"<!-- This site is optimized with the Yoast SEO plugin v26.4 - https:\/\/yoast.com\/wordpress\/plugins\/seo\/ -->\n<title>Sol\u00b7licita la teva pla\u00e7a a la Resid\u00e8ncia de Bellaterra - RESEST<\/title>\n<meta name=\"description\" content=\"En aquesta secci\u00f3 del web de Resest podr\u00e0s sol\u00b7licitar mitjan\u00e7ant formulari la teva pla\u00e7a a la resid\u00e8ncia d&#039;estudiants a Bellaterra, Barcelona i Sabadell.\" \/>\n<meta name=\"robots\" content=\"index, follow, max-snippet:-1, max-image-preview:large, max-video-preview:-1\" \/>\n<link rel=\"canonical\" href=\"https:\/\/resest.com\/ca\/sollicitud-de-placa-residencia-estudiants-bellatera-barcelona\/\" \/>\n<meta property=\"og:locale\" content=\"ca_ES\" \/>\n<meta property=\"og:type\" content=\"article\" \/>\n<meta property=\"og:title\" content=\"Sol\u00b7licita la teva pla\u00e7a a la Resid\u00e8ncia de Bellaterra - RESEST\" \/>\n<meta property=\"og:description\" content=\"En aquesta secci\u00f3 del web de Resest podr\u00e0s sol\u00b7licitar mitjan\u00e7ant formulari la teva pla\u00e7a a la resid\u00e8ncia d&#039;estudiants a Bellaterra, Barcelona i Sabadell.\" \/>\n<meta property=\"og:url\" content=\"https:\/\/resest.com\/ca\/sollicitud-de-placa-residencia-estudiants-bellatera-barcelona\/\" \/>\n<meta property=\"og:site_name\" content=\"Resid\u00e8ncia d&#039;Estudiants l&#039;Estaci\u00f3 de Sabadell | Resest\" \/>\n<meta property=\"article:modified_time\" content=\"2023-03-16T09:05:47+00:00\" \/>\n<meta name=\"twitter:label1\" content=\"Est. reading time\" \/>\n\t<meta name=\"twitter:data1\" content=\"1 minute\" \/>\n<script type=\"application\/ld+json\" class=\"yoast-schema-graph\">{\"@context\":\"https:\/\/schema.org\",\"@graph\":[{\"@type\":\"WebPage\",\"@id\":\"https:\/\/resest.com\/ca\/sollicitud-de-placa-residencia-estudiants-bellatera-barcelona\/\",\"url\":\"https:\/\/resest.com\/ca\/sollicitud-de-placa-residencia-estudiants-bellatera-barcelona\/\",\"name\":\"Sol\u00b7licita la teva pla\u00e7a a la Resid\u00e8ncia de Bellaterra - RESEST\",\"isPartOf\":{\"@id\":\"https:\/\/resest.com\/ca\/#website\"},\"datePublished\":\"2015-01-15T08:54:18+00:00\",\"dateModified\":\"2023-03-16T09:05:47+00:00\",\"description\":\"En aquesta secci\u00f3 del web de Resest podr\u00e0s sol\u00b7licitar mitjan\u00e7ant formulari la teva pla\u00e7a a la resid\u00e8ncia d'estudiants a Bellaterra, Barcelona i Sabadell.\",\"breadcrumb\":{\"@id\":\"https:\/\/resest.com\/ca\/sollicitud-de-placa-residencia-estudiants-bellatera-barcelona\/#breadcrumb\"},\"inLanguage\":\"ca-ES\",\"potentialAction\":[{\"@type\":\"ReadAction\",\"target\":[\"https:\/\/resest.com\/ca\/sollicitud-de-placa-residencia-estudiants-bellatera-barcelona\/\"]}]},{\"@type\":\"BreadcrumbList\",\"@id\":\"https:\/\/resest.com\/ca\/sollicitud-de-placa-residencia-estudiants-bellatera-barcelona\/#breadcrumb\",\"itemListElement\":[{\"@type\":\"ListItem\",\"position\":1,\"name\":\"Inici\",\"item\":\"https:\/\/resest.com\/ca\/\"},{\"@type\":\"ListItem\",\"position\":2,\"name\":\"Sol\u00b7licitud de pla\u00e7a\"}]},{\"@type\":\"WebSite\",\"@id\":\"https:\/\/resest.com\/ca\/#website\",\"url\":\"https:\/\/resest.com\/ca\/\",\"name\":\"Resid\u00e8ncia d&#039;Estudiants l&#039;Estaci\u00f3 de Sabadell | Resest\",\"description\":\"Prop de l\u2019Universitat Aut\u00f2noma de Barcelona (UAB)\",\"publisher\":{\"@id\":\"https:\/\/resest.com\/ca\/#organization\"},\"potentialAction\":[{\"@type\":\"SearchAction\",\"target\":{\"@type\":\"EntryPoint\",\"urlTemplate\":\"https:\/\/resest.com\/ca\/?s={search_term_string}\"},\"query-input\":{\"@type\":\"PropertyValueSpecification\",\"valueRequired\":true,\"valueName\":\"search_term_string\"}}],\"inLanguage\":\"ca-ES\"},{\"@type\":\"Organization\",\"@id\":\"https:\/\/resest.com\/ca\/#organization\",\"name\":\"Resid\u00e8ncia d&#039;Estudiants l&#039;Estaci\u00f3 de Sabadell | Resest\",\"url\":\"https:\/\/resest.com\/ca\/\",\"logo\":{\"@type\":\"ImageObject\",\"inLanguage\":\"ca-ES\",\"@id\":\"https:\/\/resest.com\/ca\/#\/schema\/logo\/image\/\",\"url\":\"https:\/\/resest.com\/wp-content\/uploads\/2024\/03\/Facana-1.jpg\",\"contentUrl\":\"https:\/\/resest.com\/wp-content\/uploads\/2024\/03\/Facana-1.jpg\",\"width\":1200,\"height\":1009,\"caption\":\"Resid\u00e8ncia d&#039;Estudiants l&#039;Estaci\u00f3 de Sabadell | Resest\"},\"image\":{\"@id\":\"https:\/\/resest.com\/ca\/#\/schema\/logo\/image\/\"}}]}<\/script>\n<!-- \/ Yoast SEO plugin. -->","yoast_head_json":{"title":"Sol\u00b7licita la teva pla\u00e7a a la Resid\u00e8ncia de Bellaterra - RESEST","description":"En aquesta secci\u00f3 del web de Resest podr\u00e0s sol\u00b7licitar mitjan\u00e7ant formulari la teva pla\u00e7a a la resid\u00e8ncia d'estudiants a Bellaterra, Barcelona i Sabadell.","robots":{"index":"index","follow":"follow","max-snippet":"max-snippet:-1","max-image-preview":"max-image-preview:large","max-video-preview":"max-video-preview:-1"},"canonical":"https:\/\/resest.com\/ca\/sollicitud-de-placa-residencia-estudiants-bellatera-barcelona\/","og_locale":"ca_ES","og_type":"article","og_title":"Sol\u00b7licita la teva pla\u00e7a a la Resid\u00e8ncia de Bellaterra - RESEST","og_description":"En aquesta secci\u00f3 del web de Resest podr\u00e0s sol\u00b7licitar mitjan\u00e7ant formulari la teva pla\u00e7a a la resid\u00e8ncia d'estudiants a Bellaterra, Barcelona i Sabadell.","og_url":"https:\/\/resest.com\/ca\/sollicitud-de-placa-residencia-estudiants-bellatera-barcelona\/","og_site_name":"Resid\u00e8ncia d&#039;Estudiants l&#039;Estaci\u00f3 de Sabadell | Resest","article_modified_time":"2023-03-16T09:05:47+00:00","twitter_misc":{"Est. reading time":"1 minute"},"schema":{"@context":"https:\/\/schema.org","@graph":[{"@type":"WebPage","@id":"https:\/\/resest.com\/ca\/sollicitud-de-placa-residencia-estudiants-bellatera-barcelona\/","url":"https:\/\/resest.com\/ca\/sollicitud-de-placa-residencia-estudiants-bellatera-barcelona\/","name":"Sol\u00b7licita la teva pla\u00e7a a la Resid\u00e8ncia de Bellaterra - RESEST","isPartOf":{"@id":"https:\/\/resest.com\/ca\/#website"},"datePublished":"2015-01-15T08:54:18+00:00","dateModified":"2023-03-16T09:05:47+00:00","description":"En aquesta secci\u00f3 del web de Resest podr\u00e0s sol\u00b7licitar mitjan\u00e7ant formulari la teva pla\u00e7a a la resid\u00e8ncia d'estudiants a Bellaterra, Barcelona i Sabadell.","breadcrumb":{"@id":"https:\/\/resest.com\/ca\/sollicitud-de-placa-residencia-estudiants-bellatera-barcelona\/#breadcrumb"},"inLanguage":"ca-ES","potentialAction":[{"@type":"ReadAction","target":["https:\/\/resest.com\/ca\/sollicitud-de-placa-residencia-estudiants-bellatera-barcelona\/"]}]},{"@type":"BreadcrumbList","@id":"https:\/\/resest.com\/ca\/sollicitud-de-placa-residencia-estudiants-bellatera-barcelona\/#breadcrumb","itemListElement":[{"@type":"ListItem","position":1,"name":"Inici","item":"https:\/\/resest.com\/ca\/"},{"@type":"ListItem","position":2,"name":"Sol\u00b7licitud de pla\u00e7a"}]},{"@type":"WebSite","@id":"https:\/\/resest.com\/ca\/#website","url":"https:\/\/resest.com\/ca\/","name":"Resid\u00e8ncia d&#039;Estudiants l&#039;Estaci\u00f3 de Sabadell | Resest","description":"Prop de l\u2019Universitat Aut\u00f2noma de Barcelona (UAB)","publisher":{"@id":"https:\/\/resest.com\/ca\/#organization"},"potentialAction":[{"@type":"SearchAction","target":{"@type":"EntryPoint","urlTemplate":"https:\/\/resest.com\/ca\/?s={search_term_string}"},"query-input":{"@type":"PropertyValueSpecification","valueRequired":true,"valueName":"search_term_string"}}],"inLanguage":"ca-ES"},{"@type":"Organization","@id":"https:\/\/resest.com\/ca\/#organization","name":"Resid\u00e8ncia d&#039;Estudiants l&#039;Estaci\u00f3 de Sabadell | Resest","url":"https:\/\/resest.com\/ca\/","logo":{"@type":"ImageObject","inLanguage":"ca-ES","@id":"https:\/\/resest.com\/ca\/#\/schema\/logo\/image\/","url":"https:\/\/resest.com\/wp-content\/uploads\/2024\/03\/Facana-1.jpg","contentUrl":"https:\/\/resest.com\/wp-content\/uploads\/2024\/03\/Facana-1.jpg","width":1200,"height":1009,"caption":"Resid\u00e8ncia d&#039;Estudiants l&#039;Estaci\u00f3 de Sabadell | Resest"},"image":{"@id":"https:\/\/resest.com\/ca\/#\/schema\/logo\/image\/"}}]}},"_links":{"self":[{"href":"https:\/\/resest.com\/ca\/wp-json\/wp\/v2\/pages\/166","targetHints":{"allow":["GET"]}}],"collection":[{"href":"https:\/\/resest.com\/ca\/wp-json\/wp\/v2\/pages"}],"about":[{"href":"https:\/\/resest.com\/ca\/wp-json\/wp\/v2\/types\/page"}],"author":[{"embeddable":true,"href":"https:\/\/resest.com\/ca\/wp-json\/wp\/v2\/users\/3"}],"replies":[{"embeddable":true,"href":"https:\/\/resest.com\/ca\/wp-json\/wp\/v2\/comments?post=166"}],"version-history":[{"count":0,"href":"https:\/\/resest.com\/ca\/wp-json\/wp\/v2\/pages\/166\/revisions"}],"wp:attachment":[{"href":"https:\/\/resest.com\/ca\/wp-json\/wp\/v2\/media?parent=166"}],"curies":[{"name":"wp","href":"https:\/\/api.w.org\/{rel}","templated":true}]}}